{"id":742,"date":"2019-02-28T23:09:48","date_gmt":"2019-03-01T06:09:48","guid":{"rendered":"http:\/\/fts.uas.edu.mx\/?page_id=742"},"modified":"2023-06-29T12:52:45","modified_gmt":"2023-06-29T19:52:45","slug":"educacion-continua","status":"publish","type":"page","link":"https:\/\/fts.uas.edu.mx\/?page_id=742","title":{"rendered":"EDUCACI\u00d3N CONTINUA"},"content":{"rendered":"<h4><span style=\"color: #000000;\">CAMPOS DE DESARROLLO PROFESIONAL<\/span><\/h4>\n<h4 style=\"padding-left: 40px;\"><span style=\"color: #000000;\"><strong>TRADICIONALES<\/strong><\/span><\/h4>\n<ul>\n<li style=\"list-style-type: none;\">\n<ul>\n<li><span style=\"color: #000000;\">Asistencia Social.<\/span><\/li>\n<li><span style=\"color: #000000;\">Salud.<\/span><\/li>\n<li><span style=\"color: #000000;\">Educaci\u00f3n.<\/span><\/li>\n<li><span style=\"color: #000000;\">Penitenciaria.<\/span><\/li>\n<li><span style=\"color: #000000;\">Desarrollo Comunitario.<\/span><\/li>\n<li><span style=\"color: #000000;\">Vivienda<\/span><\/li>\n<\/ul>\n<\/li>\n<\/ul>\n<h4 style=\"padding-left: 40px;\"><span style=\"color: #000000;\">POTENCIALES<\/span><\/h4>\n<ul>\n<li style=\"list-style-type: none;\">\n<ul>\n<li><span style=\"color: #000000;\">Empresarial.<\/span><\/li>\n<li><span style=\"color: #000000;\">Promoci\u00f3n Social.<\/span><\/li>\n<li><span style=\"color: #000000;\">Procuraci\u00f3n de Justicia.<\/span><\/li>\n<li><span style=\"color: #000000;\">Urbanismo.<\/span><\/li>\n<li><span style=\"color: #000000;\">Investigaci\u00f3n.<\/span><\/li>\n<li><span style=\"color: #000000;\">Capacitaci\u00f3n y Desarrollo en RH.<\/span><\/li>\n<\/ul>\n<\/li>\n<\/ul>\n<h4 style=\"padding-left: 40px;\"><span style=\"color: #000000;\">EMERGENTES<\/span><\/h4>\n<ul>\n<li style=\"list-style-type: none;\">\n<ul>\n<li><span style=\"color: #000000;\">Medio Ambiente.<\/span><\/li>\n<li><span style=\"color: #000000;\">Situaci\u00f3n de Riesgo o Desastre.<\/span><\/li>\n<li><span style=\"color: #000000;\">Desarrollo Municipal y Regional.<\/span><\/li>\n<li><span style=\"color: #000000;\">Grupos Vulnerables.<\/span><\/li>\n<li><span style=\"color: #000000;\">Derechos Humanos.<\/span><\/li>\n<\/ul>\n<\/li>\n<\/ul>\n<h4><span style=\"color: #000000;\">ALGUNAS DE LAS ACTIVIDADES QUE REALIZA<\/span><\/h4>\n<ul>\n<li style=\"list-style-type: none;\">\n<ul>\n<li><span style=\"color: #000000;\">Ejecuta y administra programas de bienestar social.<\/span><\/li>\n<li><span style=\"color: #000000;\">Identifica y canaliza problemas individuales.<\/span><\/li>\n<li><span style=\"color: #000000;\">Organiza grupos sociales.<\/span><\/li>\n<li><span style=\"color: #000000;\">Dise\u00f1a y ejecuta programas de desarrollo comunitario.<\/span><\/li>\n<li><span style=\"color: #000000;\">Etc.<\/span><\/li>\n<\/ul>\n<\/li>\n<\/ul>\n<h4><span style=\"color: #000000;\">HORARIO DE CLASES:<\/span><\/h4>\n<ul>\n<li style=\"list-style-type: none;\">\n<ul>\n<li><span style=\"color: #000000;\">S\u00e1bados y Domingos\u00a0de 8:00 am a 3:00 pm y un s\u00e1bado cada quince d\u00edas su horario ser\u00e1 de 8:00 am a 4:00 pm.<\/span><\/li>\n<li><span style=\"color: #000000;\">Una materia se cursa en\u00a0<strong><em>tres fines de Semana.<\/em><\/strong><\/span><\/li>\n<\/ul>\n<\/li>\n<\/ul>\n<h4><\/h4>\n<h4>Info. de contacto<\/h4>\n<p><strong>CORREO<\/strong>: <a href=\"mailto:educacontinuats2023@gmail.com\">educacontinuats2023@gmail.com<\/a><\/p>\n<p><strong>TELEFONO: <\/strong>7-12-92-93<\/p>\n<p><strong>Horario de atenci\u00f3n:<\/strong><\/p>\n<p>Lunes a viernes de 9:00 am a 5:00 pm.<\/p>\n<p>S\u00e1bados y domingos de 8:00 am a 2:00 pm<\/p>\n","protected":false},"excerpt":{"rendered":"<p>CAMPOS DE DESARROLLO PROFESIONAL TRADICIONALES Asistencia Social. Salud. Educaci\u00f3n. Penitenciaria. Desarrollo Comunitario. Vivienda POTENCIALES Empresarial. Promoci\u00f3n Social. Procuraci\u00f3n de Justicia. Urbanismo. Investigaci\u00f3n. Capacitaci\u00f3n y Desarrollo en RH. EMERGENTES Medio Ambiente. Situaci\u00f3n de Riesgo o Desastre. Desarrollo Municipal y Regional. Grupos Vulnerables. Derechos Humanos. ALGUNAS DE LAS ACTIVIDADES QUE REALIZA Ejecuta y administra programas de bienestar&hellip; <br \/> <a class=\"read-more\" href=\"https:\/\/fts.uas.edu.mx\/?page_id=742\">Leer m\u00e1s<\/a><\/p>\n","protected":false},"author":4,"featured_media":0,"parent":0,"menu_order":0,"comment_status":"closed","ping_status":"closed","template":"","meta":{"_vp_format_video_url":"","_vp_image_focal_point":[],"footnotes":""},"class_list":["post-742","page","type-page","status-publish","hentry"],"_links":{"self":[{"href":"https:\/\/fts.uas.edu.mx\/index.php?rest_route=\/wp\/v2\/pages\/742","targetHints":{"allow":["GET"]}}],"collection":[{"href":"https:\/\/fts.uas.edu.mx\/index.php?rest_route=\/wp\/v2\/pages"}],"about":[{"href":"https:\/\/fts.uas.edu.mx\/index.php?rest_route=\/wp\/v2\/types\/page"}],"author":[{"embeddable":true,"href":"https:\/\/fts.uas.edu.mx\/index.php?rest_route=\/wp\/v2\/users\/4"}],"replies":[{"embeddable":true,"href":"https:\/\/fts.uas.edu.mx\/index.php?rest_route=%2Fwp%2Fv2%2Fcomments&post=742"}],"version-history":[{"count":11,"href":"https:\/\/fts.uas.edu.mx\/index.php?rest_route=\/wp\/v2\/pages\/742\/revisions"}],"predecessor-version":[{"id":2485,"href":"https:\/\/fts.uas.edu.mx\/index.php?rest_route=\/wp\/v2\/pages\/742\/revisions\/2485"}],"wp:attachment":[{"href":"https:\/\/fts.uas.edu.mx\/index.php?rest_route=%2Fwp%2Fv2%2Fmedia&parent=742"}],"curies":[{"name":"wp","href":"https:\/\/api.w.org\/{rel}","templated":true}]}}