{"id":729,"date":"2019-02-28T23:07:06","date_gmt":"2019-03-01T06:07:06","guid":{"rendered":"http:\/\/fts.uas.edu.mx\/?page_id=729"},"modified":"2023-06-29T12:55:46","modified_gmt":"2023-06-29T19:55:46","slug":"maestria","status":"publish","type":"page","link":"https:\/\/fts.uas.edu.mx\/?page_id=729","title":{"rendered":"MAESTR\u00cdA"},"content":{"rendered":"\t\t<div data-elementor-type=\"wp-page\" data-elementor-id=\"729\" class=\"elementor elementor-729\">\n\t\t\t\t\t\t<section class=\"elementor-section elementor-top-section elementor-element elementor-element-b9ab2d6 elementor-section-full_width elementor-section-height-default elementor-section-height-default\" data-id=\"b9ab2d6\" data-element_type=\"section\">\n\t\t\t\t\t\t<div class=\"elementor-container elementor-column-gap-default\">\n\t\t\t\t\t<div class=\"elementor-column elementor-col-100 elementor-top-column elementor-element elementor-element-59d116c2\" data-id=\"59d116c2\" data-element_type=\"column\">\n\t\t\t<div class=\"elementor-widget-wrap elementor-element-populated\">\n\t\t\t\t\t\t<div class=\"elementor-element elementor-element-18aeb7da animated-slow elementor-invisible elementor-widget elementor-widget-shortcode\" data-id=\"18aeb7da\" data-element_type=\"widget\" data-settings=\"{&quot;_animation&quot;:&quot;fadeIn&quot;}\" data-widget_type=\"shortcode.default\">\n\t\t\t\t<div class=\"elementor-widget-container\">\n\t\t\t\t\t\t\t<div class=\"elementor-shortcode\">\t\t\t\t\t\t<style>\r\n\t\t\t\t\r\n\t\t\t\t\t#tab_container_1042 {\r\n\toverflow:hidden;\r\n\tdisplay:block;\r\n\twidth:100%;\r\n\tborder:0px solid #ddd;\r\n\tmargin-bottom:30px;\r\n\t}\r\n\r\n#tab_container_1042 .tab-content{\r\n\tpadding:20px;\r\n\tborder: 1px solid #e6e6e6 !important;\r\n\tmargin-top: 0px;\r\n\tbackground-color:#ffffff !important;\r\n\tcolor: #000000 !important;\r\n\tfont-size:16px !important;\r\n\tfont-family: Open Sans !important;\r\n\t\r\n\t\t\tborder: 0px solid #e6e6e6 !important;\r\n\t\t\r\n\t}\r\n#tab_container_1042 .wpsm_nav-tabs {\r\n    border-bottom: 0px solid #ddd;\r\n}\r\n#tab_container_1042 .wpsm_nav-tabs > li.active > a, #tab_container_1042 .wpsm_nav-tabs > li.active > a:hover, #tab_container_1042 .wpsm_nav-tabs > li.active > a:focus {\r\n\tcolor: #dbdbdb !important;\r\n\tcursor: default;\r\n\tbackground-color: #749bbf !important;\r\n\tborder: 1px solid #5b82a6 !important;\r\n}\r\n\r\n#tab_container_1042 .wpsm_nav-tabs > li > a {\r\n    margin-right: 0px !important; \r\n    line-height: 1.42857143 !important;\r\n    border: 1px solid #1a68ac !important;\r\n    border-radius: 0px 0px 0 0 !important; \r\n\tbackground-color: #2d7bbf !important;\r\n\tcolor: #ffffff !important;\r\n\tpadding: 15px 18px 15px 18px !important;\r\n\ttext-decoration: none !important;\r\n\tfont-size: 11px !important;\r\n\ttext-align:center !important;\r\n\tfont-family: Open Sans !important;\r\n}\r\n#tab_container_1042 .wpsm_nav-tabs > li > a:focus {\r\noutline: 0px !important;\r\n}\r\n\r\n#tab_container_1042 .wpsm_nav-tabs > li > a:before {\r\n\tdisplay:none !important;\r\n}\r\n#tab_container_1042 .wpsm_nav-tabs > li > a:after {\r\n\tdisplay:none !important ;\r\n}\r\n#tab_container_1042 .wpsm_nav-tabs > li{\r\npadding:0px !important ;\r\nmargin:0px;\r\n}\r\n\r\n#tab_container_1042 .wpsm_nav-tabs > li > a:hover , #tab_container_1042 .wpsm_nav-tabs > li > a:focus {\r\n    color: #ffffff !important;\r\n    background-color: #2d7bbf !important;\r\n\tborder: 1px solid #1a68ac !important;\r\n\t\r\n}\r\n#tab_container_1042 .wpsm_nav-tabs > li > a .fa{\r\n\r\nmargin-right:5px !important;\r\n\r\nmargin-left:5px !important;\r\n\r\n\r\n}\r\n\r\n\t\t#tab_container_1042 .wpsm_nav-tabs a{\r\n\t\t\tbackground-image: url(https:\/\/fts.uas.edu.mx\/wp-content\/plugins\/tabs-responsive\/assets\/images\/style-soft.png);\r\n\t\t\tbackground-position: 0 0;\r\n\t\t\tbackground-repeat: repeat-x;\r\n\t\t}\r\n\t\t\t\r\n\r\n\r\n#tab_container_1042 .wpsm_nav-tabs > li {\r\n    float: left;\r\n    margin-bottom: -1px !important;\r\n\tmargin-right:0px !important; \r\n}\r\n\r\n\r\n#tab_container_1042 .tab-content{\r\noverflow:hidden !important;\r\n}\r\n\r\n\r\n@media (min-width: 769px) {\r\n\r\n\t#tab_container_1042 .wpsm_nav-tabs > li{\r\n\t\tfloat:left !important ;\r\n\t\t\t\tmargin-right:-1px !important;\r\n\t\t\t\t\t}\r\n\t#tab_container_1042 .wpsm_nav-tabs{\r\n\t\tfloat:none !important;\r\n\t\tmargin:0px !important;\r\n\t}\r\n\r\n\t#tab_container_1042 .wpsm_nav-tabs > li {\r\n\t\t\t\t\r\n\t}\r\n\t#tab_container_1042 .wpsm_nav{\r\n\t\t\t}\r\n\r\n}\r\n\r\n\r\n\r\n@media (max-width: 768px) {\r\n\t#tab_container_1042 .wpsm_nav-tabs > li {\r\n\t\t\t\t\r\n\t}\r\n\t#tab_container_1042 .wpsm_nav{\r\n\t\t\t}\r\n}\r\n\r\n\r\n\t.wpsm_nav-tabs li:before{\r\n\t\tdisplay:none !important;\r\n\t}\r\n\r\n\t@media (max-width: 768px) {\r\n\t\t\t\t\r\n\t\t\t\t\t\r\n\t\t\t#tab_container_1042 .wpsm_nav-tabs  li  a  i{\r\n\t\t\t\tdisplay: none !important;\r\n\t\t\t}\r\n\t\t\t\r\n\t\t\t\t.wpsm_nav-tabs{\r\n\t\t\tmargin-left:0px !important;\r\n\t\t\tmargin-right:0px !important; \r\n\t\t\t\r\n\t\t}\r\n\t\t\t\t\t\r\n\t\t\t#tab_container_1042 .wpsm_nav-tabs > li {\r\n\t\t\t\t\t\t\r\n\t\t\t}\r\n\t\t\t\r\n\t\t\t\t\t\t\r\n\t\t\t\r\n\t}\t\t\t\t<\/style>\r\n\t\t\t\t<div id=\"tab_container_1042\" >\r\n\t \r\n\t\t\t\t\t<ul class=\"wpsm_nav wpsm_nav-tabs\" role=\"tablist\" id=\"myTab_1042\">\r\n\t\t\t\t\t\t\t\r\n\t\t\t\t\t\t\t<li role=\"presentation\"  class=\"active\"  onclick=\"do_resize()\">\r\n\t\t\t\t\t\t\t\t<a href=\"#tabs_desc_1042_1\" aria-controls=\"tabs_desc_1042_1\" role=\"tab\" data-toggle=\"tab\">\r\n\t\t\t\t\t\t\t\t\t\r\n\t\t\t\t\t\t\t\t\t\t\t\t\t\t\t\t\t\t\t\t\t\t\t\t\t\t\t\t\r\n\t\t\t\t\t\t\t\t\t\t\t\t\t\t\t\t\t\t\r\n\t\t\t\t\t\t\t\t\t<span>Presentacion<\/span>\r\n\t\t\t\t\t\t\t\t\t\r\n\t\t\t\t\t\t\t\t\t\t\t\t\t\t\t\t\t\t\r\n\t\t\t\t\t\t\t\t\t\t\t\t\t\t\t\t\t\t\t\t\r\n\t\t\t\t\t\t\t\t\t\r\n\t\t\t\t\t\t\t\t<\/a>\r\n\t\t\t\t\t\t\t<\/li>\r\n\t\t\t\t\t\t\t\r\n\t\t\t\t\t\t\t<li role=\"presentation\"  onclick=\"do_resize()\">\r\n\t\t\t\t\t\t\t\t<a href=\"#tabs_desc_1042_2\" aria-controls=\"tabs_desc_1042_2\" role=\"tab\" data-toggle=\"tab\">\r\n\t\t\t\t\t\t\t\t\t\r\n\t\t\t\t\t\t\t\t\t\t\t\t\t\t\t\t\t\t\t\t\t\t\t\t\t\t\t\t\r\n\t\t\t\t\t\t\t\t\t\t\t\t\t\t\t\t\t\t\r\n\t\t\t\t\t\t\t\t\t<span>Objetivos<\/span>\r\n\t\t\t\t\t\t\t\t\t\r\n\t\t\t\t\t\t\t\t\t\t\t\t\t\t\t\t\t\t\r\n\t\t\t\t\t\t\t\t\t\t\t\t\t\t\t\t\t\t\t\t\r\n\t\t\t\t\t\t\t\t\t\r\n\t\t\t\t\t\t\t\t<\/a>\r\n\t\t\t\t\t\t\t<\/li>\r\n\t\t\t\t\t\t\t\r\n\t\t\t\t\t\t\t<li role=\"presentation\"  onclick=\"do_resize()\">\r\n\t\t\t\t\t\t\t\t<a href=\"#tabs_desc_1042_3\" aria-controls=\"tabs_desc_1042_3\" role=\"tab\" data-toggle=\"tab\">\r\n\t\t\t\t\t\t\t\t\t\r\n\t\t\t\t\t\t\t\t\t\t\t\t\t\t\t\t\t\t\t\t\t\t\t\t\t\t\t\t\r\n\t\t\t\t\t\t\t\t\t\t\t\t\t\t\t\t\t\t\r\n\t\t\t\t\t\t\t\t\t<span>Plan de Estudios<\/span>\r\n\t\t\t\t\t\t\t\t\t\r\n\t\t\t\t\t\t\t\t\t\t\t\t\t\t\t\t\t\t\r\n\t\t\t\t\t\t\t\t\t\t\t\t\t\t\t\t\t\t\t\t\r\n\t\t\t\t\t\t\t\t\t\r\n\t\t\t\t\t\t\t\t<\/a>\r\n\t\t\t\t\t\t\t<\/li>\r\n\t\t\t\t\t\t\t\r\n\t\t\t\t\t\t\t<li role=\"presentation\"  onclick=\"do_resize()\">\r\n\t\t\t\t\t\t\t\t<a href=\"#tabs_desc_1042_4\" aria-controls=\"tabs_desc_1042_4\" role=\"tab\" data-toggle=\"tab\">\r\n\t\t\t\t\t\t\t\t\t\r\n\t\t\t\t\t\t\t\t\t\t\t\t\t\t\t\t\t\t\t\t\t\t\t\t\t\t\t\t\r\n\t\t\t\t\t\t\t\t\t\t\t\t\t\t\t\t\t\t\r\n\t\t\t\t\t\t\t\t\t<span>Perfil de Ingreso<\/span>\r\n\t\t\t\t\t\t\t\t\t\r\n\t\t\t\t\t\t\t\t\t\t\t\t\t\t\t\t\t\t\r\n\t\t\t\t\t\t\t\t\t\t\t\t\t\t\t\t\t\t\t\t\r\n\t\t\t\t\t\t\t\t\t\r\n\t\t\t\t\t\t\t\t<\/a>\r\n\t\t\t\t\t\t\t<\/li>\r\n\t\t\t\t\t\t\t\r\n\t\t\t\t\t\t\t<li role=\"presentation\"  onclick=\"do_resize()\">\r\n\t\t\t\t\t\t\t\t<a href=\"#tabs_desc_1042_5\" aria-controls=\"tabs_desc_1042_5\" role=\"tab\" data-toggle=\"tab\">\r\n\t\t\t\t\t\t\t\t\t\r\n\t\t\t\t\t\t\t\t\t\t\t\t\t\t\t\t\t\t\t\t\t\t\t\t\t\t\t\t\r\n\t\t\t\t\t\t\t\t\t\t\t\t\t\t\t\t\t\t\r\n\t\t\t\t\t\t\t\t\t<span>Proceso de Admisi\u00f3n<\/span>\r\n\t\t\t\t\t\t\t\t\t\r\n\t\t\t\t\t\t\t\t\t\t\t\t\t\t\t\t\t\t\r\n\t\t\t\t\t\t\t\t\t\t\t\t\t\t\t\t\t\t\t\t\r\n\t\t\t\t\t\t\t\t\t\r\n\t\t\t\t\t\t\t\t<\/a>\r\n\t\t\t\t\t\t\t<\/li>\r\n\t\t\t\t\t\t\t\r\n\t\t\t\t\t\t\t<li role=\"presentation\"  onclick=\"do_resize()\">\r\n\t\t\t\t\t\t\t\t<a href=\"#tabs_desc_1042_6\" aria-controls=\"tabs_desc_1042_6\" role=\"tab\" data-toggle=\"tab\">\r\n\t\t\t\t\t\t\t\t\t\r\n\t\t\t\t\t\t\t\t\t\t\t\t\t\t\t\t\t\t\t\t\t\t\t\t\t\t\t\t\r\n\t\t\t\t\t\t\t\t\t\t\t\t\t\t\t\t\t\t\r\n\t\t\t\t\t\t\t\t\t<span>Convocatoria<\/span>\r\n\t\t\t\t\t\t\t\t\t\r\n\t\t\t\t\t\t\t\t\t\t\t\t\t\t\t\t\t\t\r\n\t\t\t\t\t\t\t\t\t\t\t\t\t\t\t\t\t\t\t\t\r\n\t\t\t\t\t\t\t\t\t\r\n\t\t\t\t\t\t\t\t<\/a>\r\n\t\t\t\t\t\t\t<\/li>\r\n\t\t\t\t\t\t\t\r\n\t\t\t\t\t\t\t<li role=\"presentation\"  onclick=\"do_resize()\">\r\n\t\t\t\t\t\t\t\t<a href=\"#tabs_desc_1042_7\" aria-controls=\"tabs_desc_1042_7\" role=\"tab\" data-toggle=\"tab\">\r\n\t\t\t\t\t\t\t\t\t\r\n\t\t\t\t\t\t\t\t\t\t\t\t\t\t\t\t\t\t\t\t\t\t\t\t\t\t\t\t\r\n\t\t\t\t\t\t\t\t\t\t\t\t\t\t\t\t\t\t\r\n\t\t\t\t\t\t\t\t\t<span>LGAC<\/span>\r\n\t\t\t\t\t\t\t\t\t\r\n\t\t\t\t\t\t\t\t\t\t\t\t\t\t\t\t\t\t\r\n\t\t\t\t\t\t\t\t\t\t\t\t\t\t\t\t\t\t\t\t\r\n\t\t\t\t\t\t\t\t\t\r\n\t\t\t\t\t\t\t\t<\/a>\r\n\t\t\t\t\t\t\t<\/li>\r\n\t\t\t\t\t\t\t\r\n\t\t\t\t\t\t\t<li role=\"presentation\"  onclick=\"do_resize()\">\r\n\t\t\t\t\t\t\t\t<a href=\"#tabs_desc_1042_8\" aria-controls=\"tabs_desc_1042_8\" role=\"tab\" data-toggle=\"tab\">\r\n\t\t\t\t\t\t\t\t\t\r\n\t\t\t\t\t\t\t\t\t\t\t\t\t\t\t\t\t\t\t\t\t\t\t\t\t\t\t\t\r\n\t\t\t\t\t\t\t\t\t\t\t\t\t\t\t\t\t\t\r\n\t\t\t\t\t\t\t\t\t<span>NAB<\/span>\r\n\t\t\t\t\t\t\t\t\t\r\n\t\t\t\t\t\t\t\t\t\t\t\t\t\t\t\t\t\t\r\n\t\t\t\t\t\t\t\t\t\t\t\t\t\t\t\t\t\t\t\t\r\n\t\t\t\t\t\t\t\t\t\r\n\t\t\t\t\t\t\t\t<\/a>\r\n\t\t\t\t\t\t\t<\/li>\r\n\t\t\t\t\t\t\t\r\n\t\t\t\t\t\t\t<li role=\"presentation\"  onclick=\"do_resize()\">\r\n\t\t\t\t\t\t\t\t<a href=\"#tabs_desc_1042_9\" aria-controls=\"tabs_desc_1042_9\" role=\"tab\" data-toggle=\"tab\">\r\n\t\t\t\t\t\t\t\t\t\r\n\t\t\t\t\t\t\t\t\t\t\t\t\t\t\t\t\t\t\t\t\t\t\t\t\t\t\t\t\r\n\t\t\t\t\t\t\t\t\t\t\t\t\t\t\t\t\t\t\r\n\t\t\t\t\t\t\t\t\t<span>Comites Tutoriales<\/span>\r\n\t\t\t\t\t\t\t\t\t\r\n\t\t\t\t\t\t\t\t\t\t\t\t\t\t\t\t\t\t\r\n\t\t\t\t\t\t\t\t\t\t\t\t\t\t\t\t\t\t\t\t\r\n\t\t\t\t\t\t\t\t\t\r\n\t\t\t\t\t\t\t\t<\/a>\r\n\t\t\t\t\t\t\t<\/li>\r\n\t\t\t\t\t\t\t\r\n\t\t\t\t\t\t\t<li role=\"presentation\"  onclick=\"do_resize()\">\r\n\t\t\t\t\t\t\t\t<a href=\"#tabs_desc_1042_10\" aria-controls=\"tabs_desc_1042_10\" role=\"tab\" data-toggle=\"tab\">\r\n\t\t\t\t\t\t\t\t\t\r\n\t\t\t\t\t\t\t\t\t\t\t\t\t\t\t\t\t\t\t\t\t\t\t\t\t\t\t\t\r\n\t\t\t\t\t\t\t\t\t\t\t\t\t\t\t\t\t\t\r\n\t\t\t\t\t\t\t\t\t<span>\u00c1reas de Investigaci\u00f3n<\/span>\r\n\t\t\t\t\t\t\t\t\t\r\n\t\t\t\t\t\t\t\t\t\t\t\t\t\t\t\t\t\t\r\n\t\t\t\t\t\t\t\t\t\t\t\t\t\t\t\t\t\t\t\t\r\n\t\t\t\t\t\t\t\t\t\r\n\t\t\t\t\t\t\t\t<\/a>\r\n\t\t\t\t\t\t\t<\/li>\r\n\t\t\t\t\t\t\t\r\n\t\t\t\t\t\t\t<li role=\"presentation\"  onclick=\"do_resize()\">\r\n\t\t\t\t\t\t\t\t<a href=\"#tabs_desc_1042_11\" aria-controls=\"tabs_desc_1042_11\" role=\"tab\" data-toggle=\"tab\">\r\n\t\t\t\t\t\t\t\t\t\r\n\t\t\t\t\t\t\t\t\t\t\t\t\t\t\t\t\t\t\t\t\t\t\t\t\t\t\t\t\r\n\t\t\t\t\t\t\t\t\t\t\t\t\t\t\t\t\t\t\r\n\t\t\t\t\t\t\t\t\t<span>Perfil de Egreso<\/span>\r\n\t\t\t\t\t\t\t\t\t\r\n\t\t\t\t\t\t\t\t\t\t\t\t\t\t\t\t\t\t\r\n\t\t\t\t\t\t\t\t\t\t\t\t\t\t\t\t\t\t\t\t\r\n\t\t\t\t\t\t\t\t\t\r\n\t\t\t\t\t\t\t\t<\/a>\r\n\t\t\t\t\t\t\t<\/li>\r\n\t\t\t\t\t\t\t\r\n\t\t\t\t\t\t\t<li role=\"presentation\"  onclick=\"do_resize()\">\r\n\t\t\t\t\t\t\t\t<a href=\"#tabs_desc_1042_12\" aria-controls=\"tabs_desc_1042_12\" role=\"tab\" data-toggle=\"tab\">\r\n\t\t\t\t\t\t\t\t\t\r\n\t\t\t\t\t\t\t\t\t\t\t\t\t\t\t\t\t\t\t\t\t\t\t\t\t\t\t\t\r\n\t\t\t\t\t\t\t\t\t\t\t\t\t\t\t\t\t\t\r\n\t\t\t\t\t\t\t\t\t<span>Alumnos Matriculados<\/span>\r\n\t\t\t\t\t\t\t\t\t\r\n\t\t\t\t\t\t\t\t\t\t\t\t\t\t\t\t\t\t\r\n\t\t\t\t\t\t\t\t\t\t\t\t\t\t\t\t\t\t\t\t\r\n\t\t\t\t\t\t\t\t\t\r\n\t\t\t\t\t\t\t\t<\/a>\r\n\t\t\t\t\t\t\t<\/li>\r\n\t\t\t\t\t\t\t\r\n\t\t\t\t\t\t\t<li role=\"presentation\"  onclick=\"do_resize()\">\r\n\t\t\t\t\t\t\t\t<a href=\"#tabs_desc_1042_13\" aria-controls=\"tabs_desc_1042_13\" role=\"tab\" data-toggle=\"tab\">\r\n\t\t\t\t\t\t\t\t\t\r\n\t\t\t\t\t\t\t\t\t\t\t\t\t\t\t\t\t\t\t\t\t\t\t\t\t\t\t\t\r\n\t\t\t\t\t\t\t\t\t\t\t\t\t\t\t\t\t\t\r\n\t\t\t\t\t\t\t\t\t<span>Producci\u00f3n Acad\u00e9mica<\/span>\r\n\t\t\t\t\t\t\t\t\t\r\n\t\t\t\t\t\t\t\t\t\t\t\t\t\t\t\t\t\t\r\n\t\t\t\t\t\t\t\t\t\t\t\t\t\t\t\t\t\t\t\t\r\n\t\t\t\t\t\t\t\t\t\r\n\t\t\t\t\t\t\t\t<\/a>\r\n\t\t\t\t\t\t\t<\/li>\r\n\t\t\t\t\t\t\t\r\n\t\t\t\t\t\t\t<li role=\"presentation\"  onclick=\"do_resize()\">\r\n\t\t\t\t\t\t\t\t<a href=\"#tabs_desc_1042_14\" aria-controls=\"tabs_desc_1042_14\" role=\"tab\" data-toggle=\"tab\">\r\n\t\t\t\t\t\t\t\t\t\r\n\t\t\t\t\t\t\t\t\t\t\t\t\t\t\t\t\t\t\t\t\t\t\t\t\t\t\t\t\r\n\t\t\t\t\t\t\t\t\t\t\t\t\t\t\t\t\t\t\r\n\t\t\t\t\t\t\t\t\t<span>Repositorio De Tesis<\/span>\r\n\t\t\t\t\t\t\t\t\t\r\n\t\t\t\t\t\t\t\t\t\t\t\t\t\t\t\t\t\t\r\n\t\t\t\t\t\t\t\t\t\t\t\t\t\t\t\t\t\t\t\t\r\n\t\t\t\t\t\t\t\t\t\r\n\t\t\t\t\t\t\t\t<\/a>\r\n\t\t\t\t\t\t\t<\/li>\r\n\t\t\t\t\t\t\t\r\n\t\t\t\t\t\t\t<li role=\"presentation\"  onclick=\"do_resize()\">\r\n\t\t\t\t\t\t\t\t<a href=\"#tabs_desc_1042_15\" aria-controls=\"tabs_desc_1042_15\" role=\"tab\" data-toggle=\"tab\">\r\n\t\t\t\t\t\t\t\t\t\r\n\t\t\t\t\t\t\t\t\t\t\t\t\t\t\t\t\t\t\t\t\t\t\t\t\t\t\t\t\r\n\t\t\t\t\t\t\t\t\t\t\t\t\t\t\t\t\t\t\r\n\t\t\t\t\t\t\t\t\t<span>Normatividad<\/span>\r\n\t\t\t\t\t\t\t\t\t\r\n\t\t\t\t\t\t\t\t\t\t\t\t\t\t\t\t\t\t\r\n\t\t\t\t\t\t\t\t\t\t\t\t\t\t\t\t\t\t\t\t\r\n\t\t\t\t\t\t\t\t\t\r\n\t\t\t\t\t\t\t\t<\/a>\r\n\t\t\t\t\t\t\t<\/li>\r\n\t\t\t\t\t\t\t\r\n\t\t\t\t\t\t\t<li role=\"presentation\"  onclick=\"do_resize()\">\r\n\t\t\t\t\t\t\t\t<a href=\"#tabs_desc_1042_16\" aria-controls=\"tabs_desc_1042_16\" role=\"tab\" data-toggle=\"tab\">\r\n\t\t\t\t\t\t\t\t\t\r\n\t\t\t\t\t\t\t\t\t\t\t\t\t\t\t\t\t\t\t\t\t\t\t\t\t\t\t\t\r\n\t\t\t\t\t\t\t\t\t\t\t\t\t\t\t\t\t\t\r\n\t\t\t\t\t\t\t\t\t<span>Contacto<\/span>\r\n\t\t\t\t\t\t\t\t\t\r\n\t\t\t\t\t\t\t\t\t\t\t\t\t\t\t\t\t\t\r\n\t\t\t\t\t\t\t\t\t\t\t\t\t\t\t\t\t\t\t\t\r\n\t\t\t\t\t\t\t\t\t\r\n\t\t\t\t\t\t\t\t<\/a>\r\n\t\t\t\t\t\t\t<\/li>\r\n\t\t\t\t\t\t\t\t\t\t\t <\/ul>\r\n\r\n\t\t\t\t\t  <!-- Tab panes -->\r\n\t\t\t\t\t  <div class=\"tab-content\" id=\"tab-content_1042\">\r\n\t\t\t\t\t\t\t\t\t\t\t\t <div role=\"tabpanel\" class=\"tab-pane  in active \" id=\"tabs_desc_1042_1\">\r\n\t\t\t\t\t\t\t\t<p align=\"justify\">La Maestr\u00eda en Trabajo Social data del a\u00f1o 2009, originalmente funcion\u00f3 bajo el esquema de Programa Integral de Posgrado en Trabajo Social, asociada al doctorado en Trabajo Social, con acentuaci\u00f3n en Sistemas de Salud y Estudios de G\u00e9nero. Con la apertura de estos programas, que vinieron a constituirse en la \u00fanica opci\u00f3n formativa en Trabajo Social a nivel de posgrado en Sinaloa y en la regi\u00f3n Noroeste, la Facultad de Trabajo Social busca formar profesionales del trabajo social de alto nivel capaces de responder a los desaf\u00edos profesionales derivados de los bajos niveles de bienestar social y de los problemas de convivencia social en M\u00e9xico y particularmente en la entidad.\r\n<br><br>\r\nDesde su creaci\u00f3n a la fecha, 2009 a 2019, la maestr\u00eda ha atendido a un total de 59 estudiantes, distribuidos en tres generaciones: 2009-2011, 2013-2015 y 2017-2019 y 13 de la actual generaci\u00f3n, 2019-2021. Cabe se\u00f1alar que la distancia entre el cierre de la primera generaci\u00f3n y la apertura de la segunda, de aproximadamente dos a\u00f1os, obedeci\u00f3 a la prioridad otorgada a la evaluaci\u00f3n del funcionamiento y del curr\u00edculo, actualizaci\u00f3n de contenidos, para asegurar el ingreso al Programa Nacional de Posgrados de Calidad (PNPC) del Consejo Nacional de Ciencia y Tecnolog\u00eda (CONACYT) en el 2013.\r\n<br><br>\r\n<strong>Misi\u00f3n:<\/strong><br><br>\r\nFormar posgraduados en Trabajo Social altamente competentes y socialmente pertinentes, portadores de una s\u00f3lida cultura disciplinaria y humanista, que contribuyan a la investigaci\u00f3n y atenci\u00f3n de los problemas sociales de la regi\u00f3n y del pa\u00eds.\r\n<br><br>\r\n<strong>Visi\u00f3n de la maestr\u00eda en trabajo social al 2021:<\/strong><br><br>\r\nLa Maestr\u00eda en Trabajo Social es ampliamente reconocida social e institucionalmente por:<br><br>\r\n\r\n\u2022 Formar posgraduados en Trabajo Social acad\u00e9mica y socialmente pertinentes.<br>\r\n\u2022 Su pertenencia al Padr\u00f3n Nacional de Posgrado Consolidados de CONACYT.<br>\r\n\u2022 El alto nivel de habilitaci\u00f3n y reconocimiento externo de su planta acad\u00e9mica, que cubre con suficiencia los est\u00e1ndares asociados a posgrados de alta calidad.<br>\r\n\u2022 Sus aportaciones acad\u00e9micas, resultado del cultivo de LGAC socialmente pertinentes, a trav\u00e9s de CA reconocidos.<br>\r\n\u2022 Su propuesta curricular actualizada por competencias, flexible, centrada en el aprendizaje; que establece mecanismos claros de acceso, permanencia y egreso de estudiantes.<br>\r\n\u2022 Mantener altos niveles de rendimiento estudiantil, similares a los est\u00e1ndares internacionales, resultado de la calidad y cobertura de sus servicios de apoyo acad\u00e9mico estudiantil.<br>\r\n\u2022 Su nivel de cooperaci\u00f3n e interacci\u00f3n con la comunidad acad\u00e9mica del \u00e1rea, en los \u00e1mbitos nacional e internacional. As\u00ed como, por su vinculaci\u00f3n con organismos p\u00fablicos y privados.<br>\r\n\u2022 La modernidad y eficacia de sus procesos de gesti\u00f3n administrativa.<br>\r\n\u2022 Por la disponibilidad de la infraestructura y equipamiento suficiente y adecuado para la realizaci\u00f3n de las labores acad\u00e9micas.\r\n<\/p>\t\t\t\t\t\t <\/div>\r\n\t\t\t\t\t\t\t\t\t\t\t\t <div role=\"tabpanel\" class=\"tab-pane \" id=\"tabs_desc_1042_2\">\r\n\t\t\t\t\t\t\t\t<p align=\"justify\"><strong>Objetivos institucionales<\/strong>\r\nLos estudios de maestr\u00eda en la Universidad tienen los objetivos siguientes:\r\n<ol>\r\n \t<li>Formar profesionales capaces de innovar y aplicar nuevos conocimientos y tecnolog\u00edas en \u00e1reas espec\u00edficas del conocimiento o campos del ejercicio profesional.<\/li>\r\n \t<li>Preparar personal de alto nivel acad\u00e9mico para el ejercicio docente y la elaboraci\u00f3n, ejecuci\u00f3n y evaluaci\u00f3n de proyectos de investigaci\u00f3n.<\/li>\r\n \t<li>Los dem\u00e1s que se\u00f1alen en los programas correspondientes.<\/li>\r\n<\/ol>\r\n<strong> Objetivos del programa de maestr\u00eda en Trabajo Social<\/strong>\r\n<ol>\r\n \t<li>Formar profesionales y acad\u00e9micos de las ciencias sociales y humanidades capaces de desarrollar un pensamiento cr\u00edtico y reflexivo respecto a la realidad social, pol\u00edtica y cultural para fortalecer los conocimientos del Trabajo Social.<\/li>\r\n \t<li>Formar investigadores en el campo del Trabajo Social competentes para generar conocimiento sobre la problem\u00e1tica social, en el contexto local, nacional y regional de Am\u00e9rica Latina, capaces de formular propuestas a los problemas y necesidades sociales.<\/li>\r\n \t<li>Habilitar personal acad\u00e9mico con una s\u00f3lida formaci\u00f3n disciplinar, capaz de desempe\u00f1ar actividades de docencia e investigaci\u00f3n.<\/li>\r\n \t<li>Proporcionar una formaci\u00f3n te\u00f3rico-metodol\u00f3gica en la producci\u00f3n de nuevos conocimientos para el dise\u00f1o, implementaci\u00f3n y evaluaci\u00f3n de planes y programas de desarrollo social.<\/li>\r\n<\/ol>\r\n<\/p>\t\t\t\t\t\t <\/div>\r\n\t\t\t\t\t\t\t\t\t\t\t\t <div role=\"tabpanel\" class=\"tab-pane \" id=\"tabs_desc_1042_3\">\r\n\t\t\t\t\t\t\t\t<ul>\r\n \t<li><a href=\"https:\/\/fts.uas.edu.mx\/wp-content\/uploads\/2019\/05\/Reforma-2019-PE_maestr\u00edaTS.pdf\" target=\"blank\">Plan De Estudios Maestria 2019 PDF<\/a><\/li>\r\n<\/ul>\r\n<p align=\"center\"><em><strong>Mapa Curricular Con Creditos<\/strong><a href=\"https:\/\/fts.uas.edu.mx\/wp-content\/uploads\/2020\/07\/MAPA-CURRICULAR-MAESTRIA-2019-1.jpg\">\r\n<img fetchpriority=\"high\" decoding=\"async\" src=\"https:\/\/fts.uas.edu.mx\/wp-content\/uploads\/2020\/07\/MAPA-CURRICULAR-MAESTRIA-2019-1.jpg\" width=\"991\" height=\"599\" class=\"alignnone size-large\" \/><\/a><\/em><\/p>\r\n\r\n\t\t\t\t\t\t <\/div>\r\n\t\t\t\t\t\t\t\t\t\t\t\t <div role=\"tabpanel\" class=\"tab-pane \" id=\"tabs_desc_1042_4\">\r\n\t\t\t\t\t\t\t\t<p align=\"justify\"><strong>Saberes te\u00f3ricos:<\/strong><br>\r\n\r\n<ul>\r\n \t<li>Contar con conocimientos b\u00e1sicos en el campo del Trabajo Social, las ciencias sociales y las humanidades.<\/li>\r\n \t<li>Tener inter\u00e9s en conocimientos sobre las problem\u00e1ticas sociales, la pol\u00edtica social y el bienestar social.<\/li>\r\n \t<li>Conocimiento b\u00e1sico de los paradigmas metodol\u00f3gicos de las ciencias sociales.<\/li>\r\n<\/ul>\r\n<strong>Saberes pr\u00e1cticos:<\/strong><br><br>\r\n<ul>\r\n \t<li>Capacidad de an\u00e1lisis y reflexi\u00f3n sobre los problemas sociales y el contexto econ\u00f3mico, cultural, pol\u00edtico y social.<\/li>\r\n \t<li>Capacidad de argumentaci\u00f3n con base en teor\u00edas, conceptos e indicadores.<\/li>\r\n \t<li>Tener disposici\u00f3n para el trabajo colaborativo.<\/li>\r\n \t<li>Demostrar capacidades intelectuales b\u00e1sicas de abstracci\u00f3n, an\u00e1lisis y s\u00edntesis, as\u00ed como de redacci\u00f3n de textos acad\u00e9micos.<\/li>\r\n \t<li>Comprensi\u00f3n de textos en el idioma ingl\u00e9s.<\/li>\r\n \t<li>Poseer competencias en la utilizaci\u00f3n de las TIC para gesti\u00f3n de la informaci\u00f3n.<\/li>\r\n \t<li>Poseer competencias b\u00e1sicas en la utilizaci\u00f3n de herramientas inform\u00e1ticas para el procesamiento de textos y la investigaci\u00f3n.<\/li>\r\n \t<li>Inter\u00e9s por participar en eventos acad\u00e9micos que fortalezcan su formaci\u00f3n.<\/li>\r\n<\/ul>\r\n<strong>Saberes actitudinales-valorales:<\/strong><br><\/p>\r\n<ul>\r\n \t<li>Disposici\u00f3n al trabajo inter, multi y transdisciplinario.<\/li>\r\n \t<li>Apertura a los contenidos epistemol\u00f3gicos y a la construcci\u00f3n del conocimiento.<\/li>\r\n \t<li>Demostrar responsabilidad, compromiso, iniciativa, tolerancia, perseverancia, empat\u00eda y dinamismo.<\/li>\r\n \t<li>Respeto a los derechos humanos, la diversidad y la equidad.<\/li>\r\n \t<li>Sensibilidad frente a los problemas del desarrollo y el bienestar social de la poblaci\u00f3n.<\/li>\r\n \t<li>Conducci\u00f3n \u00e9tica en la obtenci\u00f3n y manejo de la informaci\u00f3n.<\/li>\r\n<\/ul><\/p>\t\t\t\t\t\t <\/div>\r\n\t\t\t\t\t\t\t\t\t\t\t\t <div role=\"tabpanel\" class=\"tab-pane \" id=\"tabs_desc_1042_5\">\r\n\t\t\t\t\t\t\t\t<p align=\"justify\"><strong>Requisitos de ingreso, permanencia, egreso y obtenci\u00f3n del grado:<\/strong><\/p>\r\nLos candidatos a inscribirse en el programa de Maestr\u00eda en Trabajo Social, deber\u00e1n cubrir los siguientes requisitos de ingreso:\r\n<ol>\r\n \t<li style=\"list-style-type: none\">\r\n<ol>\r\n \t<li>Poseer grado de licenciatura en trabajo social o carreras afines a las ciencias sociales y humanidades.<\/li>\r\n \t<li>Presentar solicitud de ingreso al programa en formato oficial.<\/li>\r\n \t<li>Tener promedio m\u00ednimo de 8 (ocho) en los estudios de licenciatura.<\/li>\r\n \t<li>Presentar curr\u00edculum vitae, acreditado con la respectiva documentaci\u00f3n.<\/li>\r\n \t<li>Presentar proyecto de investigaci\u00f3n que se inscriba en una de las l\u00edneas de investigaci\u00f3n asociadas a la Maestr\u00eda.<\/li>\r\n \t<li>Presentar carta de exposici\u00f3n de motivos para cursar el programa.<\/li>\r\n \t<li>Presentar dos cartas de recomendaci\u00f3n de miembros del personal acad\u00e9mico de la instituci\u00f3n de procedencia o de la Unidad Acad\u00e9mica donde desea ingresar.<\/li>\r\n \t<li>Presentar carta compromiso de dedicaci\u00f3n exclusiva a los estudios de maestr\u00eda.<\/li>\r\n \t<li>Presentar constancia TOEFL m\u00ednimo con 400 puntos. En el caso de alumnos extranjeros, deber\u00e1 presentar constancia de dominio del idioma espa\u00f1ol avalado por el Centro de Estudio de Idiomas de la UAS, o por instituci\u00f3n equivalente con pleno reconocimiento acad\u00e9mico en la ense\u00f1anza de idiomas.<\/li>\r\n \t<li>Presentarse a entrevista con los miembros del comit\u00e9 designado con tal prop\u00f3sito y hacer la defensa de su postulaci\u00f3n y anteproyecto de investigaci\u00f3n.<\/li>\r\n \t<li>Obtener dictamen de aprobaci\u00f3n del Comit\u00e9 Acad\u00e9mico de posgrado, que lo haya entrevistado, y evaluado el curr\u00edculum presentado.<\/li>\r\n \t<li>Presentar EXANI III (CENEVAL).<\/li>\r\n \t<li>Acreditar al curso proped\u00e9utico.<\/li>\r\n \t<li>Cubrir las cuotas de inscripci\u00f3n a la maestr\u00eda en las primeras cuatro semanas del periodo escolar.<\/li>\r\n \t<li>Otros que a juicio del Comit\u00e9 Acad\u00e9mico se consideren pertinentes.<\/li>\r\n<\/ol>\r\n<\/li>\r\n<\/ol>\r\n<strong>La permanencia de los alumnos en el programa estar\u00e1 sujeta al cumplimento de los siguientes requisitos:<\/strong><br>\r\n<ul>\r\n \t<li>Dedicarse de tiempo completo a las actividades de la maestr\u00eda. Ante el incumplimiento de este requisito, el Coordinador (a) del programa proceder\u00e1 a notificar la baja del mismo, cualquiera que sea la etapa de avance, previa autorizaci\u00f3n del Comit\u00e9 Acad\u00e9mico.<\/li>\r\n \t<li>Cumplir satisfactoriamente con las actividades acad\u00e9micas contempladas en el plan de estudios de la maestr\u00eda, en los tiempos se\u00f1alados: cursos, seminarios, coloquios y talleres; planes e informes semestrales de actividades; asistencia a tutor\u00edas, estancias de investigaci\u00f3n y la elaboraci\u00f3n de al menos un producto para su publicaci\u00f3n.<\/li>\r\n \t<li>Entregar, con una anticipaci\u00f3n de al menos 15 d\u00edas, el documento escrito de avance semestral de tesis o de seminario de titulaci\u00f3n, para que sea revisado por el comit\u00e9 tutorial respectivo. En las sesiones de los coloquios correspondientes, el comit\u00e9 evaluar\u00e1 y asignar\u00e1 una calificaci\u00f3n al estudiante.<\/li>\r\n \t<li>Obtener una calificaci\u00f3n m\u00ednima aprobatoria de 8, en la escala de 1 al 10, en los cursos y seminarios con valor crediticio. En el caso de que la o el maestrante no apruebe uno de los seminarios del semestre, tendr\u00e1 una\r\nsegunda oportunidad para acreditarlo. Si en esta segunda evaluaci\u00f3n no obtiene calificaci\u00f3n aprobatoria ser\u00e1 dado de baja del programa con previa notificaci\u00f3n del Comit\u00e9 Acad\u00e9mico. A esta segunda oportunidad tendr\u00e1 derecho siempre y cuando no haya recibido m\u00e1s de una evaluaci\u00f3n desfavorable en los seminarios contemplados en el mismo semestre del plan de estudios.<\/li>\r\n \t<li>Cursar un programa del idioma ingl\u00e9s, de manera que garantice el requisito de egreso de su dominio con 450 puntos de TOEFL.<\/li>\r\n \t<li>Cubrir las cuotas de inscripci\u00f3n y colegiatura, previo al inicio de cada semestre. El incumplimiento de estos requisitos puede ser motivo de baja en el programa, previo acuerdo del Comit\u00e9 Acad\u00e9mico.<\/li>\r\n<\/ul>\r\n<strong>Los requisitos de egreso y obtenci\u00f3n de grado son los siguientes:<\/strong><br>\r\n<ul>\r\n \t<li>Tener cubierto el cien por ciento de los cr\u00e9ditos establecidos en el plan de estudios de maestr\u00eda.<\/li>\r\n \t<li>Presentar una tesis, consistente en un trabajo original e individual, que verse sobre un problema de investigaci\u00f3n cient\u00edfica en el campo de las ciencias sociales y que represente una aportaci\u00f3n importante, a juicio de un jurado de examen designado oficialmente para hacer la evaluaci\u00f3n respectiva. La tesis deber\u00e1 cumplir con las siguientes caracter\u00edsticas\r\n<ol>\r\n \t<li style=\"list-style-type: none\">\r\n<ol>\r\n \t<li>Extensi\u00f3n m\u00ednima de 120 cuartillas a doble espacio.<\/li>\r\n \t<li>La investigaci\u00f3n podr\u00e1 tener un car\u00e1cter te\u00f3rico y\/o emp\u00edrico.<\/li>\r\n \t<li>La o el maestrante tendr\u00e1 libertad en la elecci\u00f3n del tema, del enfoque te\u00f3rico o del tratamiento metodol\u00f3gico, pero se ajustar\u00e1 a las l\u00edneas de investigaci\u00f3n de la maestr\u00eda y ser\u00e1 avalado por el tutor o tutora asignados.<\/li>\r\n<\/ol>\r\n<\/li>\r\n<\/ol>\r\n<\/li>\r\n \t<li>Presentar el dictamen de su director (a) de tesis, en el que se asiente que re\u00fane los elementos te\u00f3ricos y metodol\u00f3gicos suficientes para ser sustentada en el examen de grado.<\/li>\r\n \t<li>Contar con cuatro dict\u00e1menes aprobatorios de los profesores integrantes del Comit\u00e9 Tutorial, en el que deber\u00e1n participar al menos un acad\u00e9mico externo al programa.<\/li>\r\n \t<li>Defender y aprobar el trabajo de tesis ante el Jurado designado oficialmente.<\/li>\r\n \t<li>Haber publicado, durante su permanencia en el programa, al menos un art\u00edculo cient\u00edfico en coautor\u00eda con el director de tesis en una revista arbitrada o indexada.<\/li>\r\n \t<li>Presentar constancia de estancia acad\u00e9mica en otra IES del pa\u00eds o del extranjero.<\/li>\r\n \t<li>Presentar constancia de TOEFL con 450 puntos del dominio del idioma ingl\u00e9s.<\/li>\r\n \t<li>Entregar a la Coordinaci\u00f3n del programa ocho ejemplares de la tesis, debidamente empastados.<\/li>\r\n \t<li>Cubrir las colegiaturas y haber realizado los pagos correspondientes al derecho de presentaci\u00f3n de examen de grado.<\/li>\r\n \t<li>Haber cumplido con los requisitos establecidos por el Departamento Acad\u00e9mico Legal de la UAS, de acuerdo con la legislaci\u00f3n universitaria.<\/li>\r\n<\/ul>\r\nEl examen de grado deber\u00e1 presentarse en un plazo no mayor a seis meses posterior al t\u00e9rmino de los cr\u00e9ditos del programa, en atenci\u00f3n a la recomendaci\u00f3n de CONACYT para los posgrados de calidad en el cumplimiento de la eficiencia terminal. Excepcionalmente podr\u00e1 concederse m\u00e1s tiempo, siempre que as\u00ed lo autorice el Comit\u00e9 Acad\u00e9mico del Programa.\t\t\t\t\t\t <\/div>\r\n\t\t\t\t\t\t\t\t\t\t\t\t <div role=\"tabpanel\" class=\"tab-pane \" id=\"tabs_desc_1042_6\">\r\n\t\t\t\t\t\t\t\t<a href=\"https:\/\/fts.uas.edu.mx\/wp-content\/uploads\/2023\/09\/Maestria-Convocatoria.jpg\"><img decoding=\"async\" src=\"https:\/\/fts.uas.edu.mx\/wp-content\/uploads\/2023\/09\/Maestria-Convocatoria.jpg\" alt=\"\" width=\"1024\" height=\"662\" class=\"aligncenter size-large wp-image-1678\" \/><\/a>\t\t\t\t\t\t <\/div>\r\n\t\t\t\t\t\t\t\t\t\t\t\t <div role=\"tabpanel\" class=\"tab-pane \" id=\"tabs_desc_1042_7\">\r\n\t\t\t\t\t\t\t\t<p align=\"justify\"><strong>L\u00edneas de generaci\u00f3n y aplicaci\u00f3n del conocimiento (LGAC)<\/strong>\r\n\r\n<\/p>\r\n<P>\r\n\r\n<strong>a) Pol\u00edticas sociales, bienestar y trabajo social. <\/strong>\r\n<\/p>\r\n<P>\r\nEsta l\u00ednea se encarga del estudio de los procesos de formulaci\u00f3n, aplicaci\u00f3n y evaluaci\u00f3n de pol\u00edticas y programas en los \u00e1mbitos del bienestar social en el contexto de globalizaci\u00f3n y reestructuraci\u00f3n social y econ\u00f3mica del pa\u00eds. As\u00ed como, las teor\u00edas y pr\u00e1cticas profesionales del trabajo social. En esta LGAC se incluyen las siguientes tem\u00e1ticas sobre las cuales se circunscriben los trabajos de investigaci\u00f3n:\r\n<ul>\r\n \t<li>Pol\u00edticas y programas sociales.<\/li>\r\n \t<li>Desigualdades y exclusiones sociales<\/li>\r\n \t<li>Pr\u00e1ctica profesional del trabajo social<\/li>\r\n \t<li>Violencias de g\u00e9nero<\/li>\r\n \t<li>Bienestar y calidad de vida<\/li>\r\n<\/ul>\r\n<\/p>\r\n<P>\r\n<strong>b) Sujetos sociales, cultura y vida cotidiana<\/strong>\r\n<\/p>\r\n<P>\r\nEn esta concurren investigaciones que toman como categor\u00eda de an\u00e1lisis a la vida cotidiana, entendida \u00e9sta como espacio de construcci\u00f3n en el que hombres y mujeres conforman, incesantemente, sus subjetividades e identidades sociales. Aqu\u00ed se ubican los siguientes temas:\r\n<ul>\r\n \t<li>Identidades y representaciones sociales.<\/li>\r\n \t<li>Cultura y diversidad<\/li>\r\n \t<li>Participaci\u00f3n ciudadana<\/li>\r\n \t<li>Migraci\u00f3n<\/li>\r\n<\/ul>\r\n<\/p>\t\t\t\t\t\t <\/div>\r\n\t\t\t\t\t\t\t\t\t\t\t\t <div role=\"tabpanel\" class=\"tab-pane \" id=\"tabs_desc_1042_8\">\r\n\t\t\t\t\t\t\t\t<p style=\"text-align: center\"><strong>S\u00cdNTESIS CURRICULAR N\u00daCLEO ACAD\u00c9MICO B\u00c1SICO (NAB)<\/strong><\/p>\r\n<p style=\"text-align: center\"><strong>DOCTORADO EN TRABAJO SOCIAL<\/strong><\/p>\r\n\r\n<div style=\"width: 100%\">\r\n<div style=\"float: left;width: 49%\"><\/div>\r\n<\/div>\r\n<div style=\"width: 100%\">\r\n<div style=\"float: right;width: 49%\">\r\n\r\n<a href=\"https:\/\/fts.uas.edu.mx\/wp-content\/uploads\/2019\/03\/DR.-CESAR-BURGOS.jpg\"><img decoding=\"async\" class=\"aligncenter wp-image-1406\" src=\"https:\/\/fts.uas.edu.mx\/wp-content\/uploads\/2019\/03\/DR.-CESAR-BURGOS.jpg\" alt=\"\" width=\"387\" height=\"387\" srcset=\"https:\/\/fts.uas.edu.mx\/wp-content\/uploads\/2019\/03\/DR.-CESAR-BURGOS.jpg 501w, https:\/\/fts.uas.edu.mx\/wp-content\/uploads\/2019\/03\/DR.-CESAR-BURGOS-150x150.jpg 150w, https:\/\/fts.uas.edu.mx\/wp-content\/uploads\/2019\/03\/DR.-CESAR-BURGOS-300x300.jpg 300w, https:\/\/fts.uas.edu.mx\/wp-content\/uploads\/2019\/03\/DR.-CESAR-BURGOS-500x500.jpg 500w\" sizes=\"(max-width: 387px) 100vw, 387px\" \/><\/a>\r\n\r\n<hr \/>\r\n\r\n<\/div>\r\n<div style=\"float: left;width: 2%\"><\/div>\r\n<div style=\"float: right;width: 49%\">\r\n<ul>\r\n \t<li><strong>Dr. Cesar Jes\u00fas Burgos D\u00e1vila<\/strong><\/li>\r\n<\/ul>\r\n<p align=\"justify\"><strong>Licenciatura<\/strong>: en Psicolog\u00eda \u2013 Universidad Aut\u00f3noma de Sinaloa<\/p>\r\n<p align=\"justify\"><strong>Maestr\u00eda:<\/strong> en Investigaci\u00f3n Psicolog\u00eda Social \u2013 Universidad Aut\u00f3noma de Barcelona<\/p>\r\n<p align=\"justify\"><strong>Doctorado<\/strong>: en Psicolog\u00eda Social \u2013 Universidad Aut\u00f3noma de Barcelona<\/p>\r\n<p align=\"justify\"><strong>Estancia posdoctoral: \u00a0<\/strong>University of California, Berkeley. Octubre\/2014-sept.\/ 2015<\/p>\r\n<p align=\"justify\"><strong>SNI: C<\/strong><\/p>\r\n<p align=\"justify\"><strong>Correo:<\/strong> burgosdavila@uas.edu.mx<\/p>\r\n\r\n<\/div>\r\n<\/div>\r\n<div style=\"width: 100%\">\r\n<div style=\"float: right;width: 49%\">\r\n<ul>\r\n \t<li><strong>Dra. Teresita del Ni\u00f1o Jes\u00fas Carrillo Montoya<\/strong><\/li>\r\n<\/ul>\r\n<p align=\"justify\"><strong>Licenciatura<\/strong>: en Trabajo Social- Universidad Aut\u00f3noma de Sinaloa<\/p>\r\n<p align=\"justify\"><strong>Maestr\u00eda: <\/strong>en Educaci\u00f3n \u2013 Universidad Aut\u00f3noma de Sinaloa<\/p>\r\n<p align=\"justify\"><strong>Doctorado<\/strong>: en Educaci\u00f3n- Universidad Aut\u00f3noma de Sinaloa<\/p>\r\n<p align=\"justify\"><strong>Estancia posdoctoral: <\/strong>Posgrado en estudios del desarrollo global de la Universidad Aut\u00f3noma de Baja California. Agosto 2015- agosto 2017<\/p>\r\n<p align=\"justify\"><strong>Estancias acad\u00e9micas:<\/strong> Universidad Aut\u00f3noma de Madrid. julio 2012 y julio 2013.<\/p>\r\n<p align=\"justify\"><strong>SNI: <\/strong>I<\/p>\r\n<p align=\"justify\"><strong>Redes<\/strong>: Red Mexicana de Ciencia, Tecnolog\u00eda y G\u00e9nero, de redes tem\u00e1ticas del CONACyT<\/p>\r\n<p align=\"justify\">Correo: teresitacm@hotmail.com<\/p>\r\n\r\n<\/div>\r\n<div style=\"float: left;width: 49%\"><img loading=\"lazy\" decoding=\"async\" class=\"wp-image-1415 size-full alignright\" src=\"https:\/\/fts.uas.edu.mx\/wp-content\/uploads\/2019\/03\/DRA.-TERESITA-DEL-NI\u00d1O-JESUS-CARRILLO-MONTOYA-e1673307724415.jpg\" alt=\"\" width=\"501\" height=\"501\" srcset=\"https:\/\/fts.uas.edu.mx\/wp-content\/uploads\/2019\/03\/DRA.-TERESITA-DEL-NI\u00d1O-JESUS-CARRILLO-MONTOYA-e1673307724415.jpg 501w, https:\/\/fts.uas.edu.mx\/wp-content\/uploads\/2019\/03\/DRA.-TERESITA-DEL-NI\u00d1O-JESUS-CARRILLO-MONTOYA-e1673307724415-150x150.jpg 150w, https:\/\/fts.uas.edu.mx\/wp-content\/uploads\/2019\/03\/DRA.-TERESITA-DEL-NI\u00d1O-JESUS-CARRILLO-MONTOYA-e1673307724415-300x300.jpg 300w\" sizes=\"(max-width: 501px) 100vw, 501px\" \/><\/div>\r\n<div style=\"float: left;width: 2%\"><\/div>\r\n<\/div>\r\n<div style=\"float: right;width: 49%\"><\/div>\r\n\u00a0\r\n\r\n<hr \/>\r\n\r\n<div style=\"width: 100%\">\r\n<div style=\"float: right;width: 49%\"><a href=\"https:\/\/fts.uas.edu.mx\/wp-content\/uploads\/2019\/03\/DRA.-BEATRIZ-DELIA-COTA-ELIZALDE.jpg\"><img loading=\"lazy\" decoding=\"async\" class=\"size-full wp-image-1409 aligncenter\" src=\"https:\/\/fts.uas.edu.mx\/wp-content\/uploads\/2019\/03\/DRA.-BEATRIZ-DELIA-COTA-ELIZALDE.jpg\" alt=\"\" width=\"501\" height=\"501\" srcset=\"https:\/\/fts.uas.edu.mx\/wp-content\/uploads\/2019\/03\/DRA.-BEATRIZ-DELIA-COTA-ELIZALDE.jpg 501w, https:\/\/fts.uas.edu.mx\/wp-content\/uploads\/2019\/03\/DRA.-BEATRIZ-DELIA-COTA-ELIZALDE-150x150.jpg 150w, https:\/\/fts.uas.edu.mx\/wp-content\/uploads\/2019\/03\/DRA.-BEATRIZ-DELIA-COTA-ELIZALDE-300x300.jpg 300w, https:\/\/fts.uas.edu.mx\/wp-content\/uploads\/2019\/03\/DRA.-BEATRIZ-DELIA-COTA-ELIZALDE-500x500.jpg 500w\" sizes=\"(max-width: 501px) 100vw, 501px\" \/><\/a><\/div>\r\n<div style=\"float: left;width: 2%\"><\/div>\r\n<div style=\"float: right;width: 49%\">\r\n<ul>\r\n \t<li><strong>Dra. Beatriz Delia Cota Elizalde<\/strong><\/li>\r\n<\/ul>\r\n<p align=\"justify\"><strong>Licenciatura<\/strong>: en Trabajo Social- Universidad Aut\u00f3noma de Sinaloa<\/p>\r\n<p align=\"justify\"><strong>Maestr\u00eda: <\/strong>en Trabajo Social- Universidad Aut\u00f3noma de Sinaloa<\/p>\r\n<p align=\"justify\"><strong>Doctorado<\/strong>: en Ciencias Sociales- Universidad Aut\u00f3noma de Sinaloa<\/p>\r\n<p align=\"justify\"><strong>Estancia posdoctoral: \u00a0<\/strong>Universidad de California, Campus Merced. Nov\/2014- Oct\/2015<\/p>\r\n<p align=\"justify\"><strong>Correo: <\/strong>cotaelizalde@hotmail.com<\/p>\r\n<p align=\"justify\"><strong>SNI:<\/strong> C<\/p>\r\n\r\n<\/div>\r\n<\/div>\r\n<div style=\"width: 100%\"><\/div>\r\n<div style=\"width: 100%\">\r\n\r\n<hr \/>\r\n\r\n<div style=\"float: left;width: 49%\"><a href=\"https:\/\/fts.uas.edu.mx\/wp-content\/uploads\/2019\/03\/DR.-Jose-Aldo-hernandez.jpg\"><img loading=\"lazy\" decoding=\"async\" class=\"aligncenter size-full wp-image-1423\" src=\"https:\/\/fts.uas.edu.mx\/wp-content\/uploads\/2019\/03\/DR.-Jose-Aldo-hernandez.jpg\" alt=\"\" width=\"501\" height=\"501\" srcset=\"https:\/\/fts.uas.edu.mx\/wp-content\/uploads\/2019\/03\/DR.-Jose-Aldo-hernandez.jpg 501w, https:\/\/fts.uas.edu.mx\/wp-content\/uploads\/2019\/03\/DR.-Jose-Aldo-hernandez-150x150.jpg 150w, https:\/\/fts.uas.edu.mx\/wp-content\/uploads\/2019\/03\/DR.-Jose-Aldo-hernandez-300x300.jpg 300w, https:\/\/fts.uas.edu.mx\/wp-content\/uploads\/2019\/03\/DR.-Jose-Aldo-hernandez-500x500.jpg 500w\" sizes=\"(max-width: 501px) 100vw, 501px\" \/><\/a><\/div>\r\n<div style=\"float: left;width: 2%\"><\/div>\r\n<div style=\"float: right;width: 49%\">\r\n<ul>\r\n \t<li><strong>Dr. Jos\u00e9 Aldo Hern\u00e1ndez Mur\u00faa <\/strong><\/li>\r\n<\/ul>\r\n<p align=\"justify\"><strong>Licenciatura<\/strong>: en Educaci\u00f3n F\u00edsica- Universidad Aut\u00f3noma de Sinaloa<\/p>\r\n<p align=\"justify\"><strong>Maestr\u00eda:<\/strong> en Ciencias de la Cultura F\u00edsica \u2013Universidad Aut\u00f3noma de Sinaloa<\/p>\r\n<p align=\"justify\"><strong>Doctorado<\/strong>: en Ciencias de la Actividad F\u00edsica y el Deporte- Universidad de Le\u00f3n<\/p>\r\n<p align=\"justify\"><strong>Estancias acad\u00e9micas: <\/strong>Universidad de Sonora en septiembre 2014; y en el Instituto de Biomedicina Universidad de Le\u00f3n (Espa\u00f1a). Mayo -junio 2014<\/p>\r\n<p align=\"justify\"><strong>Correo: <\/strong>aldohdez80@hotmail.com<\/p>\r\n\r\n<\/div>\r\n<\/div>\r\n<div style=\"width: 100%\">\r\n\r\n<hr \/>\r\n\r\n<div style=\"float: left;width: 49%\">\r\n<ul>\r\n \t<li><strong>Dra. Xolyanetzin Montero Pardo<\/strong><\/li>\r\n<\/ul>\r\n<p align=\"justify\"><strong>Licenciatura<\/strong>: en Psicolog\u00eda-Universidad Aut\u00f3noma de Sinaloa<\/p>\r\n<p align=\"justify\"><strong>Maestr\u00eda: <\/strong>en psicolog\u00eda-Universidad Aut\u00f3noma de Sinaloa<\/p>\r\n<p align=\"justify\"><strong>Doctorado<\/strong>: en Psicolog\u00eda \u2013 Universidad Aut\u00f3noma de Sinaloa<\/p>\r\n<p align=\"justify\"><strong>SNI: <\/strong>\u00a0I<\/p>\r\n<p align=\"justify\"><strong>Redes<\/strong>: Red Acad\u00e9mica de Colaboraci\u00f3n para la Investigaci\u00f3n e Intervenci\u00f3n en Psicolog\u00eda de la Salud<\/p>\r\n<p align=\"justify\"><strong>Correo:<\/strong> xolyantzin_m@hotmail.com<\/p>\r\n\r\n<\/div>\r\n<div style=\"float: left;width: 2%\"><\/div>\r\n<div style=\"float: right;width: 49%\"><a href=\"https:\/\/fts.uas.edu.mx\/wp-content\/uploads\/2019\/03\/DRA.-XOLYANETZIN.jpg\"><img loading=\"lazy\" decoding=\"async\" class=\"aligncenter size-full wp-image-1405\" src=\"https:\/\/fts.uas.edu.mx\/wp-content\/uploads\/2019\/03\/DRA.-XOLYANETZIN.jpg\" alt=\"\" width=\"501\" height=\"501\" srcset=\"https:\/\/fts.uas.edu.mx\/wp-content\/uploads\/2019\/03\/DRA.-XOLYANETZIN.jpg 501w, https:\/\/fts.uas.edu.mx\/wp-content\/uploads\/2019\/03\/DRA.-XOLYANETZIN-150x150.jpg 150w, https:\/\/fts.uas.edu.mx\/wp-content\/uploads\/2019\/03\/DRA.-XOLYANETZIN-300x300.jpg 300w, https:\/\/fts.uas.edu.mx\/wp-content\/uploads\/2019\/03\/DRA.-XOLYANETZIN-500x500.jpg 500w\" sizes=\"(max-width: 501px) 100vw, 501px\" \/><\/a><\/div>\r\n<\/div>\r\n<div style=\"width: 100%\">\r\n\r\n<hr \/>\r\n\r\n<div style=\"float: left;width: 49%\"><a href=\"https:\/\/fts.uas.edu.mx\/wp-content\/uploads\/2020\/05\/rosario-edith-ortiz-felix.jpg\"><img loading=\"lazy\" decoding=\"async\" class=\"aligncenter size-full wp-image-1528\" src=\"https:\/\/fts.uas.edu.mx\/wp-content\/uploads\/2020\/05\/rosario-edith-ortiz-felix.jpg\" alt=\"\" width=\"501\" height=\"501\" srcset=\"https:\/\/fts.uas.edu.mx\/wp-content\/uploads\/2020\/05\/rosario-edith-ortiz-felix.jpg 501w, https:\/\/fts.uas.edu.mx\/wp-content\/uploads\/2020\/05\/rosario-edith-ortiz-felix-150x150.jpg 150w, https:\/\/fts.uas.edu.mx\/wp-content\/uploads\/2020\/05\/rosario-edith-ortiz-felix-300x300.jpg 300w, https:\/\/fts.uas.edu.mx\/wp-content\/uploads\/2020\/05\/rosario-edith-ortiz-felix-500x500.jpg 500w\" sizes=\"(max-width: 501px) 100vw, 501px\" \/><\/a><\/div>\r\n<div style=\"float: left;width: 2%\"><\/div>\r\n<div style=\"float: right;width: 49%\">\r\n<ul>\r\n \t<li><strong>Dra. Rosario Edith Ortiz F\u00e9lix <\/strong><\/li>\r\n<\/ul>\r\n<p align=\"justify\"><strong>Licenciatura<\/strong>: en enfermer\u00eda \u2013 Universidad Aut\u00f3noma de Sinaloa<\/p>\r\n<p align=\"justify\">&gt;Maestr\u00eda: en Ciencias de Enfermer\u00eda \u2013 Universidad Aut\u00f3noma de Sinaloa<\/p>\r\n<p align=\"justify\"><strong>Doctorado<\/strong>: en Ciencias de Enfermer\u00eda \u2013 Universidad Aut\u00f3noma de Sinaloa<\/p>\r\n<p align=\"justify\"><strong>SNI:<\/strong> I<\/p>\r\n<p align=\"justify\"><strong>Correo:<\/strong> edithof51@hotmail.com<\/p>\r\n\r\n<\/div>\r\n<\/div>\r\n<div style=\"width: 100%\">\r\n\r\n<hr \/>\r\n\r\n<div style=\"float: left;width: 49%\">\r\n<ul>\r\n \t<li><strong>Dra. Beatriz Eugenia Rodr\u00edguez P\u00e9rez <\/strong><\/li>\r\n<\/ul>\r\n<p align=\"justify\"><strong>Licenciatura<\/strong>: en Trabajo Social- Universidad Aut\u00f3noma de Sinaloa<\/p>\r\n<p align=\"justify\"><strong>Maestr\u00eda:<\/strong> en Ciencias Sociales \u2013 Colegio de Sonora<\/p>\r\n<p align=\"justify\"><strong>Doctorado<\/strong>: en Ciencias sociales \u2013 Centro de Investigaci\u00f3n y Estudios Superiores y Antropolog\u00eda Social<\/p>\r\n<p align=\"justify\">&gt;Estancia acad\u00e9mica: \u00a0Academic Metting in Chicago, Illinois. Julio 2012; y en el Gobierno de la Rep\u00fablica de Panam\u00e1. Noviembre 2017.<\/p>\r\n<p align=\"justify\"><strong>SNI: I<\/strong><\/p>\r\n<p align=\"justify\"><strong>Redes<\/strong>: Red Nacional de Instituciones de Educaci\u00f3n Superior en Trabajo Social<\/p>\r\n<p align=\"justify\"><strong>Correo: <\/strong>beatrizr@uas.edu.mx<\/p>\r\n\r\n<\/div>\r\n<div style=\"float: left;width: 2%\"><\/div>\r\n<div style=\"float: right;width: 49%\"><a href=\"https:\/\/fts.uas.edu.mx\/wp-content\/uploads\/2019\/03\/DRA.-BEATRIZ-EUGENIA-RODR\u00cdGUEZ-P\u00c9REZ.jpg\"><img loading=\"lazy\" decoding=\"async\" class=\"aligncenter size-full wp-image-1410\" src=\"https:\/\/fts.uas.edu.mx\/wp-content\/uploads\/2019\/03\/DRA.-BEATRIZ-EUGENIA-RODR\u00cdGUEZ-P\u00c9REZ.jpg\" alt=\"\" width=\"501\" height=\"501\" srcset=\"https:\/\/fts.uas.edu.mx\/wp-content\/uploads\/2019\/03\/DRA.-BEATRIZ-EUGENIA-RODR\u00cdGUEZ-P\u00c9REZ.jpg 501w, https:\/\/fts.uas.edu.mx\/wp-content\/uploads\/2019\/03\/DRA.-BEATRIZ-EUGENIA-RODR\u00cdGUEZ-P\u00c9REZ-150x150.jpg 150w, https:\/\/fts.uas.edu.mx\/wp-content\/uploads\/2019\/03\/DRA.-BEATRIZ-EUGENIA-RODR\u00cdGUEZ-P\u00c9REZ-300x300.jpg 300w, https:\/\/fts.uas.edu.mx\/wp-content\/uploads\/2019\/03\/DRA.-BEATRIZ-EUGENIA-RODR\u00cdGUEZ-P\u00c9REZ-500x500.jpg 500w\" sizes=\"(max-width: 501px) 100vw, 501px\" \/><\/a><\/div>\r\n<\/div>\r\n<div style=\"width: 100%\">\r\n\r\n<hr \/>\r\n\r\n<div style=\"float: left;width: 49%\"><a href=\"https:\/\/fts.uas.edu.mx\/wp-content\/uploads\/2020\/05\/CAROLINA-VALDEZ-MONTERO.jpg\"><img loading=\"lazy\" decoding=\"async\" class=\"aligncenter size-full wp-image-1552\" src=\"https:\/\/fts.uas.edu.mx\/wp-content\/uploads\/2020\/05\/CAROLINA-VALDEZ-MONTERO.jpg\" alt=\"\" width=\"501\" height=\"501\" srcset=\"https:\/\/fts.uas.edu.mx\/wp-content\/uploads\/2020\/05\/CAROLINA-VALDEZ-MONTERO.jpg 501w, https:\/\/fts.uas.edu.mx\/wp-content\/uploads\/2020\/05\/CAROLINA-VALDEZ-MONTERO-150x150.jpg 150w, https:\/\/fts.uas.edu.mx\/wp-content\/uploads\/2020\/05\/CAROLINA-VALDEZ-MONTERO-300x300.jpg 300w, https:\/\/fts.uas.edu.mx\/wp-content\/uploads\/2020\/05\/CAROLINA-VALDEZ-MONTERO-500x500.jpg 500w\" sizes=\"(max-width: 501px) 100vw, 501px\" \/><\/a><\/div>\r\n<div style=\"float: left;width: 2%\"><\/div>\r\n<div style=\"float: right;width: 49%\">\r\n<ul>\r\n \t<li><strong>Dra. Carolina Valdez Montero<\/strong><\/li>\r\n<\/ul>\r\n<p align=\"justify\"><strong>Licenciatura<\/strong>: en enfermer\u00eda \u2013 Universidad Aut\u00f3noma de Sinaloa<\/p>\r\n<p align=\"justify\"><strong>Maestr\u00eda: <\/strong>en Ciencias de Enfermer\u00eda \u2013 Universidad Aut\u00f3noma de Nuevo Le\u00f3n<\/p>\r\n<p align=\"justify\"><strong>Doctorado<\/strong>: en Ciencias de Enfermer\u00eda \u2013 Universidad Aut\u00f3noma de Nuevo Le\u00f3n<\/p>\r\n<p align=\"justify\"><strong>SNI: <\/strong>I<\/p>\r\n<p align=\"justify\"><strong>Correo: <\/strong>cavamontero@gmail.com<\/p>\r\n\r\n<\/div>\r\n<\/div>\r\n<div style=\"width: 100%\">\r\n\r\n<hr \/>\r\n\r\n<div style=\"float: left;width: 49%\">\r\n<ul>\r\n \t<li><strong>Dra. Mayra Lizzete Vidales Quintero<\/strong><\/li>\r\n<\/ul>\r\n<p align=\"justify\"><strong>Licenciatura<\/strong>: en Historia- Universidad Aut\u00f3noma de Sinaloa<\/p>\r\n<p align=\"justify\"><strong>Maestr\u00eda: <\/strong>en Historia Regional \u2013 Universidad Aut\u00f3noma de Sinaloa<\/p>\r\n<p align=\"justify\"><strong>Doctorado<\/strong>: en Ciencias Sociales- Universidad Aut\u00f3noma de Sinaloa<\/p>\r\n<p align=\"justify\"><strong>SNI: <\/strong>I<\/p>\r\n<p align=\"justify\"><strong>Redes<\/strong>: Red Nacional de Licenciaturas en Historias y sus Cuerpos Acad\u00e9micos, A.C:<\/p>\r\n<p align=\"justify\"><strong>Correo: <\/strong>maylivi@uas.uasnet.mx<\/p>\r\n\r\n<\/div>\r\n<div style=\"float: left;width: 2%\"><\/div>\r\n<div style=\"float: right;width: 49%\"><a href=\"https:\/\/fts.uas.edu.mx\/wp-content\/uploads\/2019\/03\/DRA.-MAYRA-VIDALES.jpg\"><img loading=\"lazy\" decoding=\"async\" class=\"aligncenter size-full wp-image-1413\" src=\"https:\/\/fts.uas.edu.mx\/wp-content\/uploads\/2019\/03\/DRA.-MAYRA-VIDALES.jpg\" alt=\"\" width=\"501\" height=\"501\" srcset=\"https:\/\/fts.uas.edu.mx\/wp-content\/uploads\/2019\/03\/DRA.-MAYRA-VIDALES.jpg 501w, https:\/\/fts.uas.edu.mx\/wp-content\/uploads\/2019\/03\/DRA.-MAYRA-VIDALES-150x150.jpg 150w, https:\/\/fts.uas.edu.mx\/wp-content\/uploads\/2019\/03\/DRA.-MAYRA-VIDALES-300x300.jpg 300w, https:\/\/fts.uas.edu.mx\/wp-content\/uploads\/2019\/03\/DRA.-MAYRA-VIDALES-500x500.jpg 500w\" sizes=\"(max-width: 501px) 100vw, 501px\" \/><\/a><\/div>\r\n<\/div>\r\n<div style=\"width: 100%\">\r\n\r\n<hr \/>\r\n\r\n<div style=\"float: left;width: 49%\"><a href=\"https:\/\/fts.uas.edu.mx\/wp-content\/uploads\/2019\/03\/DRA.-MARIA-LUISA.jpg\"><img loading=\"lazy\" decoding=\"async\" class=\"aligncenter size-full wp-image-1412\" src=\"https:\/\/fts.uas.edu.mx\/wp-content\/uploads\/2019\/03\/DRA.-MARIA-LUISA.jpg\" alt=\"\" width=\"501\" height=\"501\" srcset=\"https:\/\/fts.uas.edu.mx\/wp-content\/uploads\/2019\/03\/DRA.-MARIA-LUISA.jpg 501w, https:\/\/fts.uas.edu.mx\/wp-content\/uploads\/2019\/03\/DRA.-MARIA-LUISA-150x150.jpg 150w, https:\/\/fts.uas.edu.mx\/wp-content\/uploads\/2019\/03\/DRA.-MARIA-LUISA-300x300.jpg 300w, https:\/\/fts.uas.edu.mx\/wp-content\/uploads\/2019\/03\/DRA.-MARIA-LUISA-500x500.jpg 500w\" sizes=\"(max-width: 501px) 100vw, 501px\" \/><\/a><\/div>\r\n<div style=\"float: left;width: 2%\"><\/div>\r\n<div style=\"float: right;width: 49%\">\r\n<ul>\r\n \t<li><strong>Dra. Mar\u00eda Luisa Urrea Zazueta<\/strong><\/li>\r\n<\/ul>\r\n<p align=\"justify\"><strong>Licenciatura<\/strong>: en Derecho- Universidad Aut\u00f3noma de Sinaloa<\/p>\r\n<p align=\"justify\"><strong>Maestr\u00eda: <\/strong>en Educaci\u00f3n \u2013 Universidad Aut\u00f3noma de Sinaloa<\/p>\r\n<p align=\"justify\"><strong>Doctorado<\/strong>: en Educaci\u00f3n- Universidad Aut\u00f3noma de Sinaloa<\/p>\r\n<p align=\"justify\"><strong>Estancias acad\u00e9micas:<\/strong> Universidad Aut\u00f3noma de Madrid. julio 2012 y julio 2013.<\/p>\r\n<p align=\"justify\"><strong>SNI: <\/strong>C<\/p>\r\n<p align=\"justify\"><strong>Redes<\/strong>: Red Mexicana de Ciencia, Tecnolog\u00eda y G\u00e9nero (red tem\u00e1tica del CONACyT)<\/p>\r\n<p align=\"justify\"><strong>Correo:<\/strong> marialuisauz@gmail.com<\/p>\r\n\r\n<\/div>\r\n<\/div>\r\n<div style=\"width: 100%\">\r\n\r\n<hr \/>\r\n\r\n<div style=\"float: left;width: 49%\">\r\n<ul>\r\n \t<li><strong>Dra.\u00a0 Luz Mercedes Verdugo Araujo<\/strong><\/li>\r\n<\/ul>\r\n<p align=\"justify\"><strong>Licenciatura<\/strong>: en Trabajo Social- Universidad Aut\u00f3noma de Sinaloa<\/p>\r\n<p align=\"justify\"><strong>Maestr\u00eda: <\/strong>en Trabajo Social \u2013 Universidad Aut\u00f3noma de Sinaloa<\/p>\r\n<p align=\"justify\"><strong>Doctorado<\/strong>: en Trabajo Social- Universidad Aut\u00f3noma de Sinaloa<\/p>\r\n<p align=\"justify\">&gt;Estancias acad\u00e9micas: \u00a0Universidad Aut\u00f3noma de Baja California, julio 2017.<\/p>\r\n<p align=\"justify\"><strong>SNI: <\/strong>C<\/p>\r\n<p align=\"justify\"><strong>Correo:<\/strong> luzmercedesverdugo@hotmail.com<\/p>\r\n\r\n<\/div>\r\n<div style=\"float: left;width: 2%\"><\/div>\r\n<div style=\"float: right;width: 49%\"><a href=\"https:\/\/fts.uas.edu.mx\/wp-content\/uploads\/2019\/03\/DRA.-MERCEDES.jpg\"><img loading=\"lazy\" decoding=\"async\" class=\"aligncenter size-full wp-image-1414\" src=\"https:\/\/fts.uas.edu.mx\/wp-content\/uploads\/2019\/03\/DRA.-MERCEDES.jpg\" alt=\"\" width=\"501\" height=\"501\" srcset=\"https:\/\/fts.uas.edu.mx\/wp-content\/uploads\/2019\/03\/DRA.-MERCEDES.jpg 501w, https:\/\/fts.uas.edu.mx\/wp-content\/uploads\/2019\/03\/DRA.-MERCEDES-150x150.jpg 150w, https:\/\/fts.uas.edu.mx\/wp-content\/uploads\/2019\/03\/DRA.-MERCEDES-300x300.jpg 300w, https:\/\/fts.uas.edu.mx\/wp-content\/uploads\/2019\/03\/DRA.-MERCEDES-500x500.jpg 500w\" sizes=\"(max-width: 501px) 100vw, 501px\" \/><\/a><\/div>\r\n<\/div>\r\n<div style=\"width: 100%\">\r\n\r\n<hr \/>\r\n\r\n<div style=\"float: left;width: 49%\"><a href=\"https:\/\/fts.uas.edu.mx\/wp-content\/uploads\/2019\/03\/DRA.-LEONOR.jpg\"><img loading=\"lazy\" decoding=\"async\" class=\"aligncenter size-full wp-image-1411\" src=\"https:\/\/fts.uas.edu.mx\/wp-content\/uploads\/2019\/03\/DRA.-LEONOR.jpg\" alt=\"\" width=\"501\" height=\"501\" srcset=\"https:\/\/fts.uas.edu.mx\/wp-content\/uploads\/2019\/03\/DRA.-LEONOR.jpg 501w, https:\/\/fts.uas.edu.mx\/wp-content\/uploads\/2019\/03\/DRA.-LEONOR-150x150.jpg 150w, https:\/\/fts.uas.edu.mx\/wp-content\/uploads\/2019\/03\/DRA.-LEONOR-300x300.jpg 300w, https:\/\/fts.uas.edu.mx\/wp-content\/uploads\/2019\/03\/DRA.-LEONOR-500x500.jpg 500w\" sizes=\"(max-width: 501px) 100vw, 501px\" \/><\/a><\/div>\r\n<div style=\"float: left;width: 2%\"><\/div>\r\n<div style=\"float: right;width: 49%\">\r\n<ul>\r\n \t<li><strong>Dra.\u00a0 Leonor Tereso Ram\u00edrez <\/strong><\/li>\r\n<\/ul>\r\n<p align=\"justify\"><strong>Licenciatura<\/strong>: en Trabajo Social- Universidad Aut\u00f3noma de Sinaloa<\/p>\r\n<p align=\"justify\"><strong>Maestr\u00eda: <\/strong>en Trabajo Social \u2013 Universidad Aut\u00f3noma de Sinaloa<\/p>\r\n<p align=\"justify\"><strong>Doctorado<\/strong>: en Trabajo Social- Universidad Aut\u00f3noma de Sinaloa<\/p>\r\n<p align=\"justify\"><strong>SNI: <\/strong>C<\/p>\r\n<p align=\"justify\"><strong>Estancia acad\u00e9mica<\/strong>: Facultad Latinoamericana de Ciencias Sociales-Quito Ecuador, agosto a octubre de 2016 y en el Colegio de M\u00e9xico, junio de 2015.<\/p>\r\n<p align=\"justify\"><strong>Correo: <\/strong>leonorteresoramirez@hotmail.com<\/p>\r\n\r\n<\/div>\r\n<\/div>\r\n<div style=\"width: 100%\">\r\n\r\n<hr \/>\r\n\r\n<div style=\"float: left;width: 49%\">\r\n<ul>\r\n \t<li><strong>Dra.\u00a0Marisela Rivera Montoya<\/strong><\/li>\r\n<\/ul>\r\n<p align=\"justify\"><strong>Licenciatura<\/strong>: en Derecho - Universidad Aut\u00f3noma de Sinaloa<\/p>\r\n<p align=\"justify\"><strong>Licenciatura<\/strong>: en Trabajo Social - Universidad Aut\u00f3noma de Sinaloa<\/p>\r\n<p align=\"justify\"><strong>Maestr\u00eda: <\/strong>en Trabajo Social - Universidad Aut\u00f3noma de Sinaloa<\/p>\r\n<p align=\"justify\"><strong>Doctorado<\/strong>: en Trabajo Social - Universidad Aut\u00f3noma de Sinaloa<\/p>\r\n<p align=\"justify\"><strong>SNI: <\/strong>C<\/p>\r\n<p align=\"justify\"><strong>Redes: <\/strong>Red de Estudios Latinoamericanos de la Universidad de Puerto Rico, Red de Investigaci\u00f3n de Familia y Trabajo Social, Red de Estudios de G\u00e9nero y Trabajo Social y Red de Investigaci\u00f3n Gerontol\u00f3gica y Trabajo Social<\/p>\r\n<p align=\"justify\"><strong>Correo: <\/strong>maestra_uas@hotmail.com<\/p>\r\n\r\n<\/div>\r\n<div style=\"float: left;width: 2%\"><\/div>\r\n<div style=\"float: right;width: 49%\"><a href=\"https:\/\/fts.uas.edu.mx\/wp-content\/uploads\/2020\/05\/marisela-rivera.jpg\"><img loading=\"lazy\" decoding=\"async\" class=\"aligncenter size-full wp-image-1531\" src=\"https:\/\/fts.uas.edu.mx\/wp-content\/uploads\/2020\/05\/marisela-rivera.jpg\" alt=\"\" width=\"501\" height=\"501\" srcset=\"https:\/\/fts.uas.edu.mx\/wp-content\/uploads\/2020\/05\/marisela-rivera.jpg 501w, https:\/\/fts.uas.edu.mx\/wp-content\/uploads\/2020\/05\/marisela-rivera-150x150.jpg 150w, https:\/\/fts.uas.edu.mx\/wp-content\/uploads\/2020\/05\/marisela-rivera-300x300.jpg 300w, https:\/\/fts.uas.edu.mx\/wp-content\/uploads\/2020\/05\/marisela-rivera-500x500.jpg 500w\" sizes=\"(max-width: 501px) 100vw, 501px\" \/><\/a><\/div>\r\n<\/div>\t\t\t\t\t\t <\/div>\r\n\t\t\t\t\t\t\t\t\t\t\t\t <div role=\"tabpanel\" class=\"tab-pane \" id=\"tabs_desc_1042_9\">\r\n\t\t\t\t\t\t\t\t\t\t\t\t\t\t<style>\r\n\t\t\t\t\r\n\t\t\t\t\t#tab_container_2533 {\r\n\toverflow:hidden;\r\n\tdisplay:block;\r\n\twidth:100%;\r\n\tborder:0px solid #ddd;\r\n\tmargin-bottom:30px;\r\n\t}\r\n\r\n#tab_container_2533 .tab-content{\r\n\tpadding:20px;\r\n\tborder: 1px solid #e6e6e6 !important;\r\n\tmargin-top: 0px;\r\n\tbackground-color:#ffffff !important;\r\n\tcolor: #000000 !important;\r\n\tfont-size:16px !important;\r\n\tfont-family: Open Sans !important;\r\n\t\r\n\t\t\tborder: 0px solid #e6e6e6 !important;\r\n\t\t\r\n\t}\r\n#tab_container_2533 .wpsm_nav-tabs {\r\n    border-bottom: 0px solid #ddd;\r\n}\r\n#tab_container_2533 .wpsm_nav-tabs > li.active > a, #tab_container_2533 .wpsm_nav-tabs > li.active > a:hover, #tab_container_2533 .wpsm_nav-tabs > li.active > a:focus {\r\n\tcolor: #dbdbdb !important;\r\n\tcursor: default;\r\n\tbackground-color: #749bbf !important;\r\n\tborder: 1px solid #5b82a6 !important;\r\n}\r\n\r\n#tab_container_2533 .wpsm_nav-tabs > li > a {\r\n    margin-right: 0px !important; \r\n    line-height: 1.42857143 !important;\r\n    border: 1px solid #487dac !important;\r\n    border-radius: 0px 0px 0 0 !important; \r\n\tbackground-color: #5b90bf !important;\r\n\tcolor: #ffffff !important;\r\n\tpadding: 15px 18px 15px 18px !important;\r\n\ttext-decoration: none !important;\r\n\tfont-size: 11px !important;\r\n\ttext-align:center !important;\r\n\tfont-family: Open Sans !important;\r\n}\r\n#tab_container_2533 .wpsm_nav-tabs > li > a:focus {\r\noutline: 0px !important;\r\n}\r\n\r\n#tab_container_2533 .wpsm_nav-tabs > li > a:before {\r\n\tdisplay:none !important;\r\n}\r\n#tab_container_2533 .wpsm_nav-tabs > li > a:after {\r\n\tdisplay:none !important ;\r\n}\r\n#tab_container_2533 .wpsm_nav-tabs > li{\r\npadding:0px !important ;\r\nmargin:0px;\r\n}\r\n\r\n#tab_container_2533 .wpsm_nav-tabs > li > a:hover , #tab_container_2533 .wpsm_nav-tabs > li > a:focus {\r\n    color: #ffffff !important;\r\n    background-color: #5b90bf !important;\r\n\tborder: 1px solid #487dac !important;\r\n\t\r\n}\r\n#tab_container_2533 .wpsm_nav-tabs > li > a .fa{\r\n\r\nmargin-right:5px !important;\r\n\r\nmargin-left:5px !important;\r\n\r\n\r\n}\r\n\r\n\t\t#tab_container_2533 .wpsm_nav-tabs a{\r\n\t\t\tbackground-image: url(https:\/\/fts.uas.edu.mx\/wp-content\/plugins\/tabs-responsive\/assets\/images\/style-soft.png);\r\n\t\t\tbackground-position: 0 0;\r\n\t\t\tbackground-repeat: repeat-x;\r\n\t\t}\r\n\t\t\t\r\n\r\n\r\n#tab_container_2533 .wpsm_nav-tabs > li {\r\n    float: left;\r\n    margin-bottom: -1px !important;\r\n\tmargin-right:0px !important; \r\n}\r\n\r\n\r\n#tab_container_2533 .tab-content{\r\noverflow:hidden !important;\r\n}\r\n\r\n\r\n@media (min-width: 769px) {\r\n\r\n\t#tab_container_2533 .wpsm_nav-tabs > li{\r\n\t\tfloat:left !important ;\r\n\t\t\t\tmargin-right:-1px !important;\r\n\t\t\t\t\t}\r\n\t#tab_container_2533 .wpsm_nav-tabs{\r\n\t\tfloat:none !important;\r\n\t\tmargin:0px !important;\r\n\t}\r\n\r\n\t#tab_container_2533 .wpsm_nav-tabs > li {\r\n\t\t\t\t\r\n\t}\r\n\t#tab_container_2533 .wpsm_nav{\r\n\t\t\t}\r\n\r\n}\r\n\r\n\r\n\r\n@media (max-width: 768px) {\r\n\t#tab_container_2533 .wpsm_nav-tabs > li {\r\n\t\t\t\t\r\n\t}\r\n\t#tab_container_2533 .wpsm_nav{\r\n\t\t\t}\r\n}\r\n\r\n\r\n\t.wpsm_nav-tabs li:before{\r\n\t\tdisplay:none !important;\r\n\t}\r\n\r\n\t@media (max-width: 768px) {\r\n\t\t\t\t\r\n\t\t\t\t\t\r\n\t\t\t#tab_container_2533 .wpsm_nav-tabs  li  a  i{\r\n\t\t\t\tdisplay: none !important;\r\n\t\t\t}\r\n\t\t\t\r\n\t\t\t\t.wpsm_nav-tabs{\r\n\t\t\tmargin-left:0px !important;\r\n\t\t\tmargin-right:0px !important; \r\n\t\t\t\r\n\t\t}\r\n\t\t\t\t#tab_container_2533 .wpsm_nav-tabs > li{\r\n\t\t\tfloat:none !important;\r\n\t\t}\r\n\t\t\t\r\n\t}\t\t\t\t<\/style>\r\n\t\t\t\t<div id=\"tab_container_2533\" >\r\n\t \r\n\t\t\t\t\t<ul class=\"wpsm_nav wpsm_nav-tabs\" role=\"tablist\" id=\"myTab_2533\">\r\n\t\t\t\t\t\t\t\r\n\t\t\t\t\t\t\t<li role=\"presentation\"  class=\"active\"  onclick=\"do_resize()\">\r\n\t\t\t\t\t\t\t\t<a href=\"#tabs_desc_2533_1\" aria-controls=\"tabs_desc_2533_1\" role=\"tab\" data-toggle=\"tab\">\r\n\t\t\t\t\t\t\t\t\t\r\n\t\t\t\t\t\t\t\t\t\t\t\t\t\t\t\t\t\t\t\t\t\t\t\t\t\t\t\t\r\n\t\t\t\t\t\t\t\t\t\t\t\t\t\t\t\t\t\t\r\n\t\t\t\t\t\t\t\t\t<span>GENERACI\u00d3N 2009-2011<\/span>\r\n\t\t\t\t\t\t\t\t\t\r\n\t\t\t\t\t\t\t\t\t\t\t\t\t\t\t\t\t\t\r\n\t\t\t\t\t\t\t\t\t\t\t\t\t\t\t\t\t\t\t\t\r\n\t\t\t\t\t\t\t\t\t\r\n\t\t\t\t\t\t\t\t<\/a>\r\n\t\t\t\t\t\t\t<\/li>\r\n\t\t\t\t\t\t\t\r\n\t\t\t\t\t\t\t<li role=\"presentation\"  onclick=\"do_resize()\">\r\n\t\t\t\t\t\t\t\t<a href=\"#tabs_desc_2533_2\" aria-controls=\"tabs_desc_2533_2\" role=\"tab\" data-toggle=\"tab\">\r\n\t\t\t\t\t\t\t\t\t\r\n\t\t\t\t\t\t\t\t\t\t\t\t\t\t\t\t\t\t\t\t\t\t\t\t\t\t\t\t\r\n\t\t\t\t\t\t\t\t\t\t\t\t\t\t\t\t\t\t\r\n\t\t\t\t\t\t\t\t\t<span>GENERACI\u00d3N 2013-2015<\/span>\r\n\t\t\t\t\t\t\t\t\t\r\n\t\t\t\t\t\t\t\t\t\t\t\t\t\t\t\t\t\t\r\n\t\t\t\t\t\t\t\t\t\t\t\t\t\t\t\t\t\t\t\t\r\n\t\t\t\t\t\t\t\t\t\r\n\t\t\t\t\t\t\t\t<\/a>\r\n\t\t\t\t\t\t\t<\/li>\r\n\t\t\t\t\t\t\t\r\n\t\t\t\t\t\t\t<li role=\"presentation\"  onclick=\"do_resize()\">\r\n\t\t\t\t\t\t\t\t<a href=\"#tabs_desc_2533_3\" aria-controls=\"tabs_desc_2533_3\" role=\"tab\" data-toggle=\"tab\">\r\n\t\t\t\t\t\t\t\t\t\r\n\t\t\t\t\t\t\t\t\t\t\t\t\t\t\t\t\t\t\t\t\t\t\t\t\t\t\t\t\r\n\t\t\t\t\t\t\t\t\t\t\t\t\t\t\t\t\t\t\r\n\t\t\t\t\t\t\t\t\t<span>GENERACI\u00d3N 2017-2019<\/span>\r\n\t\t\t\t\t\t\t\t\t\r\n\t\t\t\t\t\t\t\t\t\t\t\t\t\t\t\t\t\t\r\n\t\t\t\t\t\t\t\t\t\t\t\t\t\t\t\t\t\t\t\t\r\n\t\t\t\t\t\t\t\t\t\r\n\t\t\t\t\t\t\t\t<\/a>\r\n\t\t\t\t\t\t\t<\/li>\r\n\t\t\t\t\t\t\t\r\n\t\t\t\t\t\t\t<li role=\"presentation\"  onclick=\"do_resize()\">\r\n\t\t\t\t\t\t\t\t<a href=\"#tabs_desc_2533_4\" aria-controls=\"tabs_desc_2533_4\" role=\"tab\" data-toggle=\"tab\">\r\n\t\t\t\t\t\t\t\t\t\r\n\t\t\t\t\t\t\t\t\t\t\t\t\t\t\t\t\t\t\t\t\t\t\t\t\t\t\t\t\r\n\t\t\t\t\t\t\t\t\t\t\t\t\t\t\t\t\t\t\r\n\t\t\t\t\t\t\t\t\t<span>GENERACI\u00d3N 2019-2021<\/span>\r\n\t\t\t\t\t\t\t\t\t\r\n\t\t\t\t\t\t\t\t\t\t\t\t\t\t\t\t\t\t\r\n\t\t\t\t\t\t\t\t\t\t\t\t\t\t\t\t\t\t\t\t\r\n\t\t\t\t\t\t\t\t\t\r\n\t\t\t\t\t\t\t\t<\/a>\r\n\t\t\t\t\t\t\t<\/li>\r\n\t\t\t\t\t\t\t\r\n\t\t\t\t\t\t\t<li role=\"presentation\"  onclick=\"do_resize()\">\r\n\t\t\t\t\t\t\t\t<a href=\"#tabs_desc_2533_5\" aria-controls=\"tabs_desc_2533_5\" role=\"tab\" data-toggle=\"tab\">\r\n\t\t\t\t\t\t\t\t\t\r\n\t\t\t\t\t\t\t\t\t\t\t\t\t\t\t\t\t\t\t\t\t\t\t\t\t\t\t\t\r\n\t\t\t\t\t\t\t\t\t\t\t\t\t\t\t\t\t\t\r\n\t\t\t\t\t\t\t\t\t<span>GENERACI\u00d3N 2021-2023<\/span>\r\n\t\t\t\t\t\t\t\t\t\r\n\t\t\t\t\t\t\t\t\t\t\t\t\t\t\t\t\t\t\r\n\t\t\t\t\t\t\t\t\t\t\t\t\t\t\t\t\t\t\t\t\r\n\t\t\t\t\t\t\t\t\t\r\n\t\t\t\t\t\t\t\t<\/a>\r\n\t\t\t\t\t\t\t<\/li>\r\n\t\t\t\t\t\t\t\r\n\t\t\t\t\t\t\t<li role=\"presentation\"  onclick=\"do_resize()\">\r\n\t\t\t\t\t\t\t\t<a href=\"#tabs_desc_2533_6\" aria-controls=\"tabs_desc_2533_6\" role=\"tab\" data-toggle=\"tab\">\r\n\t\t\t\t\t\t\t\t\t\r\n\t\t\t\t\t\t\t\t\t\t\t\t\t\t\t\t\t\t\t\t\t\t\t\t\t\t\t\t\r\n\t\t\t\t\t\t\t\t\t\t\t\t\t\t\t\t\t\t\r\n\t\t\t\t\t\t\t\t\t<span>GENERACI\u00d3N 2022-2024<\/span>\r\n\t\t\t\t\t\t\t\t\t\r\n\t\t\t\t\t\t\t\t\t\t\t\t\t\t\t\t\t\t\r\n\t\t\t\t\t\t\t\t\t\t\t\t\t\t\t\t\t\t\t\t\r\n\t\t\t\t\t\t\t\t\t\r\n\t\t\t\t\t\t\t\t<\/a>\r\n\t\t\t\t\t\t\t<\/li>\r\n\t\t\t\t\t\t\t\t\t\t\t <\/ul>\r\n\r\n\t\t\t\t\t  <!-- Tab panes -->\r\n\t\t\t\t\t  <div class=\"tab-content\" id=\"tab-content_2533\">\r\n\t\t\t\t\t\t\t\t\t\t\t\t <div role=\"tabpanel\" class=\"tab-pane  in active \" id=\"tabs_desc_2533_1\">\r\n\t\t\t\t\t\t\t\t<table width=\"0\">\r\n<tbody style=\"background-color: white;border-color: white\">\r\n<tr style=\"background-color: #f2f2f2\">\r\n<td width=\"38\"><strong>N\u00b0<\/strong><\/td>\r\n<td width=\"141\"><strong>ESTUDIANTE<\/strong><\/td>\r\n<td width=\"302\"><strong>T\u00cdTULO DE TESIS<\/strong><\/td>\r\n<td width=\"284\"><strong>\u00a0COMIT\u00c9 TUTORAL<\/strong><\/td>\r\n<td width=\"94\"><strong>L\u00cdNEA<\/strong><\/td>\r\n<\/tr>\r\n<tr>\r\n<td width=\"38\">1<\/td>\r\n<td width=\"141\">Sania Elizet Moreno Moreno<\/td>\r\n<td width=\"302\">Rutas criticas de mujeres en situaci\u00f3n de violencia de g\u00e9nero en Culiac\u00e1n, Sinaloa 2010-2012.<\/td>\r\n<td width=\"284\">Directora de Tesis: Dra. Beatriz Rodr\u00edguez P\u00e9rez\r\n\r\nCo directora: Dra. Alicia Elena P\u00e9rez Duarteynoro\u00f1a.\r\n\r\nLectoras: Dra. Ana Gabriela Jacobo Flores\r\n\r\nMC. Aid\u00e9 Peraza Escoboza<\/td>\r\n<td rowspan=\"4\" width=\"94\"><strong>Estudios de G\u00e9nero <\/strong><\/td>\r\n<\/tr>\r\n<tr>\r\n<td width=\"38\">2<\/td>\r\n<td width=\"141\">Leonor Tereso Ram\u00edrez<\/td>\r\n<td width=\"302\">Proceso de empoderamiento de madres solteras en el contexto familiar y universitario: Caso Facultad de Trabajo Social Culiac\u00e1n.<\/td>\r\n<td width=\"284\">Directora de tesis: Dra. Maura Idolina Castro Torres\r\n\r\nCo directora: Dra. A\u00edda Imelda Valero Ch\u00e1vez\r\n\r\nLectoras: Dra. Sandra Irene Reyes Garc\u00eda,\r\n\r\nMC. Esperanza Ben\u00edtez Cort\u00e9s<\/td>\r\n<\/tr>\r\n<tr>\r\n<td width=\"38\">3<\/td>\r\n<td width=\"141\">Luis Alberto Velarde Osuna<\/td>\r\n<td width=\"302\">Los avatares para el empoderamiento de mujeres l\u00edderes de colonia en el Municipio de Culiac\u00e1n.\r\n\r\n\u00a0<\/td>\r\n<td width=\"284\">Director de Tesis: Dr. V\u00edctor Hugo Aguilar Gaxiola\r\n\r\nLectoras: Dra. Beatriz Delia Cota Elizalde\r\n\r\nMC. Marisol Morales Valenzuela<\/td>\r\n<\/tr>\r\n<tr>\r\n<td width=\"38\">4<\/td>\r\n<td width=\"141\">Mar\u00eda Elena Zamora Siqueiros<\/td>\r\n<td width=\"302\">La mujer drogodependiente y los factores de an\u00e1lisis desde el Trabajo Social: Familia, g\u00e9nero y la intervenci\u00f3n de trabajo social<\/td>\r\n<td width=\"284\">Directora de Tesis: \u00a0Dra.\u00a0 Beatriz Delia Cota Elizalde\r\n\r\nLectoras: Dra. Silvia Escamilla Astorga\r\n\r\nMC Ramona Alicia F\u00e9lix Navarro<\/td>\r\n<\/tr>\r\n<tr>\r\n<td width=\"38\">5<\/td>\r\n<td width=\"141\">Patricia Genoveva L\u00f3pez Sauceda<\/td>\r\n<td width=\"302\">La calidad de vida en jubilados de la UAS: un an\u00e1lisis a los programas de las pol\u00edticas sociales.<\/td>\r\n<td width=\"284\">Directora de Tesis: Dra. Beatriz Yasuko Arita Watanabe\r\n\r\nLectores: Dra. Raquel Casillas Qui\u00f1\u00f3nez,\r\n\r\nDr. Felipe de Jes\u00fas Mart\u00ednez Escalera\r\n\r\nDra. Ramona Romero Segovia<\/td>\r\n<td rowspan=\"5\" width=\"94\"><strong>Sistemas de salud<\/strong>\r\n\r\n<strong>\u00a0<\/strong>\r\n\r\n<strong>\u00a0<\/strong>\r\n\r\n<strong>\u00a0<\/strong>\r\n\r\n<strong>\u00a0<\/strong>\r\n\r\n<strong>\u00a0<\/strong>\r\n\r\n<strong>\u00a0<\/strong>\r\n\r\n<strong>\u00a0<\/strong>\r\n\r\n<strong>\u00a0<\/strong>\r\n\r\n<strong>\u00a0<\/strong><\/td>\r\n<\/tr>\r\n<tr>\r\n<td width=\"38\">6<\/td>\r\n<td width=\"141\">Nancy Vannesa Lugo Medina<\/td>\r\n<td width=\"302\">H\u00e1bitos alimenticios y satisfacci\u00f3n con la vida de los adolescentes con sobre peso y obesidad.<\/td>\r\n<td width=\"284\">Directora de Tesis: Dra. Beatriz Yasuko Arita Watanabe\r\n\r\nLectoras: Dra. Sandra Irene Reyes Garc\u00eda, MC. Mar\u00eda Olga Hern\u00e1ndez Garc\u00eda<\/td>\r\n<\/tr>\r\n<tr>\r\n<td width=\"38\">7<\/td>\r\n<td width=\"141\">Carmen Mar\u00eda Montes Garc\u00eda<\/td>\r\n<td width=\"302\">Trabajo Social y sus pr\u00e1cticas profesionales en una instituci\u00f3n que atiende drogodependencias: unidad de hospitalizaci\u00f3n Culiac\u00e1n. Centros de Integraci\u00f3n Juvenil 2009-2012.<\/td>\r\n<td width=\"284\">Directora de tesis: Dra. Sandra Irene Reyes Garc\u00eda\r\n\r\nLectoras cr\u00edticas:\r\n\r\nDra. Marisela Rivera Montoya, Dra. Luz Flerida Felix<\/td>\r\n<\/tr>\r\n<tr>\r\n<td width=\"38\">8<\/td>\r\n<td width=\"141\">Ver\u00f3nica Polanco L\u00f3pez<\/td>\r\n<td width=\"302\">La resiliencia como una estrategia a potenciar desde el Trabajo Social para la atenci\u00f3n a la reincidencia en las adicciones en ONGs de Sinaloa.<\/td>\r\n<td width=\"284\">Director de Tesis: Dr. Francisco Padilla Beltr\u00e1n\r\n\r\nLectoras: Dra. Rosario Olivia Gonz\u00e1lez Sierra\r\n\r\nMC. Martha Elena Vel\u00e1zquez Escobar<\/td>\r\n<\/tr>\r\n<tr>\r\n<td width=\"38\">9<\/td>\r\n<td width=\"141\">Luz Mercedes Verdugo Araujo<\/td>\r\n<td width=\"302\">La evaluaci\u00f3n de la pol\u00edtica social del programa desayunos escolares en la primaria \u201cRicardo Flores Mag\u00f3n\u201d desde la perspectiva de Trabajo Social.<\/td>\r\n<td width=\"284\">Director de Tesis: Dra. Patricia Molinar Palma\r\n\r\nLectores: Dr. Ra\u00fal Sergio Gonz\u00e1lez N\u00e1var\r\n\r\nMC. Juana Cruz Fern\u00e1ndez<\/td>\r\n<\/tr>\r\n<\/tbody>\r\n<\/table>\r\n<strong>\u00a0<\/strong>\t\t\t\t\t\t <\/div>\r\n\t\t\t\t\t\t\t\t\t\t\t\t <div role=\"tabpanel\" class=\"tab-pane \" id=\"tabs_desc_2533_2\">\r\n\t\t\t\t\t\t\t\t<table width=\"0\">\r\n<tbody style=\"background-color: white;border-color: white\">\r\n<tr style=\"background-color: #f2f2f2\">\r\n<td width=\"38\"><strong>N\u00b0<\/strong><\/td>\r\n<td width=\"141\"><strong>ALUMNO<\/strong><\/td>\r\n<td width=\"331\"><strong>T\u00edtulo<\/strong><\/td>\r\n<td width=\"350\"><strong>\u00a0\u00a0\u00a0\u00a0\u00a0\u00a0\u00a0\u00a0\u00a0\u00a0\u00a0\u00a0\u00a0\u00a0\u00a0\u00a0\u00a0\u00a0\u00a0\u00a0\u00a0\u00a0\u00a0\u00a0\u00a0\u00a0\u00a0\u00a0\u00a0\u00a0\u00a0\u00a0\u00a0\u00a0\u00a0 COMIT\u00c9 TUTORAL\u00a0\u00a0\u00a0\u00a0\u00a0\u00a0\u00a0\u00a0\u00a0\u00a0\u00a0\u00a0\u00a0\u00a0\u00a0\u00a0\u00a0\u00a0\u00a0\u00a0 <\/strong><\/td>\r\n<td width=\"85\"><strong>L\u00cdNEA<\/strong><\/td>\r\n<\/tr>\r\n<tr>\r\n<td width=\"38\">1<\/td>\r\n<td width=\"141\">Lizbeth Alvarado Machado<\/td>\r\n<td width=\"331\">Estrategias de vida en jefas de familia jornaleras en Sinaloa: el caso de las asentadas en el Ej. Benito Ju\u00e1rez, Gve. Sin., 2015.<\/td>\r\n<td width=\"350\">Directora de tesis: Dra. Beatriz Delia Cota Elizalde.\r\n\r\nLectores: Dra. Rosario Olivia Izaguirre Fierro\r\n\r\nDr. V\u00edctor Hugo Aguilar Gaxiola.<\/td>\r\n<td rowspan=\"9\" width=\"85\"><strong>Estudios de G\u00e9nero<\/strong><\/td>\r\n<\/tr>\r\n<tr>\r\n<td width=\"38\">2<\/td>\r\n<td width=\"141\">Gloria Isabel Camacho Bejarano<\/td>\r\n<td width=\"331\">Transferencias monetarias condicionadas: Estudio de g\u00e9nero con familias beneficiarias del programa PROSPERA asentadas en pol\u00edgono de pobreza no.1 de Culiac\u00e1n, Sinaloa<\/td>\r\n<td width=\"350\">Directora de tesis: Dra. Beatriz Yazuko Arita Watanabe\r\n\r\nLectores: Dra. Sandra Irene Reyes Garc\u00eda\r\n\r\nDr. Rigoberto Jim\u00e9nez Lauren<\/td>\r\n<\/tr>\r\n<tr>\r\n<td width=\"38\">3<\/td>\r\n<td width=\"141\">Belinda Espinoza Cazarez<\/td>\r\n<td width=\"331\">La doble presencia femenina en la ciudad insular terciaria: un estudio de trabajo social, mujer, familia y pol\u00edtica social.<\/td>\r\n<td width=\"350\">Directora de tesis: Dra. Rosario Olivia Izaguirre Fierro.\r\n\r\nCo-directora: MC. Natalia Andrea Salinas Arango.\r\n\r\nLectoras: Dra. Teresita del Ni\u00f1o Jes\u00fas Carrillo Montoya\r\n\r\nDra. Sandra Irene Reyes Garc\u00eda.<\/td>\r\n<\/tr>\r\n<tr>\r\n<td width=\"38\">4<\/td>\r\n<td width=\"141\">Ara Monserrat Gonz\u00e1lez Rivas<\/td>\r\n<td width=\"331\">Construcci\u00f3n de la identidad de g\u00e9nero, familia y pol\u00edtica social en la infancia: caso albergue mi \u00e1ngel de la guarda, DIF<\/td>\r\n<td width=\"350\">Directora de tesis: Dra. Guadalupe Pardo Ben\u00edtez Cort\u00e9s\r\n\r\nLectoras: Dra. Marisela Rivera Montoya\r\n\r\nDra. Esperanza Ben\u00edtez Cort\u00e9s\r\n\r\n\u00a0<\/td>\r\n<\/tr>\r\n<tr>\r\n<td width=\"38\">5<\/td>\r\n<td width=\"141\">Oliva Maldonado Torres<\/td>\r\n<td width=\"331\">Las transformaciones en la identidad \u00e9tnica y la organizaci\u00f3n familiar en las mujeres Mayos-Yoremes profesionistas de la comunidad de Jahuara II<\/td>\r\n<td width=\"350\">Director de tesis: Dr. Juan Manuel Mendoza Guerrero.\r\n\r\nLectores: Dra. Teresita del Ni\u00f1o Jes\u00fas Carrillo Montoya\r\n\r\nDr. Ram\u00f3n Ismael Alvarado<\/td>\r\n<\/tr>\r\n<tr>\r\n<td width=\"38\">6<\/td>\r\n<td width=\"141\">\u00c1ngela Sara\u00ed Medina Castro<\/td>\r\n<td width=\"331\">El enfoque de g\u00e9nero en los proyectos culturales en Sinaloa: caso programa PACMYC, 2013<\/td>\r\n<td width=\"350\">Director de tesis: Dr. Ra\u00fal Sergio Gonz\u00e1lez Navar.\r\n\r\nLectores: Dra. Ayd\u00e9 Peraza Escobosa\r\n\r\nDr. V\u00edctor Hugo Aguilar Gaxiola<\/td>\r\n<\/tr>\r\n<tr>\r\n<td width=\"38\">7<\/td>\r\n<td width=\"141\">Fricia Nohely Quintero L\u00f3pez<\/td>\r\n<td width=\"331\">La vulneraci\u00f3n de los derechos laborales y desarrollo humano de las trabajadoras madres solteras: empresa textilera Tex Ray M\u00e9xico<\/td>\r\n<td width=\"350\">Directora de tesis: Dr. V\u00edctor Hugo Aguilar Gaxiola.\r\n\r\nLectores: Dr. Rigoberto Jim\u00e9nez Lauren\r\n\r\nDra. Rosario Olivia Izaguirre Fierro<\/td>\r\n<\/tr>\r\n<tr>\r\n<td width=\"38\">8<\/td>\r\n<td width=\"141\">Gloria Ema Reyes Verduzco<\/td>\r\n<td width=\"331\">Ideaci\u00f3n suicida. La normalidad social de la violencia familiar como factor causal. Estudio de casos de mujeres y hombres que acudieron al CEPAVI.<\/td>\r\n<td width=\"350\">Director de tesis: Dr. V\u00edctor Hugo Aguilar Gaxiola.\r\n\r\nLectoras: Dra. Martha Elena Vel\u00e1zquez Escobar\r\n\r\nDra. Beatriz Eugenia Rodr\u00edguez P\u00e9rez.<\/td>\r\n<\/tr>\r\n<tr>\r\n<td width=\"38\">9<\/td>\r\n<td width=\"141\">Guadalupe Lizeth Serrano Ponce<\/td>\r\n<td width=\"331\">La configuraci\u00f3n social de la madre adolescente en la dimensi\u00f3n sociocultural de g\u00e9nero y el entorno familiar<\/td>\r\n<td width=\"350\">Directora de tesis: Dra. Rosario Olivia Izaguirre Fierro.\r\n\r\nLectoras: Dra. Rosa Mar\u00eda Rojas Rivera\r\n\r\nDra. Sandra Irene Reyes Garc\u00eda.<\/td>\r\n<\/tr>\r\n<tr>\r\n<td width=\"38\">10<\/td>\r\n<td width=\"141\">Brenda Berenice Cota Guerrero<\/td>\r\n<td width=\"331\">Estudio de la masculinidad en los j\u00f3venes de la preparatoria Augusto Cesar Sandino de la UAS<\/td>\r\n<td width=\"350\">Directora de tesis: Dra. Beatriz Eugenia Rodr\u00edguez P\u00e9rez\r\n\r\nLectoras: Dra. Rosario Olivia Izaguirre Fierro\r\n\r\nDr. V\u00edctor Antonio Corrales Burgue\u00f1o<\/td>\r\n<td width=\"85\">\u00a0<\/td>\r\n<\/tr>\r\n<tr>\r\n<td width=\"38\">11<\/td>\r\n<td width=\"141\">Patricia Jazm\u00edn Ramos Hern\u00e1ndez<\/td>\r\n<td width=\"331\">El juego y la mujer, la din\u00e1mica en torno al proceso de ludopat\u00eda en usuarias de casinos de Culiac\u00e1n, Sinaloa<\/td>\r\n<td width=\"350\">Directora de tesis: Dra. Beatriz Eugenia Rodr\u00edguez P\u00e9rez\r\n\r\nLectoras: Dr. Ram\u00f3n Ismael Alvarado V\u00e1zquez\r\n\r\nDra. Sandra Irene Reyes Garc\u00eda.<\/td>\r\n<td width=\"85\">\u00a0<\/td>\r\n<\/tr>\r\n<tr style=\"background-color: #f2f2f2\">\r\n<td width=\"38\"><strong>N\u00b0<\/strong><\/td>\r\n<td width=\"141\"><strong>ALUMNO<\/strong><\/td>\r\n<td width=\"331\"><strong>T\u00edtulo<\/strong><\/td>\r\n<td width=\"350\"><strong>\u00a0\u00a0\u00a0\u00a0\u00a0\u00a0\u00a0\u00a0\u00a0\u00a0\u00a0\u00a0\u00a0\u00a0\u00a0\u00a0\u00a0\u00a0\u00a0\u00a0\u00a0\u00a0\u00a0\u00a0\u00a0\u00a0\u00a0\u00a0\u00a0\u00a0\u00a0\u00a0\u00a0\u00a0\u00a0 COMIT\u00c9 TUTORAL\u00a0\u00a0\u00a0\u00a0\u00a0\u00a0\u00a0\u00a0\u00a0\u00a0\u00a0\u00a0\u00a0\u00a0\u00a0\u00a0\u00a0\u00a0\u00a0\u00a0 <\/strong><\/td>\r\n<td width=\"85\"><strong>L\u00cdNEA<\/strong><\/td>\r\n<\/tr>\r\n<tr>\r\n<td width=\"38\">12<\/td>\r\n<td width=\"141\">Mar\u00eda Delia Pi\u00f1a Villegas<\/td>\r\n<td width=\"331\">Obesidad y sobrepeso, problema social que afecta a preadolescentes. Caso: Escuela Primaria Justo Sierra, ciclo escolar: 2014 - 2015.<\/td>\r\n<td width=\"350\">Director de tesis: Dr. Ra\u00fal Sergio Gonz\u00e1lez Navar.\r\n\r\nLectoras: Dra. Rosa Mar\u00eda Rojas Rivera\r\n\r\nDra. Mar\u00eda Olga Hern\u00e1ndez Garc\u00eda\r\n\r\nDra. Sandra Irene Reyes Garc\u00eda<\/td>\r\n<td rowspan=\"7\" width=\"85\"><strong>Sistemas de salud<\/strong>\r\n\r\n\u00a0\r\n\r\n\u00a0\r\n\r\n\u00a0\r\n\r\n\u00a0\r\n\r\n\u00a0\r\n\r\n\u00a0\r\n\r\n\u00a0\r\n\r\n\u00a0\r\n\r\n<strong>\u00a0<\/strong><\/td>\r\n<\/tr>\r\n<tr>\r\n<td width=\"38\">13<\/td>\r\n<td width=\"141\">Gladis Zulema Acosta Moreno<\/td>\r\n<td width=\"331\">La cultura alimentaria en las mujeres madres de familia de la colonia el Chorizo, un espacio marginal de Culiac\u00e1n, Sinaloa<\/td>\r\n<td width=\"350\">Director de tesis: Dr. Ram\u00f3n Alvarado\r\n\r\nLectores: Dra. Juana Cruz Fern\u00e1ndez\r\n\r\nDr. V\u00edctor Hugo Aguilar Gaxiola<\/td>\r\n<\/tr>\r\n<tr>\r\n<td width=\"38\">14<\/td>\r\n<td width=\"141\">Roxana Graciela Rojas.<\/td>\r\n<td width=\"331\">Representaciones sociales del padecimiento depresivo de las mujeres madres entre los 29 y 49 a\u00f1os, atendidas en el Centro Integral de Salud Mental. Culiac\u00e1n, Sinaloa.<\/td>\r\n<td width=\"350\">Directora de tesis: Dra. Rosa Mar\u00eda Rojas Rivera.\r\n\r\nLectoras: Dra. Beatriz Eugenia Rodr\u00edguez P\u00e9rez\r\n\r\nDra. Marisela Rivera Montoya.<\/td>\r\n<\/tr>\r\n<tr>\r\n<td width=\"38\">15\r\n\r\n\u00a0<\/td>\r\n<td width=\"141\">Cindy Margarita L\u00f3pez Murillo<\/td>\r\n<td width=\"331\">Contexto social e ideaci\u00f3n suicida en adolescentes\r\n\r\nescolarizados del medio rural: una perspectiva ecol\u00f3gica sist\u00e9mica para el trabajo social<\/td>\r\n<td width=\"350\">Director de tesis: Dr. Mar\u00eda Carranza Aguilar\r\n\r\nLectores: Dra. Rosa Mar\u00eda Rojas Rivera\r\n\r\nDra. Beatr\u00edz Yazuko Arita Watanabe<\/td>\r\n<\/tr>\r\n<tr>\r\n<td width=\"38\">16<\/td>\r\n<td width=\"141\">Roc\u00edo Citlalli Mart\u00ednez Santos<\/td>\r\n<td width=\"331\">Creencias ambientales y participaci\u00f3n ciudadana en\r\n\r\nmujeres residentes de la zona rural y urbana del estado de Sinaloa<\/td>\r\n<td width=\"350\">Director de tesis: Dr. Mar\u00eda Carranza Aguilar\r\n\r\nLectores: Dr. V\u00edctor Hugo Aguilar Gaxiola\r\n\r\nDra. Rosa Mar\u00eda Rojas Rivera<\/td>\r\n<\/tr>\r\n<tr>\r\n<td width=\"38\">17<\/td>\r\n<td width=\"141\">Matilde Miguel Dom\u00ednguez<\/td>\r\n<td width=\"331\">Desigualdad social, derechos econ\u00f3micos, sociales, culturales y calidad de vida en contexto de personas adultas mayores ind\u00edgenas jornaleras: Villa Benito Ju\u00e1rez, Navolato, Sinaloa.<\/td>\r\n<td width=\"350\">Directora de tesis: Dra. Beatriz Delia Cota Elizalde.\r\n\r\nCo directora: Dra. Celia Maga\u00f1a Garc\u00eda\r\n\r\nLectores: Dr. Mario Carranza Aguilar\r\n\r\nDra. Ramona Romero Segovia<\/td>\r\n<\/tr>\r\n<tr>\r\n<td width=\"38\">18<\/td>\r\n<td width=\"141\">Luis Jes\u00fas Hern\u00e1ndez Aguirre<\/td>\r\n<td width=\"331\">Fortalezas de las y los estudiantes de secundaria ante el riesgo al consumo de drogas<\/td>\r\n<td width=\"350\">Directora de tesis: Dra. Xolyanetzin Montero Pardo.\r\n\r\nLectores: Dra. Beatriz Yazuko Arita\r\n\r\nDr. Rigoberto Jim\u00e9nez Lauren<\/td>\r\n<\/tr>\r\n<tr>\r\n<td width=\"38\">19<\/td>\r\n<td width=\"141\">Miriam Leticia Esquivel Zazueta<\/td>\r\n<td width=\"331\">El Proceso resiliente en los estudiantes con discapacidad en las UAS<\/td>\r\n<td width=\"350\">Director de tesis: Dr. Mar\u00eda Carranza Aguilar\r\n\r\nLectores: Dra. Marisela Rivera Montoya\r\n\r\nDra. Marysol Morales Valenzuela<\/td>\r\n<td width=\"85\">\u00a0<\/td>\r\n<\/tr>\r\n<tr>\r\n<td width=\"38\">20<\/td>\r\n<td width=\"141\">Alma Esperanza Rivera Garc\u00eda<\/td>\r\n<td width=\"331\">Estudio de la construcci\u00f3n de la identidad del trabajador y de la trabajadora social con nivel de licenciatura en tres escenarios de pr\u00e1cticas profesionales del medio urbano<\/td>\r\n<td width=\"350\">Director de tesis: Dr. Ram\u00f3n Ismael Alvarado V\u00e1zquez\r\n\r\nLectores: Dra. Mar\u00eda Olga Hern\u00e1ndez Garc\u00eda\r\n\r\nDra. Beatr\u00edz Yazuko Arita Watanabe<\/td>\r\n<td width=\"85\">\u00a0<\/td>\r\n<\/tr>\r\n<\/tbody>\r\n<\/table>\r\n<strong>\u00a0<\/strong>\r\n\r\n<strong>\u00a0<\/strong>\t\t\t\t\t\t <\/div>\r\n\t\t\t\t\t\t\t\t\t\t\t\t <div role=\"tabpanel\" class=\"tab-pane \" id=\"tabs_desc_2533_3\">\r\n\t\t\t\t\t\t\t\t<table width=\"0\">\r\n<tbody style=\"background-color: white;border-color: white\">\r\n<tr style=\"background-color: #f2f2f2\">\r\n<td width=\"38\"><strong>N\u00b0<\/strong><\/td>\r\n<td width=\"141\"><strong>ALUMNO<\/strong><\/td>\r\n<td width=\"331\"><strong>T\u00edtulo<\/strong><\/td>\r\n<td width=\"369\"><strong>\u00a0\u00a0\u00a0\u00a0\u00a0\u00a0\u00a0\u00a0\u00a0\u00a0\u00a0\u00a0\u00a0\u00a0\u00a0\u00a0\u00a0\u00a0\u00a0\u00a0\u00a0\u00a0\u00a0\u00a0\u00a0\u00a0\u00a0\u00a0\u00a0\u00a0\u00a0\u00a0\u00a0\u00a0\u00a0 COMIT\u00c9 TUTORAL\u00a0\u00a0\u00a0\u00a0\u00a0\u00a0\u00a0\u00a0\u00a0\u00a0\u00a0\u00a0\u00a0\u00a0\u00a0\u00a0\u00a0\u00a0\u00a0\u00a0 <\/strong><\/td>\r\n<td width=\"85\"><strong>L\u00cdNEA<\/strong><\/td>\r\n<\/tr>\r\n<tr>\r\n<td width=\"38\">1<\/td>\r\n<td width=\"141\">Yenny Andrea Belalcazar V\u00e1squez<\/td>\r\n<td width=\"331\">La construcci\u00f3n de conciencia de g\u00e9nero en el congreso de los pueblos: proceso emancipatorio de pr\u00e1cticas patriarcales en la militancia de izquierda<\/td>\r\n<td width=\"369\">Director de tesis: Dr. V\u00edctor Hugo Aguilar Gaxiola\r\n\r\nLectores: Dr. Cesar Jes\u00fas Burgos D\u00e1vila\r\n\r\nMC. Guadalupe Lizeth Serrano Ponce<\/td>\r\n<td rowspan=\"7\" width=\"85\"><strong>Estudios de g\u00e9nero<\/strong><\/td>\r\n<\/tr>\r\n<tr>\r\n<td width=\"38\">2<\/td>\r\n<td width=\"141\">Mar\u00eda de los \u00c1ngeles Ram\u00edrez Uribe<\/td>\r\n<td width=\"331\">Representaciones sociales de la lactancia materna y construcciones de g\u00e9nero en madres con trabajo remunerado en Culiac\u00e1n, Sinaloa.<\/td>\r\n<td width=\"369\">Directora de tesis: Dra. Rosario Edith Ortiz F\u00e9lix\r\n\r\nCodirectora: Dra. Gilda Salazar Ant\u00fanez\r\n\r\nLectoras: Dra. Leonor Tereso Ram\u00edrez\r\n\r\nMC. Lizbeth Alvarado Machado<\/td>\r\n<\/tr>\r\n<tr>\r\n<td width=\"38\">3<\/td>\r\n<td width=\"141\">Karla Jazm\u00edn Galindo V\u00e1zquez<\/td>\r\n<td width=\"331\">La maternidad pol\u00edtica en el Grupo de las Rastreadoras de El Fuerte.<\/td>\r\n<td width=\"369\">Directora de tesis: Dra. Beatriz Rodr\u00edguez P\u00e9rez\r\n\r\nLectoras: Dra. Ayde Perza Ezcobosa\r\n\r\nDr. V\u00edctor Hugo Aguilar Gaxiola<\/td>\r\n<\/tr>\r\n<tr>\r\n<td width=\"38\">4<\/td>\r\n<td width=\"141\">Nadia Lizeth Monta\u00f1o Lugo<\/td>\r\n<td width=\"331\">Exclusi\u00f3n a la salud desde una perspectiva de g\u00e9nero en el m\u00f3dulo de mujeres privadas de la libertad en el Centro Penitenciario de Aguaruto, Culiac\u00e1n.<\/td>\r\n<td width=\"369\">Directora de tesis: Dra. Sandra Irene Reyes Garc\u00eda\r\n\r\nLectores: Dra. Guadalupe Pardo Ben\u00edtez\r\n\r\nDr. Celso Ortiz Mar\u00edn<\/td>\r\n<\/tr>\r\n<tr>\r\n<td width=\"38\">5<\/td>\r\n<td width=\"141\">David Eduardo Castro Rivera\r\n\r\n\u00a0<\/td>\r\n<td width=\"331\">La aplicaci\u00f3n de la pol\u00edtica social para prevenir, atender y erradicar la violencia simb\u00f3lica contra las mujeres en Sinaloa y San Luis Potos\u00ed.<\/td>\r\n<td width=\"369\">Directora de tesis: Dra. Teresita del Ni\u00f1o Jes\u00fas Carrillo Montoya\r\n\r\nCodirector: Dr. Abel Antonio Grijalva Verdugo\r\n\r\nLectores: Dr. Hiram Reyes Sosa\r\n\r\nMC. Cindy Margarita L\u00f3pez Murillo<\/td>\r\n<\/tr>\r\n<tr>\r\n<td width=\"38\">6<\/td>\r\n<td width=\"141\">Miguel Angel Montes Cuevas<\/td>\r\n<td width=\"331\">Discriminaci\u00f3n laboral en jornaleros ind\u00edgenas\r\n\r\ndisidentes al sistema sexo-g\u00e9nero establecidos en campos agr\u00edcolas de Navolato, Sinaloa\r\n\r\n\u00a0<\/td>\r\n<td width=\"369\">Directora de tesis: Dra. Beatriz Delia Cota Elizalde\r\n\r\nLectores: Dr. Celso Ortiz Mar\u00edn\r\n\r\nDra. Mar\u00eda Olga Hern\u00e1ndez Garc\u00eda<\/td>\r\n<\/tr>\r\n<tr>\r\n<td width=\"38\">7<\/td>\r\n<td width=\"141\">Iver Celeste Guzm\u00e1n Tofoya<\/td>\r\n<td width=\"331\">Construcci\u00f3n del reconocimiento solidario en adultas jubiladas, usuarias de la Casa de d\u00eda del ISSSTE en Culiac\u00e1n<\/td>\r\n<td width=\"369\">Director de tesis: Dr. Juan Enrique Mendoza Zazueta\r\n\r\nLectores: Dra. Beatriz Delia Cota Elizalde\r\n\r\nDr. Francisco Padilla Beltr\u00e1n\r\n\r\n\u00a0<\/td>\r\n<\/tr>\r\n<tr>\r\n<td width=\"38\">8<\/td>\r\n<td width=\"141\">Luis Guadalupe Guerrero Vega<\/td>\r\n<td width=\"331\">\u00a0La construcci\u00f3n de un agente pol\u00edtico l\u00e9sbico-gay en relaci\u00f3n con la homofobia. La experiencia de integrantes del Comit\u00e9 de la Diversidad de Sinaloa<\/td>\r\n<td width=\"369\">Directora de tesis: Dra. Carolina Valdez Montero\r\n\r\nCo-director: Dr. Guillermo Nu\u00f1ez Noriega\r\n\r\nLectoras: Dra.\u00a0 Ramona Romero Segovia\r\n\r\nMC. Matilde Miguel Dom\u00ednguez<\/td>\r\n<td width=\"85\"><strong>\u00a0<\/strong><\/td>\r\n<\/tr>\r\n<tr>\r\n<td width=\"38\">9<\/td>\r\n<td width=\"141\">Zita Daniela Velarde Ram\u00edrez<\/td>\r\n<td width=\"331\">Actitudes y prejuicios hacia la homosexualidad en estudiantes universitarios.<\/td>\r\n<td width=\"369\">Directora de tesis: Ver\u00f3nica Hern\u00e1ndez\r\n\r\nLectoras: Dra. Mayra Lizzete Vidales\r\n\r\nMC Angela Sarah\u00ed Medina<\/td>\r\n<td width=\"85\"><strong>\u00a0<\/strong><\/td>\r\n<\/tr>\r\n<tr style=\"background-color: #f2f2f2\">\r\n<td width=\"38\"><strong>N\u00b0<\/strong><\/td>\r\n<td width=\"141\"><strong>ALUMNO<\/strong><\/td>\r\n<td width=\"331\"><strong>T\u00edtulo<\/strong><\/td>\r\n<td width=\"369\"><strong>\u00a0\u00a0\u00a0\u00a0\u00a0\u00a0\u00a0\u00a0\u00a0\u00a0\u00a0\u00a0\u00a0\u00a0\u00a0\u00a0\u00a0\u00a0\u00a0\u00a0\u00a0\u00a0\u00a0\u00a0\u00a0\u00a0\u00a0\u00a0\u00a0\u00a0\u00a0\u00a0\u00a0\u00a0\u00a0 COMIT\u00c9 TUTORAL\u00a0\u00a0\u00a0\u00a0\u00a0\u00a0\u00a0\u00a0\u00a0\u00a0\u00a0\u00a0\u00a0\u00a0\u00a0\u00a0\u00a0\u00a0\u00a0\u00a0 <\/strong><\/td>\r\n<td width=\"85\"><strong>L\u00cdNEA<\/strong><\/td>\r\n<\/tr>\r\n<tr>\r\n<td width=\"38\">10<\/td>\r\n<td width=\"141\">Jes\u00fas Enrique Santos Espinoza<\/td>\r\n<td width=\"331\">Estilos de vida y salud de adultos mayores con diabetes tipo 2 que acuden a DIABETIMSS en un Hospital de Culiac\u00e1n<\/td>\r\n<td width=\"369\">Directora de tesis: Dra. Beatriz Yasuko Arita Watanabe\r\n\r\nLectoras: Dra. Ramona Romero Segovia\r\n\r\nMC. Matilde Miguel Dom\u00ednguez<\/td>\r\n<td rowspan=\"4\" width=\"85\"><strong>Sistemas de salud<\/strong><\/td>\r\n<\/tr>\r\n<tr>\r\n<td width=\"38\">11<\/td>\r\n<td width=\"141\">Rub\u00e9n S\u00e1nchez Ramos<\/td>\r\n<td width=\"331\">Factores de riesgo que inciden en el juego patol\u00f3gico: experiencia de jugadores patol\u00f3gicos en recuperaci\u00f3n de la ciudad de Culiac\u00e1n<\/td>\r\n<td width=\"369\">Directora de tesis: Dra. Carolina Vald\u00e9s Montero\r\n\r\nLectoras: Dra. Beatriz Rodr\u00edguez P\u00e9rez\r\n\r\nMC. Gloria Ema Reyes Verduzco\r\n\r\n\u00a0<\/td>\r\n<\/tr>\r\n<tr>\r\n<td width=\"38\">12<\/td>\r\n<td width=\"141\">Evelyn Clarissa Z\u00fa\u00f1iga Rivera\r\n\r\n\u00a0<\/td>\r\n<td width=\"331\">Aproximaci\u00f3n psicosocial a la din\u00e1mica en familias de ni\u00f1os y ni\u00f1as con transtorno por d\u00e9ficit de atenci\u00f3n con hiperactividad<\/td>\r\n<td width=\"369\">Director de tesis: Dr. Cesar Jes\u00fas Burgos D\u00e1vila\r\n\r\nCo-directora: Dra. Eva Angelina Araujo Jim\u00e9nez\r\n\r\nLectoras: Dra. Luz Mercedes Verdugo Araujo\r\n\r\nDra. Xolyanetzin Montero Pardo.\r\n\r\n\u00a0<\/td>\r\n<\/tr>\r\n<tr>\r\n<td width=\"38\">13<\/td>\r\n<td width=\"141\">Diana Karely Quintero Olivas<\/td>\r\n<td width=\"331\">Calidad de vida de familias con ni\u00f1os y ni\u00f1as con trastorno por d\u00e9ficit de atenci\u00f3n con hiperactividad\u00a0 atendidos en el laboratorio de psicomotricidad de la FEFYDE-UAS<\/td>\r\n<td width=\"369\">Director de tesis: Dr. Jos\u00e9 Aldo Hern\u00e1ndez Mur\u00faa\r\n\r\nCo-directora: Dra. Ena Monserrat Romero P\u00e9rez\r\n\r\nLectoras:\r\n\r\nDra. Teresita del Ni\u00f1o Jes\u00fas Carrillo Montoya\r\n\r\nMC. Oliva Maldonado Torres<\/td>\r\n<\/tr>\r\n<tr>\r\n<td width=\"38\">14<\/td>\r\n<td width=\"141\">Yazmin Margarita Reyes Garc\u00eda<\/td>\r\n<td width=\"331\">Pr\u00e1cticas sociales que influyen en los problemas de conducta en alumnos de secundaria y su vinculaci\u00f3n con la salud mental<\/td>\r\n<td width=\"369\">Directora de tesis: Dr. Ram\u00f3n Ismael Alvarado V\u00e1squez\r\n\r\nLectoras: Dra. Juana Cruz Fern\u00e1ndez\r\n\r\nMC. Roxana Graciela Rojas\r\n\r\n\u00a0<\/td>\r\n<td width=\"85\">\u00a0<\/td>\r\n<\/tr>\r\n<tr>\r\n<td width=\"38\">15<\/td>\r\n<td width=\"141\">Jennifer Aime\u00e9 Guadalupe Freyre Rodr\u00edguez<\/td>\r\n<td width=\"331\">Apoyo familiar en la atenci\u00f3n a las necesidades socioeducativas de ni\u00f1os y ni\u00f1as con aptitudes sobresalientes<\/td>\r\n<td width=\"369\">Director de tesis: Dra. Xolyanetzin Montero Pardo.\r\n\r\nLectoras: MC. Gloria Isabel Camacho Bejarano\r\n\r\nMC. Gladys Zulema Acosta Moreno<\/td>\r\n<td width=\"85\">\u00a0<\/td>\r\n<\/tr>\r\n<\/tbody>\r\n<\/table>\r\n<strong>\u00a0<\/strong>\t\t\t\t\t\t <\/div>\r\n\t\t\t\t\t\t\t\t\t\t\t\t <div role=\"tabpanel\" class=\"tab-pane \" id=\"tabs_desc_2533_4\">\r\n\t\t\t\t\t\t\t\t<table width=\"0\">\r\n<tbody style=\"background-color: white;border-color: white\">\r\n<tr style=\"background-color: #f2f2f2\">\r\n<td width=\"38\"><strong>N\u00b0<\/strong><\/td>\r\n<td width=\"141\"><strong>ALUMNO<\/strong><\/td>\r\n<td width=\"293\"><strong>T\u00edtulo<\/strong><\/td>\r\n<td width=\"331\"><strong>\u00a0\u00a0\u00a0\u00a0\u00a0\u00a0\u00a0\u00a0\u00a0\u00a0\u00a0\u00a0\u00a0\u00a0\u00a0\u00a0\u00a0\u00a0\u00a0\u00a0\u00a0\u00a0\u00a0\u00a0\u00a0\u00a0\u00a0\u00a0\u00a0\u00a0\u00a0\u00a0\u00a0\u00a0\u00a0 COMIT\u00c9 TUTORAL\u00a0\u00a0\u00a0\u00a0\u00a0\u00a0\u00a0\u00a0\u00a0\u00a0\u00a0\u00a0\u00a0\u00a0\u00a0\u00a0\u00a0\u00a0\u00a0\u00a0 <\/strong><\/td>\r\n<td width=\"85\"><strong>L\u00cdNEA<\/strong><\/td>\r\n<\/tr>\r\n<tr>\r\n<td width=\"38\">1<\/td>\r\n<td width=\"141\">Giovana Lizbeth Manjarrez Casta\u00f1os<\/td>\r\n<td width=\"293\">Implementaci\u00f3n del Programa Nacional de Convivencia Escolar como estrategia para combatir al acoso escolar en la escuela primaria solidaridad de Culiac\u00e1n, Sin.\r\n\r\n\u00a0<\/td>\r\n<td width=\"331\">Directora de tesis: Dra. Leonor Tereso Ram\u00edrez\r\n\r\nCo-Director: Dr. Luis Manuel Rodr\u00edguez Otero\u00a0\u00a0\u00a0\u00a0\u00a0\u00a0\u00a0\u00a0\u00a0\u00a0 Lectoras: Dra. Luz Mercedes Verdugo Araujo\r\n\r\nDra. Gloria Isabel Camacho Bejarano<\/td>\r\n<td rowspan=\"6\" width=\"85\"><strong>Pol\u00edtica social, Trabajo Social y bienestar<\/strong><\/td>\r\n<\/tr>\r\n<tr>\r\n<td width=\"38\">2<\/td>\r\n<td width=\"141\">Beatriz Guadalupe Zepeda G\u00f3mez<\/td>\r\n<td width=\"293\">Autoeficacia, estilo de vida saludable y calidad de vida. Programa bienestar Integral y ejercicio f\u00edsico en adultos mayores de la ciudad de Culiac\u00e1n Sinaloa.<\/td>\r\n<td width=\"331\">Director de tesis: Dr. Jos\u00e9 Aldo Hern\u00e1ndez Mur\u00faa\r\n\r\nCo-Director: Dr. Rafael Castro P\u00e9rez\r\n\r\nLectoras: Dra. Ramona Romero Segovia\r\n\r\nM.C. Matilde Miguel Dom\u00ednguez\r\n\r\n\u00a0<\/td>\r\n<\/tr>\r\n<tr>\r\n<td width=\"38\">3<\/td>\r\n<td width=\"141\">Pamela Guadalupe Velarde Alvarado<\/td>\r\n<td width=\"293\">Intervenci\u00f3n Profesional del Trabajo Social en el proceso de duelo de cuidadores de pacientes en fase terminal en Hospital General de la ciudad de Culiac\u00e1n y Mazatl\u00e1n, Sinaloa\r\n\r\n\u00a0<\/td>\r\n<td width=\"331\">Directora de Tesis: Luz Mercedes Verdugo Araujo Lectoras: Dra. Belinda Espinosa Cazarez\r\n\r\nM.C. Cindy Margarita L\u00f3pez Murillo<\/td>\r\n<\/tr>\r\n<tr>\r\n<td width=\"38\">4<\/td>\r\n<td width=\"141\">Rosa Acela Mayanix alvarado Guevara<\/td>\r\n<td width=\"293\">La cientificidad de la disciplina del Trabajo Social. Un estudio de la producci\u00f3n cient\u00edfica en revistas mexicanas.<\/td>\r\n<td width=\"331\">Directora de Tesis: Dra. Mar\u00eda Luisa Urrea Zazueta\r\n\r\nCo-Directora: Dra. Teresita del Ni\u00f1o Jes\u00fas Carrillo Montoya Lectores: Dra. Marisela Rivera Montoya\r\n\r\nDr. V\u00edctor Hugo Aguilar Gaxiola\r\n\r\n\u00a0<\/td>\r\n<\/tr>\r\n<tr>\r\n<td width=\"38\">5<\/td>\r\n<td width=\"141\">Silvia Nolasco Chicuate<\/td>\r\n<td width=\"293\">Programa de capacitaci\u00f3n laboral de los Centros de Atenci\u00f3n M\u00faltiple. Logro y dificultades en la inclusi\u00f3n laboral de los alumnos con discapacidad m\u00faltiple<\/td>\r\n<td width=\"331\">Directora: Dra. Teresita del Ni\u00f1o Jes\u00fas Carrillo Montoya\r\n\r\nCo-directora: Dra. Brenda Imelda Boroel Cervantes\r\n\r\nLectores: Dr. Jos\u00e9 Aldo Hern\u00e1ndez Mur\u00faa\r\n\r\nMC. Angela Sara\u00ed Medina Castro\r\n\r\n\u00a0<\/td>\r\n<\/tr>\r\n<tr>\r\n<td width=\"38\">6<\/td>\r\n<td width=\"141\">Martha Guadalupe Carrizales\r\n\r\nCalder\u00f3n<\/td>\r\n<td width=\"293\">Vivencias de ocio y calidad de vida en adultos mayores con diabetes tipo 2.<\/td>\r\n<td width=\"331\">Directora: Dra. Rosario Edith Ortiz F\u00e9lix\r\n\r\nLectoras: Dra. Nancy Vanessa Lugo Medina\r\n\r\nM.C. Oliva Maldonado Torres<\/td>\r\n<\/tr>\r\n<tr style=\"background-color: #f2f2f2\">\r\n<td width=\"38\"><strong>N\u00b0<\/strong><\/td>\r\n<td width=\"141\"><strong>ALUMNO<\/strong><\/td>\r\n<td width=\"293\"><strong>T\u00edtulo<\/strong><\/td>\r\n<td width=\"331\"><strong>\u00a0\u00a0\u00a0\u00a0\u00a0\u00a0\u00a0\u00a0\u00a0\u00a0\u00a0\u00a0\u00a0\u00a0\u00a0\u00a0\u00a0\u00a0\u00a0\u00a0\u00a0\u00a0\u00a0\u00a0\u00a0\u00a0\u00a0\u00a0\u00a0\u00a0\u00a0\u00a0\u00a0\u00a0\u00a0 COMIT\u00c9 TUTORAL\u00a0\u00a0\u00a0\u00a0\u00a0\u00a0\u00a0\u00a0\u00a0\u00a0\u00a0\u00a0\u00a0\u00a0\u00a0\u00a0\u00a0\u00a0\u00a0\u00a0 <\/strong><\/td>\r\n<td width=\"85\"><strong>L\u00cdNEA<\/strong><\/td>\r\n<\/tr>\r\n<tr>\r\n<td width=\"38\">7<\/td>\r\n<td width=\"141\">Celene Esmeralda Rivas Zavala<\/td>\r\n<td width=\"293\">Trayectorias acad\u00e9micas de investigadoras pertenecientes al Sistema Nacional de Investigadores: relatos biogr\u00e1ficos de su experiencia y quehacer investigativo<\/td>\r\n<td width=\"331\">Directora de tesis: Dr. Cesar Jes\u00fas Burgos D\u00e1vila\r\n\r\nCo-Directora: Dra. Beatriz Eugenia Rodr\u00edguez P\u00e9rez\r\n\r\nLic. Marisela Rivera Montoya\r\n\r\nM.C. Lizbeth Alvarado Machado<\/td>\r\n<td rowspan=\"4\" width=\"85\"><strong>Sujetos sociales y vida cotidiana<\/strong><\/td>\r\n<\/tr>\r\n<tr>\r\n<td width=\"38\">8<\/td>\r\n<td width=\"141\">Mariela Morales Garc\u00eda<\/td>\r\n<td width=\"293\">Vivencias de Familias con hijas e hijos internos en centros de tratamiento para drogodependientes<\/td>\r\n<td width=\"331\">Directora de Tesis: Dra. Carolina Valdez Montero\r\n\r\nCo-Directora: Dra. Lucia Caudillo Ortega\r\n\r\nLectoras: Dra. Martha Alicia Torres Reyes\r\n\r\nDra. Iliana Padilla Reyes<\/td>\r\n<\/tr>\r\n<tr>\r\n<td width=\"38\">9<\/td>\r\n<td width=\"141\">Jesse Alain Reyes Mendoza<\/td>\r\n<td width=\"293\">Din\u00e1micas de las familias de adolescentes v\u00edctimas de acoso escolar: Experiencias de madres e hijos<\/td>\r\n<td width=\"331\">Directora de tesis: Dra. Xolyanetzin Montero Pardo\u00a0\u00a0 Co-Directora: Karla Mar\u00eda Ur\u00edas Aguirre\r\n\r\nLectoras: Dra. Leonor Tereso Ram\u00edrez\r\n\r\nDra. Martha Elena Vel\u00e1zquez Escobar<\/td>\r\n<\/tr>\r\n<tr>\r\n<td width=\"38\">10<\/td>\r\n<td width=\"141\">Carlos Enrique Miranda\r\n\r\nApodaca<\/td>\r\n<td width=\"293\">Exploraci\u00f3n de las condiciones singulares de Inclusi\u00f3n social en personas que viven situaci\u00f3n de\r\n\r\nDesplazamiento Forzado Interno en Culiac\u00e1n.<\/td>\r\n<td width=\"331\">Directora: Dra. Ver\u00f3nica Hern\u00e1ndez Jacobo\r\n\r\nLectores: Dr. V\u00edctor Hugo Aguilar Gaxiola\r\n\r\nDr. Cesar Jes\u00fas Burgos D\u00e1vila<\/td>\r\n<\/tr>\r\n<\/tbody>\r\n<\/table>\r\n<strong>\u00a0<\/strong>\r\n\r\n\u00a0\t\t\t\t\t\t <\/div>\r\n\t\t\t\t\t\t\t\t\t\t\t\t <div role=\"tabpanel\" class=\"tab-pane \" id=\"tabs_desc_2533_5\">\r\n\t\t\t\t\t\t\t\t<table width=\"0\">\r\n<tbody style=\"background-color: white;border-color: white\">\r\n<tr style=\"background-color: #f2f2f2\">\r\n<td width=\"38\"><strong>N\u00b0<\/strong><\/td>\r\n<td width=\"141\"><strong>ALUMNO<\/strong><\/td>\r\n<td width=\"312\"><strong>T\u00edtulo<\/strong><\/td>\r\n<td width=\"340\"><strong>\u00a0\u00a0\u00a0\u00a0\u00a0\u00a0\u00a0\u00a0\u00a0\u00a0\u00a0\u00a0\u00a0\u00a0\u00a0\u00a0\u00a0\u00a0\u00a0\u00a0\u00a0\u00a0\u00a0\u00a0\u00a0\u00a0\u00a0\u00a0\u00a0\u00a0\u00a0\u00a0\u00a0\u00a0\u00a0 COMIT\u00c9 TUTORAL\u00a0\u00a0\u00a0\u00a0\u00a0\u00a0\u00a0\u00a0\u00a0\u00a0\u00a0\u00a0\u00a0\u00a0\u00a0\u00a0\u00a0\u00a0\u00a0\u00a0 <\/strong><\/td>\r\n<td width=\"94\"><strong>L\u00cdNEA<\/strong><\/td>\r\n<\/tr>\r\n<tr>\r\n<td width=\"38\">1<\/td>\r\n<td width=\"141\">Ana Denisse Torres Sotelo<\/td>\r\n<td width=\"312\">Agenda feminista y pol\u00edtica p\u00fablica en Sinaloa. Las colectivas como agentes de cambio.<\/td>\r\n<td width=\"340\">Director de tesis: Dra. Beatriz Eugenia Rodr\u00edguez P\u00e9rez\r\n\r\nCo-Directora: Dra. Melissa Fern\u00e1ndez Chagoya\r\n\r\nLectoras:\u00a0 Dra. Mar\u00eda Luisa Urrea Zazueta\r\n\r\nDra. Belinda Espinosa Cazares<\/td>\r\n<td rowspan=\"4\" width=\"94\"><strong>Pol\u00edtica social, Trabajo Social y bienestar<\/strong><\/td>\r\n<\/tr>\r\n<tr>\r\n<td width=\"38\">2<\/td>\r\n<td width=\"141\">Cabrera Bautista Jenny Carmen<\/td>\r\n<td width=\"312\">El capital social de migrantes haitianos a partir de su incorporaci\u00f3n a redes colectivas en Tijuana Baja California<\/td>\r\n<td width=\"340\">Directora de Tesis: Luz Mercedes Verdugo Araujo Lectoras: Dra. Marisela Rivera Montoya\r\n\r\nM.C. Matilde Miguel Dom\u00ednguez<\/td>\r\n<\/tr>\r\n<tr>\r\n<td width=\"38\">3<\/td>\r\n<td width=\"141\">Karina Vanesa Nieblas Arreola<\/td>\r\n<td width=\"312\">Intervenci\u00f3n de Trabajo Social en la restituci\u00f3n del derecho a vivir en familia de la ni\u00f1ez y adolescencia en situaci\u00f3n de institucionalizaci\u00f3n en sistema DIF Sinaloa<\/td>\r\n<td width=\"340\">Directora de Tesis: Dra. Marisela Rivera Montoya\r\n\r\nCo-Directora: Dra. Carmen Gabriela Ru\u00edz Serrano\r\n\r\nLectoras: Dra. Luz Mercedes Verdugo Araujo\r\n\r\nM.C. Guadalupe Lizeth Serrano Ponce\r\n\r\n\u00a0<\/td>\r\n<\/tr>\r\n<tr>\r\n<td width=\"38\">4<\/td>\r\n<td width=\"141\">Ana Imelda Qui\u00f1onez Garc\u00eda<\/td>\r\n<td width=\"312\">Discriminaci\u00f3n laboral por g\u00e9nero: un an\u00e1lisis de las trayectorias laborales de mujeres en la industria alimentaria de Culiac\u00e1n, Sinaloa.<\/td>\r\n<td width=\"340\">Directora de Tesis: Dra. Teresita del Ni\u00f1o Jes\u00fas Carrillo Montoya\r\n\r\nCo-Directora: Dra. Mar\u00eda Eugenia de la O Mart\u00ednez\r\n\r\nLectores: Dra. Beatriz Eugenia Rodr\u00edguez P\u00e9rez\r\n\r\nDra. Mayra Lizzete Vidales Quintero<\/td>\r\n<\/tr>\r\n<tr style=\"background-color: #f2f2f2\">\r\n<td width=\"38\"><strong>N\u00b0<\/strong><\/td>\r\n<td width=\"141\"><strong>ALUMNO<\/strong><\/td>\r\n<td width=\"312\"><strong>T\u00edtulo<\/strong><\/td>\r\n<td width=\"340\"><strong>\u00a0\u00a0\u00a0\u00a0\u00a0\u00a0\u00a0\u00a0\u00a0\u00a0\u00a0\u00a0\u00a0\u00a0\u00a0\u00a0\u00a0\u00a0\u00a0\u00a0\u00a0\u00a0\u00a0\u00a0\u00a0\u00a0\u00a0\u00a0\u00a0\u00a0\u00a0\u00a0\u00a0\u00a0 COMIT\u00c9 TUTORAL\u00a0\u00a0\u00a0\u00a0\u00a0\u00a0\u00a0\u00a0\u00a0\u00a0\u00a0\u00a0\u00a0\u00a0\u00a0\u00a0\u00a0\u00a0 <\/strong><\/td>\r\n<td width=\"94\"><strong>L\u00cdNEA<\/strong><\/td>\r\n<\/tr>\r\n<tr>\r\n<td width=\"38\">5<\/td>\r\n<td width=\"141\">Quezada D\u00edaz Kathleen Airam<\/td>\r\n<td width=\"312\">Ser la esposa de Cristo, los Derechos Sociales en la identidad de g\u00e9nero de las Madres Carmelitas Descalzas en M\u00e9xico.<\/td>\r\n<td width=\"340\">Directora de tesis: Dra. Mar\u00eda Luisa Urrea Zazueta\r\n\r\nLectoras: Dra. Gloria Isabel Camacho Bejarano\r\n\r\nMC \u00c1ngela Sarah\u00ed Medina Castro<\/td>\r\n<td rowspan=\"3\" width=\"94\"><strong>Sujetos sociales y vida cotidiana<\/strong><\/td>\r\n<\/tr>\r\n<tr>\r\n<td width=\"38\">6<\/td>\r\n<td width=\"141\">Olvera Ram\u00edrez Mart\u00edn<\/td>\r\n<td width=\"312\">Resistencias sociales frente a los discursos gordof\u00f3bicos en la comunidad virtual STOP Gordofobia.<\/td>\r\n<td width=\"340\">Director de tesis: Leonor Tereso Ram\u00edrez\r\n\r\nCo-Director:\r\n\r\nLectoras: Dra. Nancy Vannesa Lugo Medina\r\n\r\nMC Mar\u00eda de los \u00c1ngeles Ram\u00edrez Uribe<\/td>\r\n<\/tr>\r\n<tr>\r\n<td width=\"38\">7<\/td>\r\n<td width=\"141\">Carmen Michel L\u00f3pez V\u00e1zquez<\/td>\r\n<td width=\"312\">Construcci\u00f3n social del narcotr\u00e1fico y la violencia en la ni\u00f1ez sinaloense<\/td>\r\n<td width=\"340\">Director de tesis: Dr. C\u00e9sar Jes\u00fas Burgos D\u00e1vila\r\n\r\nLectores: Dra. Teresita del ni\u00f1o Jes\u00fas Carrillo Montoya\r\n\r\nDr. V\u00edctor Hugo Aguilar Gaxiola<\/td>\r\n<\/tr>\r\n<\/tbody>\r\n<\/table>\t\t\t\t\t\t <\/div>\r\n\t\t\t\t\t\t\t\t\t\t\t\t <div role=\"tabpanel\" class=\"tab-pane \" id=\"tabs_desc_2533_6\">\r\n\t\t\t\t\t\t\t\t<table width=\"0\">\r\n<tbody style=\"background-color: white;border-color: white\">\r\n<tr style=\"background-color: #f2f2f2\">\r\n<td width=\"38\"><strong>N\u00b0<\/strong><\/td>\r\n<td width=\"141\"><strong>ALUMNO<\/strong><\/td>\r\n<td width=\"312\"><strong>T\u00edtulo<\/strong><\/td>\r\n<td width=\"340\"><strong>\u00a0\u00a0\u00a0\u00a0\u00a0\u00a0\u00a0\u00a0\u00a0\u00a0\u00a0\u00a0\u00a0\u00a0\u00a0\u00a0\u00a0\u00a0\u00a0\u00a0\u00a0\u00a0\u00a0\u00a0\u00a0\u00a0\u00a0\u00a0\u00a0\u00a0\u00a0\u00a0\u00a0\u00a0\u00a0 COMIT\u00c9 TUTORAL\u00a0\u00a0\u00a0\u00a0\u00a0\u00a0\u00a0\u00a0\u00a0\u00a0\u00a0\u00a0\u00a0\u00a0\u00a0\u00a0\u00a0\u00a0\u00a0\u00a0 <\/strong><\/td>\r\n<td width=\"94\"><strong>L\u00cdNEA<\/strong><\/td>\r\n<\/tr>\r\n<tr>\r\n<td width=\"38\">1<\/td>\r\n<td width=\"141\">Diana de la Caridad Vela Mayo<\/td>\r\n<td width=\"312\">Retos en la conformaci\u00f3n epist\u00e9mica del Trabajo Social desde tres de las principales revistas cient\u00edficas hispanoamericanas<\/td>\r\n<td width=\"340\">Director de tesis: Dra. Leonor Tereso Ram\u00edrez\r\n\r\nLectoras:\u00a0 Dra. Beatriz Eugenia Rodr\u00edguez P\u00e9rez\r\n\r\nDr. V\u00edctor Hugo Aguilar Gaxiola<\/td>\r\n<td rowspan=\"4\" width=\"94\"><strong>Pol\u00edtica social, Trabajo Social y bienestar<\/strong><\/td>\r\n<\/tr>\r\n<tr>\r\n<td width=\"38\">2<\/td>\r\n<td width=\"141\">Margarita B\u00e1ez Bringas<\/td>\r\n<td width=\"312\">La Participaci\u00f3n de las Mujeres en el Desarrollo de Procesos de Cohesi\u00f3n Social Desde el Programa Sembrando Vida en la Comunidad Nuevo San Miguel, de Ahome, Sinaloa<\/td>\r\n<td width=\"340\">Directora de Tesis: Dra. Luz Mercedes Verdugo Araujo\r\n\r\nLectoras: Dr. V\u00edctor Hugo Aguilar Gaxiola\r\n\r\nDra. Gloria Isabel Camacho Bejarano<\/td>\r\n<\/tr>\r\n<tr>\r\n<td width=\"38\">3<\/td>\r\n<td width=\"141\">Carlos Armando Borquez Flores<\/td>\r\n<td width=\"312\">An\u00e1lisis de la pol\u00edtica de empleo en el estado de Sinaloa, de la precarizaci\u00f3n laboral al empleo decente<\/td>\r\n<td width=\"340\">Directora de Tesis: Dra. Teresita del Ni\u00f1o Jes\u00fas Carrillo Montoya\r\n\r\nLectores: Dra. Luz Mercedes Verdugo Araujo\r\n\r\nDra. Belinda Espinosa C\u00e1zares<\/td>\r\n<\/tr>\r\n<tr>\r\n<td width=\"38\">4<\/td>\r\n<td width=\"141\">Karla Ver\u00f3nica P\u00e9rez L\u00f3pez<\/td>\r\n<td width=\"312\">Relaci\u00f3n entre Estr\u00e9s Laboral y Cultura Organizacional en el Departamento de Trabajo Social del Hospital Pedi\u00e1trico de Sinaloa en Tiempos de Pandemia por Covid-19<\/td>\r\n<td width=\"340\">Directora de Tesis: Dra. Marisela Rivera Montoya\r\n\r\nLectores: Dr. Luis Manuel Rodr\u00edguez Otero.\r\n\r\nDra. Rosario Edith F\u00e9lix<\/td>\r\n<\/tr>\r\n<tr style=\"background-color: #f2f2f2\">\r\n<td width=\"38\"><strong>N\u00b0<\/strong><\/td>\r\n<td width=\"141\"><strong>ALUMNO<\/strong><\/td>\r\n<td width=\"312\"><strong>T\u00edtulo<\/strong><\/td>\r\n<td width=\"340\"><strong>\u00a0\u00a0\u00a0\u00a0\u00a0\u00a0\u00a0\u00a0\u00a0\u00a0\u00a0\u00a0\u00a0\u00a0\u00a0\u00a0\u00a0\u00a0\u00a0\u00a0\u00a0\u00a0\u00a0\u00a0\u00a0\u00a0\u00a0\u00a0\u00a0\u00a0\u00a0\u00a0\u00a0\u00a0 COMIT\u00c9 TUTORAL\u00a0\u00a0\u00a0\u00a0\u00a0\u00a0\u00a0\u00a0\u00a0\u00a0\u00a0\u00a0\u00a0\u00a0\u00a0\u00a0\u00a0\u00a0 <\/strong><\/td>\r\n<td width=\"94\"><strong>L\u00cdNEA<\/strong><\/td>\r\n<\/tr>\r\n<tr>\r\n<td width=\"38\">5<\/td>\r\n<td width=\"141\">Gloria del Crisol Duarte Ben\u00edtez<\/td>\r\n<td width=\"312\">La Interseccionalidad en el proceso de inclusi\u00f3n del estudiantado con discapacidad en el nivel medio superior de la Universidad Aut\u00f3noma de Sinaloa zona centro<\/td>\r\n<td width=\"340\">Directora de Tesis: Dra. Mar\u00eda Luisa Urrea Zazueta Lectoras: Dra. Cindy Margarita Murillo\r\n\r\nMC Evelyn Clarisa Z\u00fa\u00f1iga Rivera<\/td>\r\n<td rowspan=\"2\" width=\"94\"><strong>Sujetos sociales y vida cotidiana<\/strong><\/td>\r\n<\/tr>\r\n<tr>\r\n<td width=\"38\">6<\/td>\r\n<td width=\"141\">Jes\u00fas Ernesto Quevedo Vargas<\/td>\r\n<td width=\"312\">Inseguridad y confianza en\r\n\r\ninstituciones de orden p\u00fablico: Dos\r\n\r\nobjetos sociales representados en\r\n\r\nj\u00f3venes sinaloenses<\/td>\r\n<td width=\"340\">Director de tesis: Dr. C\u00e9sar Jes\u00fas Burgos D\u00e1vila\r\n\r\nLectores: Dra. Guadalupe Lizet Serrano Ponce\r\n\r\nM.C. Gladis Zulema Acosta Moreno\r\n\r\n\u00a0<\/td>\r\n<\/tr>\r\n<\/tbody>\r\n<\/table>\r\n<strong>\u00a0<\/strong>\t\t\t\t\t\t <\/div>\r\n\t\t\t\t\t\t\t\r\n\t\t\t\t\t <\/div>\r\n\t\t\t\t\t \r\n\t\t\t\t <\/div>\r\n <script>\r\n\t\tjQuery(function () {\r\n\t\t\tjQuery('#myTab_2533 a:first').tab('show')\r\n\t\t});\r\n\t\t\r\n\t\t\t\tjQuery(function(){\r\n\t\t\tvar b=\"fadeIn\";\r\n\t\t\tvar c;\r\n\t\t\tvar a;\r\n\t\t\td(jQuery(\"#myTab_2533 a\"),jQuery(\"#tab-content_2533\"));function d(e,f,g){\r\n\t\t\t\te.click(function(i){\r\n\t\t\t\t\ti.preventDefault();\r\n\t\t\t\t\tjQuery(this).tab(\"show\");\r\n\t\t\t\t\tvar h=jQuery(this).data(\"easein\");\r\n\t\t\t\t\tif(c){c.removeClass(a);}\r\n\t\t\t\t\tif(h){f.find(\"div.active\").addClass(\"animated \"+h);a=h;}\r\n\t\t\t\t\telse{if(g){f.find(\"div.active\").addClass(\"animated \"+g);a=g;}else{f.find(\"div.active\").addClass(\"animated \"+b);a=b;}}c=f.find(\"div.active\");\r\n\t\t\t\t});\r\n\t\t\t}\r\n\t\t});\r\n\t\t\r\n\r\n\t\tfunction do_resize(){\r\n\r\n\t\t\tvar width=jQuery( '.tab-content .tab-pane iframe' ).width();\r\n\t\t\tvar height=jQuery( '.tab-content .tab-pane iframe' ).height();\r\n\r\n\t\t\tvar toggleSize = true;\r\n\t\t\tjQuery('iframe').animate({\r\n\t\t\t    width: toggleSize ? width : 640,\r\n\t\t\t    height: toggleSize ? height : 360\r\n\t\t\t  }, 250);\r\n\r\n\t\t\t  toggleSize = !toggleSize;\r\n\t\t}\r\n\r\n\r\n\t<\/script>\r\n\t\t\t\t\r\n\t\t\t\r\n\r\n\u00a0\t\t\t\t\t\t <\/div>\r\n\t\t\t\t\t\t\t\t\t\t\t\t <div role=\"tabpanel\" class=\"tab-pane \" id=\"tabs_desc_1042_10\">\r\n\t\t\t\t\t\t\t\t<p align=\"justify\">El plan de estudios de la Maestr\u00eda en Trabajo Social es por competencias y se organiza en tres \u00e1reas formativas: Te\u00f3rica, que contiene teor\u00eda social y la especializaci\u00f3n; la Metodol\u00f3gica, cuyo contenido es epistemolog\u00eda y dise\u00f1o de investigaci\u00f3n, y el \u00e1rea de investigaci\u00f3n, su contenido es el desarrollo de la tesis de maestr\u00eda. Se describen enseguida las caracter\u00edsticas de estas \u00e1reas y sus competencias:<br><br>\r\n<strong>\u00c1rea Te\u00f3rica:<\/strong><br><br>\r\nLa competencia general es que el alumno profundice en el conocimiento de los paradigmas de las ciencias sociales, desarrolla la reflexi\u00f3n y argumentaci\u00f3n y hace generalizaciones te\u00f3ricas.\r\nEsta \u00e1rea est\u00e1 compuesta por dos sub-\u00e1reas: teor\u00eda social y especializaci\u00f3n. En la primera, el foco de inter\u00e9s es el debate sobre la interdisciplinariedad de las ciencias sociales, la teor\u00eda social y la disciplina del trabajo social. Dadas las diferentes trayectorias escolares de los (las) maestrantes, se busca facilitar la comunicaci\u00f3n con investigadores de otras \u00e1reas de conocimiento, para que la o el alumno comprenda que un problema de investigaci\u00f3n puede ser visto desde diferentes perspectivas de an\u00e1lisis.\r\nLa segunda sub-\u00e1rea, comprende cursos relativos a desarrollar la especializaci\u00f3n impl\u00edcita en los temas de tesis de los maestrantes, los cuales no est\u00e1n predeterminados. Estos cursos son obligatorios y se definen por las dos LGAC en las cuales se ubica el proyecto de tesis; siendo elegibles por el estudiante acorde a los requerimientos de su proyecto y sus intereses. Como ya se advirti\u00f3 anteriormente, los seminarios especializados correspondientes a los semestres II y III, podr\u00e1n ser cursados durante la estancia acad\u00e9mica.\r\nLa flexibilidad formativa del programa se expresa en esta sub-\u00e1rea, los cursos pueden ser tomados en el propio programa, en otros posgrados de la UAS, o en IES nacionales y extranjeras, flexibilidad de espacio. Asimismo, la denominaci\u00f3n gen\u00e9rica de seminarios especializados atiende al hecho de que los contenidos de los programas se dise\u00f1ar\u00e1n semestralmente, en funci\u00f3n de las LGAC y de los requerimientos espec\u00edficos de las y los maestrantes, con el prop\u00f3sito de atender puntualmente sus necesidades formativas y flexibilidad de contenido.\r\n<br><br>\r\n<strong>\u00c1rea Metodol\u00f3gica:<\/strong><br><br>\r\n\r\nConstituye la columna vertebral del programa, a partir de \u00e9sta el estudiante desarrolla las competencias de reflexi\u00f3n epistemol\u00f3gica de las ciencias sociales, construcci\u00f3n del objeto de estudio, y conocimiento de las metodolog\u00edas (cuantitativas y cualitativas) usadas en ciencias sociales para dar claridad en cuanto al proceso de desarrollo del trabajo de tesis.\r\n<br><br>\r\n<strong>\u00c1rea de Investigaci\u00f3n:<\/strong><br><br>\r\n\r\nSe integra por cuatro seminarios, los que en conjunto tienen un valor de 40 cr\u00e9ditos de un total de 94, lo que muestra que el mayor peso curricular corresponde a las labores de investigaci\u00f3n. Los prop\u00f3sitos de esta \u00e1rea son el desarrollo de las competencias investigativas de las y los maestrantes. Por lo tanto, los profesores titulares de estos seminarios ser\u00e1n los respectivos directores de tesis, quienes durante el transcurso de cada semestre tienen la responsabilidad de revisar, orientar, formular recomendaciones, exigir rigor acad\u00e9mico y estimular las actividades de libre elecci\u00f3n de los maestrantes.\r\nEl y la maestrante realizar\u00e1n actividades de acad\u00e9micas de libre elecci\u00f3n con la finalidad de que desarrollen las competencias de divulgaci\u00f3n y comunicaci\u00f3n cient\u00edfica, y que fortalezcan los avances de tesis, \u00e9stas tendr\u00e1n que cubrir 8 cr\u00e9ditos curriculares y pueden ser: estancia acad\u00e9mica nacional o internacional, asistencia o participaci\u00f3n en congresos nacionales o internacionales, disertar conferencias o participar en penales o conversatorios como expertos, asistir a cursos o talleres, publicar en revistas arbitradas o indexadas.\r\nAl t\u00e9rmino de cada semestre el estudiante presentar\u00e1 sus avances de investigaci\u00f3n, los cuales ser\u00e1n evaluados en un coloquio por su comit\u00e9 tutorial, integrado por su director de tesis y dos acad\u00e9micos, tomando como referente niveles de avance de investigaci\u00f3n previstos en el programa del seminario correspondiente.\r\n<br><br>\r\n<strong>Eje transversal:<\/strong><br><br>\r\n\r\nEn el Plan Nacional de Desarrollo 2013-2018 se plantea que el logro de las metas estrat\u00e9gicas del mismo, depende del impulso a la igualdad entre hombres y mujeres. En las \u00faltimas d\u00e9cadas, los estudios de g\u00e9nero o con perspectiva de g\u00e9nero en M\u00e9xico se han incrementado sustancialmente, as\u00ed como\r\nlos derechos tutelados. Desde el a\u00f1o dos mil se han retomado las sugerencias desde distintas asambleas y convenciones internacionales, con la idea de hacer evidente la urgencia de poner en pr\u00e1ctica estrategias que permitan la incorporaci\u00f3n y la no discriminaci\u00f3n de las mujeres en la sociedad.\r\nPor lo tanto, para entender la transversalidad de g\u00e9nero es necesario referirse al impacto de la acci\u00f3n p\u00fablica en hombres y mujeres, y transformar los planes con los que se enfocan los problemas y sus soluciones. Los retos de la transversalidad en M\u00e9xico han sido, lograr la igualdad entre hombres y mujeres, eliminaci\u00f3n de la violencia contra la mujer y el cambio cultural en el que las personas se reconozcan y respetan, donde hombres y mujeres se vean y traten como pares; la prevalencia de una cultura de los derechos humanos, igualdad y no discriminaci\u00f3n, que permita la construcci\u00f3n de una sociedad inclusiva con una ciudadan\u00eda participativa.\r\nEn concordancia con lo anterior el Plan de Desarrollo Institucional Consolidaci\u00f3n Global 2021 de la Universidad Aut\u00f3noma de Sinaloa, contempla entre sus tareas sustantivas, garantizar la formaci\u00f3n integral de sus estudiantes a trav\u00e9s de un curr\u00edculo transversal que integre distintos aspectos nodales para el desarrollo y bienestar social, entre estos, la equidad de g\u00e9nero.\r\nParticularmente, el Centro de Pol\u00edticas de G\u00e9nero para la igualdad entre hombres y mujeres de la UAS, orienta que la equidad de g\u00e9nero es una prioridad, no s\u00f3lo como un asunto de derechos y obligaciones, sino una perspectiva amplia que integra aspectos socioecon\u00f3micos, \u00e9tnicos, f\u00edsicos, con la finalidad de transformar la cultura, el lenguaje, el pensamiento, las pr\u00e1cticas y los valores.\r\nCon base en estas orientaciones, este plan de estudios retoma la perspectiva de g\u00e9nero como un eje transversal en el an\u00e1lisis de la producci\u00f3n del conocimiento, asimismo, en la formaci\u00f3n de los y las maestrantes para fortalecer la equidad de g\u00e9nero al momento de la explicaci\u00f3n de la realidad actual y la atenci\u00f3n de las necesidades sociales, en la b\u00fasqueda del bienestar colectivo.\r\n<\/p>\t\t\t\t\t\t <\/div>\r\n\t\t\t\t\t\t\t\t\t\t\t\t <div role=\"tabpanel\" class=\"tab-pane \" id=\"tabs_desc_1042_11\">\r\n\t\t\t\t\t\t\t\t<strong>Saberes te\u00f3ricos:<\/strong><br><br>\r\n<ul>\r\n \t<li>De los fundamentos te\u00f3ricos del Trabajo Social y de las ciencias sociales, con una visi\u00f3n reflexiva y cr\u00edtica.<\/li>\r\n \t<li>Principios epistemol\u00f3gicos de las ciencias sociales, as\u00ed como sus aportaciones en el estudio de la problem\u00e1tica social.<\/li>\r\n \t<li>De las distintas explicaciones de las din\u00e1micas sociales como contextos de las necesidades de la poblaci\u00f3n.<\/li>\r\n \t<li>Conocimiento de los enfoques metodol\u00f3gicos desde los paradigmas cuantitativo y cualitativo.<\/li>\r\n<\/ul>\r\n<strong>Saberes pr\u00e1cticos:<\/strong><br><br>\r\n<ul>\r\n \t<li>Desarrollar proyectos de investigaci\u00f3n con una perspectiva innovadora y multicultural.<\/li>\r\n \t<li>Formulaci\u00f3n de propuestas o alternativas para los problemas sociales desde la comprensi\u00f3n del desarrollo social y humano.<\/li>\r\n \t<li>Integrarse a grupos y redes de investigaci\u00f3n cient\u00edfica.<\/li>\r\n \t<li>Producir y comunicar resultados cient\u00edficos en el \u00e1rea de las ciencias sociales y humanidades.<\/li>\r\n \t<li>Utilizar eficientemente los programas inform\u00e1ticos para el tratamiento y an\u00e1lisis de la informaci\u00f3n.<\/li>\r\n \t<li>Utilizar las TIC para la gesti\u00f3n de la informaci\u00f3n cient\u00edfica.<\/li>\r\n<\/ul>\r\n<strong>Saberes actitudinales:<\/strong><br><br>\r\n<ul>\r\n \t<li>Compromiso y visi\u00f3n humanista en la transformaci\u00f3n de la problem\u00e1tica social de los grupos vulnerables.<\/li>\r\n \t<li>\u00c9tica profesional y honestidad en su desempe\u00f1o como investigador.<\/li>\r\n<\/ul>\t\t\t\t\t\t <\/div>\r\n\t\t\t\t\t\t\t\t\t\t\t\t <div role=\"tabpanel\" class=\"tab-pane \" id=\"tabs_desc_1042_12\">\r\n\t\t\t\t\t\t\t\t<p style=\"text-align: center\"><strong>ALUMNOS MATRICULADOS POR COHORTE<\/strong><\/p>\r\n<strong>Cohorte 2009-2011<\/strong>\r\n<ul>\r\n \t<li>Sania Elizet Moreno Moreno<\/li>\r\n \t<li>Leonor Tereso Ram\u00edrez<\/li>\r\n \t<li>Luis Alberto Velarde Osuna<\/li>\r\n \t<li>Mar\u00eda Elena Zamora Siqueiros<\/li>\r\n \t<li>Patricia Genoveva L\u00f3pez Sauceda<\/li>\r\n \t<li>Nancy Vannesa Lugo Medina<\/li>\r\n \t<li>Carmen Mar\u00eda Montes Garc\u00eda<\/li>\r\n \t<li>Ver\u00f3nica Polanco L\u00f3pez<\/li>\r\n \t<li>Luz Mercedes Verdugo Araujo<\/li>\r\n<\/ul>\r\n<strong>Cohorte 2013-2015 (PNPC)<\/strong>\r\n<ul>\r\n \t<li>Lizbeth Alvarado Machado<\/li>\r\n \t<li>Gloria Isabel Camacho Bejarano<\/li>\r\n \t<li>Belinda Espinoza Cazarez<\/li>\r\n \t<li>Ara Monserrat Gonz\u00e1lez Rivas<\/li>\r\n \t<li>Oliva Maldonado Torres<\/li>\r\n \t<li>\u00c1ngela Sara\u00ed Medina Castro<\/li>\r\n \t<li>Fricia Nohely Quintero L\u00f3pez<\/li>\r\n \t<li>Gloria Ema Reyes Verduzco<\/li>\r\n \t<li>Guadalupe Lizeth Serrano Ponce<\/li>\r\n \t<li>Brenda Berenice Cota Guerrero<\/li>\r\n \t<li>Patricia Jazm\u00edn Ramos Hern\u00e1ndez<\/li>\r\n \t<li>Mar\u00eda Delia Pi\u00f1a Villegas<\/li>\r\n \t<li>Gladis Zulema Acosta Moreno<\/li>\r\n \t<li>Roxana Graciela Rojas.<\/li>\r\n \t<li>Cindy Margarita L\u00f3pez Murillo<\/li>\r\n \t<li>Roc\u00edo Citlalli Mart\u00ednez Santos<\/li>\r\n \t<li>Matilde Miguel Dom\u00ednguez<\/li>\r\n<\/ul>\r\n<strong>Cohorte 2017-2019 (PNPC).<\/strong>\r\n<ul>\r\n \t<li>Yenny Andrea Belalcazar V\u00e1squez<\/li>\r\n \t<li>Mar\u00eda de los \u00c1ngeles Ram\u00edrez Uribe<\/li>\r\n \t<li>Karla Jazm\u00edn Galindo V\u00e1zquez<\/li>\r\n \t<li>Nadia Lizeth Monta\u00f1o Lugo<\/li>\r\n \t<li>David Eduardo Castro Rivera<\/li>\r\n \t<li>Miguel \u00c1ngel Montes Cuevas<\/li>\r\n \t<li>Iver Celeste Guzm\u00e1n Tofoya<\/li>\r\n \t<li>Luis Guadalupe Guerrero Vega<\/li>\r\n \t<li>Zita Daniela Velarde Ram\u00edrez<\/li>\r\n \t<li>Jes\u00fas Enrique Santos Espinoza<\/li>\r\n \t<li>Rub\u00e9n S\u00e1nchez Ramos<\/li>\r\n \t<li>Evelyn Clarissa Z\u00fa\u00f1iga Rivera<\/li>\r\n \t<li>Diana Karely Quintero Olivas<\/li>\r\n \t<li>Yazm\u00edn Margarita Reyes Garc\u00eda<\/li>\r\n \t<li>Jennifer Aime\u00e9 Guadalupe Freyre Rodr\u00edguez<\/li>\r\n<\/ul>\r\n<strong>Cohorte 2019-2021 (PNPC).<\/strong>\r\n<ul>\r\n \t<li>Giovana Lizbeth Manjarrez Casta\u00f1os<\/li>\r\n \t<li>Beatriz Guadalupe Zepeda G\u00f3mez<\/li>\r\n \t<li>Pamela Guadalupe Velarde Alvarado<\/li>\r\n \t<li>Rosa Acela Mayanix alvarado Guevara<\/li>\r\n \t<li>Silvia Nolasco Chicuate<\/li>\r\n \t<li>Martha Guadalupe Carrizales Calder\u00f3n<\/li>\r\n \t<li><span style=\"background-color: transparent\">Celene Esmeralda Rivas Zavala<\/span><\/li>\r\n \t<li>Mariela Morales Garc\u00eda<\/li>\r\n \t<li>Jesse Alain Reyes Mendoza<\/li>\r\n \t<li>Carlos Enrique Miranda Apodaca<\/li>\r\n<\/ul>\r\n<strong>Cohorte 2021-2023 (reci\u00e9n egresados) (PNPC).<\/strong>\r\n<ul>\r\n \t<li>Ana Denisse Torres Sotelo<\/li>\r\n \t<li>Cabrera Bautista Jenny Carmen<\/li>\r\n \t<li>Karina Vanesa Nieblas Arreola<\/li>\r\n \t<li>Ana Imelda Qui\u00f1onez Garc\u00eda<\/li>\r\n \t<li>Quezada D\u00edaz Kathleen Airam<\/li>\r\n \t<li>Olvera Ram\u00edrez Mart\u00edn<\/li>\r\n \t<li>Carmen Michel L\u00f3pez V\u00e1zquez<\/li>\r\n<\/ul>\r\n<strong>Cohorte 2022-2024 (nuevo ingreso) (SNP)<\/strong>\r\n<ul>\r\n \t<li>Diana de la Caridad Vela Mayo<\/li>\r\n \t<li>Margarita B\u00e1ez Bringas<\/li>\r\n \t<li>Carlos Armando Borquez Flores<\/li>\r\n \t<li>Karla Ver\u00f3nica P\u00e9rez L\u00f3pez<\/li>\r\n \t<li>Gloria del Crisol Duarte Ben\u00edtez<\/li>\r\n \t<li>Jes\u00fas Ernesto Quevedo Vargas<\/li>\r\n<\/ul>\t\t\t\t\t\t <\/div>\r\n\t\t\t\t\t\t\t\t\t\t\t\t <div role=\"tabpanel\" class=\"tab-pane \" id=\"tabs_desc_1042_13\">\r\n\t\t\t\t\t\t\t\t<ul>\r\n \t<li><a href=\"https:\/\/fts.uas.edu.mx\/wp-content\/uploads\/2020\/07\/Relaci\u00f3n-Congresos-nacionales-alumnas-maestr\u00eda-2019-2021.pdf\" target=\"_blank\">Relacion Congresos Nacionales Alumnas Maestria 2019-2021<\/a><\/li>\r\n\r\n \t<li><a href=\"https:\/\/fts.uas.edu.mx\/wp-content\/uploads\/2020\/07\/Relaci\u00f3n-Congresos-nacionales-alumnas-maestr\u00eda-2017-2019.pdf\" target=\"_blank\">Relaci\u00f3n Congresos Nacionales Alumnas Maestr\u00eda 2017-2019<\/a><\/li>\r\n\r\n \t<li><a href=\"https:\/\/fts.uas.edu.mx\/wp-content\/uploads\/2020\/07\/Relaci\u00f3n-Congresos-nacionales-alumnas-maestr\u00eda-2013-2015.pdf\" target=\"_blank\">Relaci\u00f3n Congresos Nacionales Alumnas Maestr\u00eda 2013-2015<\/a><\/li>\r\n\r\n \t<li><a href=\"https:\/\/fts.uas.edu.mx\/wp-content\/uploads\/2020\/07\/Relaci\u00f3n-Congresos-nacionales-alumnas-maestr\u00eda-2009-2011.pdf\" target=\"_blank\">Relaci\u00f3n Congresos Nacionales Alumnas Maestr\u00eda 2009-2011<\/a><\/li>\r\n<div><\/div>\r\n \t<li><a href=\"https:\/\/fts.uas.edu.mx\/wp-content\/uploads\/2020\/07\/Relaci\u00f3n-Congresos-internacionales-alumnas-maestr\u00edas-2017-2019.pdf\" target=\"_blank\">Relaci\u00f3n Congresos Internacionales Alumnas Maestr\u00edas 2017-2019<\/a><\/li>\r\n\r\n \t<li><a href=\"https:\/\/fts.uas.edu.mx\/wp-content\/uploads\/2020\/07\/Relaci\u00f3n-Congresos-internacionales-alumnas-maestria-2013-2015.pdf\" target=\"_blank\">Relaci\u00f3n Congresos Internacionales Alumnas Maestria 2013-2015<\/a><\/li>\r\n\r\n \t<li><a href=\"https:\/\/fts.uas.edu.mx\/wp-content\/uploads\/2020\/07\/Relaci\u00f3n-Congresos-internacionales-alumnas-maestria-2009-2011.pdf\" target=\"_blank\">Relaci\u00f3n Congresos Internacionales Alumnas Maestria 2009-2011<\/a><\/li>\r\n<div><\/div>\r\n \t<li><a href=\"https:\/\/fts.uas.edu.mx\/wp-content\/uploads\/2020\/07\/Relaci\u00f3n-conferencias-y-ponencias-NAB-maestr\u00eda-2020.pdf\" target=\"_blank\">Relaci\u00f3n Conferencias Y Ponencias NAB Maestr\u00eda 2020<\/a><\/li>\r\n<div><\/div>\r\n \t<li><a href=\"https:\/\/fts.uas.edu.mx\/wp-content\/uploads\/2020\/07\/Relaci\u00f3n-cap\u00edtulos-de-libros-nab-maestr\u00eda-2020.pdf\" target=\"_blank\">Relaci\u00f3n Cap\u00edtulos De Libros NAB Maestr\u00eda 2020<\/a><\/li>\r\n<div><\/div>\r\n \t<li><a href=\"https:\/\/fts.uas.edu.mx\/wp-content\/uploads\/2020\/07\/Relaci\u00f3n-cap\u00edtulos-de-libros-alumnas-maestr\u00eda-2017-2019.pdf\" target=\"_blank\">Relaci\u00f3n Cap\u00edtulos De Libros Alumnas Maestr\u00eda 2017-2019<\/a><\/li>\r\n\r\n \t<li><a href=\"https:\/\/fts.uas.edu.mx\/wp-content\/uploads\/2020\/07\/Relaci\u00f3n-cap\u00edtulos-de-libros-alumnas-maestr\u00eda-2013-2015.pdf\" target=\"_blank\">Relaci\u00f3n Cap\u00edtulos De Libros Alumnas Maestr\u00eda 2013-2015<\/a><\/li>\r\n\r\n \t<li><a href=\"https:\/\/fts.uas.edu.mx\/wp-content\/uploads\/2020\/07\/Relaci\u00f3n-cap\u00edtulos-de-libros-alumnas-maestr\u00eda-2009-2011.pdf\" target=\"_blank\">Relaci\u00f3n Cap\u00edtulos De Libros Alumnas Maestr\u00eda 2009-2011<\/a><\/li>\r\n<div><\/div>\r\n \t<li><a href=\"https:\/\/fts.uas.edu.mx\/wp-content\/uploads\/2020\/07\/Relaci\u00f3n-Art\u00edculos-NAB-maestr\u00eda-2020.pdf\" target=\"_blank\">Relaci\u00f3n Art\u00edculos NAB Maestr\u00eda 2020<\/a><\/li>\r\n<div><\/div>\r\n \t<li><a href=\"https:\/\/fts.uas.edu.mx\/wp-content\/uploads\/2020\/07\/Relaci\u00f3n-art\u00edculos-alumnas-maestr\u00eda-2017-2019.pdf\" target=\"_blank\">Relaci\u00f3n Art\u00edculos Alumnas Maestr\u00eda 2017-2019<\/a><\/li>\r\n\r\n \t<li><a href=\"https:\/\/fts.uas.edu.mx\/wp-content\/uploads\/2020\/07\/Relaci\u00f3n-Art\u00edculos-alumnas-maestr\u00eda-2013-2015.pdf\" target=\"_blank\">Relaci\u00f3n Art\u00edculos Alumnas Maestr\u00eda 2013-2015<\/a><\/li>\r\n\r\n \t<li><a href=\"https:\/\/fts.uas.edu.mx\/wp-content\/uploads\/2020\/07\/Relaci\u00f3n-Art\u00edculos-alumnas-maestr\u00eda-2009-2011.pdf\" target=\"_blank\">Relaci\u00f3n Art\u00edculos Alumnas Maestr\u00eda 2009-2011<\/a><\/li>\r\n<div><\/div>\r\n \t<li><a href=\"https:\/\/fts.uas.edu.mx\/wp-content\/uploads\/2020\/07\/Relaci\u00f3n-libros-NAB-maestr\u00eda-2020.pdf\" target=\"_blank\">Relaci\u00f3n Libros NAB Maestr\u00eda 2020<\/a><\/li>\r\n\r\n<\/ul>\t\t\t\t\t\t <\/div>\r\n\t\t\t\t\t\t\t\t\t\t\t\t <div role=\"tabpanel\" class=\"tab-pane \" id=\"tabs_desc_1042_14\">\r\n\t\t\t\t\t\t\t\t\t\t\t\t\t\t<style>\r\n\t\t\t\t\r\n\t\t\t\t\t#tab_container_2520 {\r\n\toverflow:hidden;\r\n\tdisplay:block;\r\n\twidth:100%;\r\n\tborder:0px solid #ddd;\r\n\tmargin-bottom:30px;\r\n\t}\r\n\r\n#tab_container_2520 .tab-content{\r\n\tpadding:20px;\r\n\tborder: 1px solid #e6e6e6 !important;\r\n\tmargin-top: 0px;\r\n\tbackground-color:#ffffff !important;\r\n\tcolor: #000000 !important;\r\n\tfont-size:16px !important;\r\n\tfont-family: Open Sans !important;\r\n\t\r\n\t\t\tborder: 0px solid #e6e6e6 !important;\r\n\t\t\r\n\t}\r\n#tab_container_2520 .wpsm_nav-tabs {\r\n    border-bottom: 0px solid #ddd;\r\n}\r\n#tab_container_2520 .wpsm_nav-tabs > li.active > a, #tab_container_2520 .wpsm_nav-tabs > li.active > a:hover, #tab_container_2520 .wpsm_nav-tabs > li.active > a:focus {\r\n\tcolor: #ffffff !important;\r\n\tcursor: default;\r\n\tbackground-color: #1e73be !important;\r\n\tborder: 1px solid #055aa5 !important;\r\n}\r\n\r\n#tab_container_2520 .wpsm_nav-tabs > li > a {\r\n    margin-right: 0px !important; \r\n    line-height: 1.42857143 !important;\r\n    border: 1px solid #487dac !important;\r\n    border-radius: 0px 0px 0 0 !important; \r\n\tbackground-color: #5b90bf !important;\r\n\tcolor: #ffffff !important;\r\n\tpadding: 15px 18px 15px 18px !important;\r\n\ttext-decoration: none !important;\r\n\tfont-size: 11px !important;\r\n\ttext-align:center !important;\r\n\tfont-family: Open Sans !important;\r\n}\r\n#tab_container_2520 .wpsm_nav-tabs > li > a:focus {\r\noutline: 0px !important;\r\n}\r\n\r\n#tab_container_2520 .wpsm_nav-tabs > li > a:before {\r\n\tdisplay:none !important;\r\n}\r\n#tab_container_2520 .wpsm_nav-tabs > li > a:after {\r\n\tdisplay:none !important ;\r\n}\r\n#tab_container_2520 .wpsm_nav-tabs > li{\r\npadding:0px !important ;\r\nmargin:0px;\r\n}\r\n\r\n#tab_container_2520 .wpsm_nav-tabs > li > a:hover , #tab_container_2520 .wpsm_nav-tabs > li > a:focus {\r\n    color: #ffffff !important;\r\n    background-color: #5b90bf !important;\r\n\tborder: 1px solid #487dac !important;\r\n\t\r\n}\r\n#tab_container_2520 .wpsm_nav-tabs > li > a .fa{\r\n\r\nmargin-right:5px !important;\r\n\r\nmargin-left:5px !important;\r\n\r\n\r\n}\r\n\r\n\t\t#tab_container_2520 .wpsm_nav-tabs a{\r\n\t\t\tbackground-image: url(https:\/\/fts.uas.edu.mx\/wp-content\/plugins\/tabs-responsive\/assets\/images\/style-soft.png);\r\n\t\t\tbackground-position: 0 0;\r\n\t\t\tbackground-repeat: repeat-x;\r\n\t\t}\r\n\t\t\t\r\n\r\n\r\n#tab_container_2520 .wpsm_nav-tabs > li {\r\n    float: left;\r\n    margin-bottom: -1px !important;\r\n\tmargin-right:0px !important; \r\n}\r\n\r\n\r\n#tab_container_2520 .tab-content{\r\noverflow:hidden !important;\r\n}\r\n\r\n\r\n@media (min-width: 769px) {\r\n\r\n\t#tab_container_2520 .wpsm_nav-tabs > li{\r\n\t\tfloat:left !important ;\r\n\t\t\t\tmargin-right:-1px !important;\r\n\t\t\t\t\t}\r\n\t#tab_container_2520 .wpsm_nav-tabs{\r\n\t\tfloat:none !important;\r\n\t\tmargin:0px !important;\r\n\t}\r\n\r\n\t#tab_container_2520 .wpsm_nav-tabs > li {\r\n\t\t\t\t\r\n\t}\r\n\t#tab_container_2520 .wpsm_nav{\r\n\t\t\t}\r\n\r\n}\r\n\r\n\r\n\r\n@media (max-width: 768px) {\r\n\t#tab_container_2520 .wpsm_nav-tabs > li {\r\n\t\t\t\t\r\n\t}\r\n\t#tab_container_2520 .wpsm_nav{\r\n\t\t\t}\r\n}\r\n\r\n\r\n\t.wpsm_nav-tabs li:before{\r\n\t\tdisplay:none !important;\r\n\t}\r\n\r\n\t@media (max-width: 768px) {\r\n\t\t\t\t\r\n\t\t\t\t.wpsm_nav-tabs{\r\n\t\t\tmargin-left:0px !important;\r\n\t\t\tmargin-right:0px !important; \r\n\t\t\t\r\n\t\t}\r\n\t\t\t\t#tab_container_2520 .wpsm_nav-tabs > li{\r\n\t\t\tfloat:none !important;\r\n\t\t}\r\n\t\t\t\r\n\t}\t\t\t\t<\/style>\r\n\t\t\t\t<div id=\"tab_container_2520\" >\r\n\t \r\n\t\t\t\t\t<ul class=\"wpsm_nav wpsm_nav-tabs\" role=\"tablist\" id=\"myTab_2520\">\r\n\t\t\t\t\t\t\t\r\n\t\t\t\t\t\t\t<li role=\"presentation\"  class=\"active\"  onclick=\"do_resize()\">\r\n\t\t\t\t\t\t\t\t<a href=\"#tabs_desc_2520_1\" aria-controls=\"tabs_desc_2520_1\" role=\"tab\" data-toggle=\"tab\">\r\n\t\t\t\t\t\t\t\t\t\r\n\t\t\t\t\t\t\t\t\t\t\t\t\t\t\t\t\t\t\t\t\t\t\t\t\t\t\t\t\r\n\t\t\t\t\t\t\t\t\t\t\t\t\t\t\t\t\t\t\r\n\t\t\t\t\t\t\t\t\t<span>GENERACI\u00d3N 2009-2011<\/span>\r\n\t\t\t\t\t\t\t\t\t\r\n\t\t\t\t\t\t\t\t\t\t\t\t\t\t\t\t\t\t\r\n\t\t\t\t\t\t\t\t\t\t\t\t\t\t\t\t\t\t\t\t\r\n\t\t\t\t\t\t\t\t\t\r\n\t\t\t\t\t\t\t\t<\/a>\r\n\t\t\t\t\t\t\t<\/li>\r\n\t\t\t\t\t\t\t\r\n\t\t\t\t\t\t\t<li role=\"presentation\"  onclick=\"do_resize()\">\r\n\t\t\t\t\t\t\t\t<a href=\"#tabs_desc_2520_2\" aria-controls=\"tabs_desc_2520_2\" role=\"tab\" data-toggle=\"tab\">\r\n\t\t\t\t\t\t\t\t\t\r\n\t\t\t\t\t\t\t\t\t\t\t\t\t\t\t\t\t\t\t\t\t\t\t\t\t\t\t\t\r\n\t\t\t\t\t\t\t\t\t\t\t\t\t\t\t\t\t\t\r\n\t\t\t\t\t\t\t\t\t<span>GENERACI\u00d3N 2013-2015<\/span>\r\n\t\t\t\t\t\t\t\t\t\r\n\t\t\t\t\t\t\t\t\t\t\t\t\t\t\t\t\t\t\r\n\t\t\t\t\t\t\t\t\t\t\t\t\t\t\t\t\t\t\t\t\r\n\t\t\t\t\t\t\t\t\t\r\n\t\t\t\t\t\t\t\t<\/a>\r\n\t\t\t\t\t\t\t<\/li>\r\n\t\t\t\t\t\t\t\r\n\t\t\t\t\t\t\t<li role=\"presentation\"  onclick=\"do_resize()\">\r\n\t\t\t\t\t\t\t\t<a href=\"#tabs_desc_2520_3\" aria-controls=\"tabs_desc_2520_3\" role=\"tab\" data-toggle=\"tab\">\r\n\t\t\t\t\t\t\t\t\t\r\n\t\t\t\t\t\t\t\t\t\t\t\t\t\t\t\t\t\t\t\t\t\t\t\t\t\t\t\t\r\n\t\t\t\t\t\t\t\t\t\t\t\t\t\t\t\t\t\t\r\n\t\t\t\t\t\t\t\t\t<span>GENERACI\u00d3N 2017-2019<\/span>\r\n\t\t\t\t\t\t\t\t\t\r\n\t\t\t\t\t\t\t\t\t\t\t\t\t\t\t\t\t\t\r\n\t\t\t\t\t\t\t\t\t\t\t\t\t\t\t\t\t\t\t\t\r\n\t\t\t\t\t\t\t\t\t\r\n\t\t\t\t\t\t\t\t<\/a>\r\n\t\t\t\t\t\t\t<\/li>\r\n\t\t\t\t\t\t\t\r\n\t\t\t\t\t\t\t<li role=\"presentation\"  onclick=\"do_resize()\">\r\n\t\t\t\t\t\t\t\t<a href=\"#tabs_desc_2520_4\" aria-controls=\"tabs_desc_2520_4\" role=\"tab\" data-toggle=\"tab\">\r\n\t\t\t\t\t\t\t\t\t\r\n\t\t\t\t\t\t\t\t\t\t\t\t\t\t\t\t\t\t\t\t\t\t\t\t\t\t\t\t\r\n\t\t\t\t\t\t\t\t\t\t\t\t\t\t\t\t\t\t\r\n\t\t\t\t\t\t\t\t\t<span>GENERACI\u00d3N 2019-2021<\/span>\r\n\t\t\t\t\t\t\t\t\t\r\n\t\t\t\t\t\t\t\t\t\t\t\t\t\t\t\t\t\t\r\n\t\t\t\t\t\t\t\t\t\t\t\t\t\t\t\t\t\t\t\t\r\n\t\t\t\t\t\t\t\t\t\r\n\t\t\t\t\t\t\t\t<\/a>\r\n\t\t\t\t\t\t\t<\/li>\r\n\t\t\t\t\t\t\t\r\n\t\t\t\t\t\t\t<li role=\"presentation\"  onclick=\"do_resize()\">\r\n\t\t\t\t\t\t\t\t<a href=\"#tabs_desc_2520_5\" aria-controls=\"tabs_desc_2520_5\" role=\"tab\" data-toggle=\"tab\">\r\n\t\t\t\t\t\t\t\t\t\r\n\t\t\t\t\t\t\t\t\t\t\t\t\t\t\t\t\t\t\t\t\t\t\t\t\t\t\t\t\r\n\t\t\t\t\t\t\t\t\t\t\t\t\t\t\t\t\t\t\r\n\t\t\t\t\t\t\t\t\t<span>GENERACI\u00d3N 2021-2023<\/span>\r\n\t\t\t\t\t\t\t\t\t\r\n\t\t\t\t\t\t\t\t\t\t\t\t\t\t\t\t\t\t\r\n\t\t\t\t\t\t\t\t\t\t\t\t\t\t\t\t\t\t\t\t\r\n\t\t\t\t\t\t\t\t\t\r\n\t\t\t\t\t\t\t\t<\/a>\r\n\t\t\t\t\t\t\t<\/li>\r\n\t\t\t\t\t\t\t\t\t\t\t <\/ul>\r\n\r\n\t\t\t\t\t  <!-- Tab panes -->\r\n\t\t\t\t\t  <div class=\"tab-content\" id=\"tab-content_2520\">\r\n\t\t\t\t\t\t\t\t\t\t\t\t <div role=\"tabpanel\" class=\"tab-pane  in active \" id=\"tabs_desc_2520_1\">\r\n\t\t\t\t\t\t\t\t<table width=\"0\">\r\n<tbody style=\"background-color: white;border-color: white\">\r\n<tr style=\"background-color: #f2f2f2\">\r\n<td width=\"38\"><strong>    N\u00b0<\/strong><\/td>\r\n<td width=\"141\"><strong>ALUMNO<\/strong><\/td>\r\n<td width=\"302\"><strong>T\u00cdTULO DE TESIS<\/strong><\/td>\r\n<td width=\"284\"><strong>\u00a0COMIT\u00c9 TUTORAL<\/strong><\/td>\r\n<td width=\"94\"><strong>FECHA DE DEFENSA<\/strong><\/td>\r\n<td width=\"94\"><strong>L\u00cdNEA<\/strong><\/td>\r\n<\/tr>\r\n<tr>\r\n<td width=\"38\">1<\/td>\r\n<td width=\"141\">Sania Elizet Moreno Moreno<\/td>\r\n<td width=\"302\">Rutas criticas de mujeres en situaci\u00f3n de violencia de g\u00e9nero en Culiac\u00e1n, Sinaloa 2010-2012.<\/td>\r\n<td width=\"284\">Directora de Tesis: Dra. Beatriz Rodr\u00edguez P\u00e9rez\r\n\r\nCo directora: Dra. Alicia Elena P\u00e9rez Duarteynoro\u00f1a.\r\n\r\nLectoras: Dra. Ana Gabriela Jacobo Flores\r\n\r\nMC. Aid\u00e9 Peraza Escoboza<\/td>\r\n<td width=\"94\">14-03-2012<\/td>\r\n<td rowspan=\"4\" width=\"94\"><strong>Estudios de G\u00e9nero <\/strong><\/td>\r\n<\/tr>\r\n<tr>\r\n<td width=\"38\">2<\/td>\r\n<td width=\"141\">Leonor Tereso Ram\u00edrez<\/td>\r\n<td width=\"302\">Proceso de empoderamiento de madres solteras en el contexto familiar y universitario: Caso Facultad de Trabajo Social Culiac\u00e1n.<\/td>\r\n<td width=\"284\">Directora de tesis: Dra. Maura Idolina Castro Torres\r\n\r\nCo directora: Dra. A\u00edda Imelda Valero Ch\u00e1vez\r\n\r\nLectoras: Dra. Sandra Irene Reyes Garc\u00eda,\r\n\r\nMC. Esperanza Ben\u00edtez Cort\u00e9s<\/td>\r\n<td width=\"94\">15-03-2012<\/td>\r\n<\/tr>\r\n<tr>\r\n<td width=\"38\">3<\/td>\r\n<td width=\"141\">Luis Alberto Velarde Osuna<\/td>\r\n<td width=\"302\">Los avatares para el empoderamiento de mujeres l\u00edderes de colonia en el Municipio de Culiac\u00e1n.<\/td>\r\n<td width=\"284\">Director de Tesis: Dr. V\u00edctor Hugo Aguilar Gaxiola\r\n\r\nLectoras: Dra. Beatriz Delia Cota Elizalde\r\n\r\nMC. Marisol Morales Valenzuela<\/td>\r\n<td width=\"94\">14-03-2012<\/td>\r\n<\/tr>\r\n<tr>\r\n<td width=\"38\">4<\/td>\r\n<td width=\"141\">Mar\u00eda Elena Zamora Siqueiros<\/td>\r\n<td width=\"302\">La mujer drogodependiente y los factores de an\u00e1lisis desde el Trabajo Social: Familia, g\u00e9nero y la intervenci\u00f3n de trabajo social<\/td>\r\n<td width=\"284\">Directora de Tesis: \u00a0Dra.\u00a0 Beatriz Delia Cota Elizalde\r\n\r\nLectoras: Dra. Silvia Escamilla Astorga\r\n\r\nMC Ramona Alicia F\u00e9lix Navarro<\/td>\r\n<td width=\"94\">04-07-2012<\/td>\r\n<\/tr>\r\n<tr>\r\n<td width=\"38\">5<\/td>\r\n<td width=\"141\">Patricia Genoveva L\u00f3pez Sauceda<\/td>\r\n<td width=\"302\">La calidad de vida en jubilados de la UAS: un an\u00e1lisis a los programas de las pol\u00edticas sociales.<\/td>\r\n<td width=\"284\">Directora de Tesis: Dra. Beatriz Yasuko Arita Watanabe\r\n\r\nLectores: Dra. Raquel Casillas Qui\u00f1\u00f3nez,\r\n\r\nDr. Felipe de Jes\u00fas Mart\u00ednez Escalera\r\n\r\nDra. Ramona Romero Segovia<\/td>\r\n<td width=\"94\">22-03-2012<\/td>\r\n<td rowspan=\"5\" width=\"94\"><strong>Sistemas de salud<\/strong>\r\n\r\n<strong>\u00a0<\/strong>\r\n\r\n<strong>\u00a0<\/strong>\r\n\r\n<strong>\u00a0<\/strong>\r\n\r\n<strong>\u00a0<\/strong>\r\n\r\n<strong>\u00a0<\/strong>\r\n\r\n<strong>\u00a0<\/strong>\r\n\r\n<strong>\u00a0<\/strong>\r\n\r\n<strong>\u00a0<\/strong>\r\n\r\n<strong>\u00a0<\/strong><\/td>\r\n<\/tr>\r\n<tr>\r\n<td width=\"38\">6<\/td>\r\n<td width=\"141\">Nancy Vannesa Lugo Medina<\/td>\r\n<td width=\"302\">H\u00e1bitos alimenticios y satisfacci\u00f3n con la vida de los adolescentes con sobre peso y obesidad.<\/td>\r\n<td width=\"284\">Directora de Tesis: Dra. Beatriz Yasuko Arita Watanabe\r\n\r\nLectoras: Dra. Sandra Irene Reyes Garc\u00eda, MC. Mar\u00eda Olga Hern\u00e1ndez Garc\u00eda<\/td>\r\n<td width=\"94\">23-03-2012<\/td>\r\n<\/tr>\r\n<tr>\r\n<td width=\"38\">7<\/td>\r\n<td width=\"141\">Carmen Mar\u00eda Montes Garc\u00eda<\/td>\r\n<td width=\"302\">Trabajo Social y sus pr\u00e1cticas profesionales en una instituci\u00f3n que atiende drogodependencias: unidad de hospitalizaci\u00f3n Culiac\u00e1n. Centros de Integraci\u00f3n Juvenil 2009-2012.<\/td>\r\n<td width=\"284\">Directora de tesis: Dra. Sandra Irene Reyes Garc\u00eda\r\n\r\nLectoras cr\u00edticas:\r\n\r\nDra. Marisela Rivera Montoya, Dra. Luz Flerida Felix<\/td>\r\n<td width=\"94\">05-02-2013<\/td>\r\n<\/tr>\r\n<tr>\r\n<td width=\"38\">8<\/td>\r\n<td width=\"141\">Ver\u00f3nica Polanco L\u00f3pez<\/td>\r\n<td width=\"302\">La resiliencia como una estrategia a potenciar desde el Trabajo Social para la atenci\u00f3n a la reincidencia en las adicciones en ONGs de Sinaloa.<\/td>\r\n<td width=\"284\">Director de Tesis: Dr. Francisco Padilla Beltr\u00e1n\r\n\r\nLectoras: Dra. Rosario Olivia Gonz\u00e1lez Sierra\r\n\r\nMC. Martha Elena Vel\u00e1zquez Escobar<\/td>\r\n<td width=\"94\">28-03-2012<\/td>\r\n<\/tr>\r\n<tr>\r\n<td width=\"38\">9<\/td>\r\n<td width=\"141\">Luz Mercedes Verdugo Araujo<\/td>\r\n<td width=\"302\">La evaluaci\u00f3n de la pol\u00edtica social del programa desayunos escolares en la primaria \u201cRicardo Flores Mag\u00f3n\u201d desde la perspectiva de Trabajo Social.<\/td>\r\n<td width=\"284\">Director de Tesis: Dra. Patricia Molinar Palma\r\n\r\nLectores: Dr. Ra\u00fal Sergio Gonz\u00e1lez N\u00e1var\r\n\r\nMC. Juana Cruz Fern\u00e1ndez<\/td>\r\n<td width=\"94\">09-03-2012<\/td>\r\n<\/tr>\r\n<\/tbody>\r\n<\/table>\r\n<strong>\u00a0<\/strong>\t\t\t\t\t\t <\/div>\r\n\t\t\t\t\t\t\t\t\t\t\t\t <div role=\"tabpanel\" class=\"tab-pane \" id=\"tabs_desc_2520_2\">\r\n\t\t\t\t\t\t\t\t<table width=\"0\">\r\n<tbody style=\"background-color: white;border-color: white\">\r\n<tr style=\"background-color: #f2f2f2\">\r\n<td width=\"38\"><strong>N\u00b0<\/strong><\/td>\r\n<td width=\"141\"><strong>ALUMNO<\/strong><\/td>\r\n<td width=\"293\"><strong>T\u00edtulo<\/strong><\/td>\r\n<td width=\"312\"><strong>\u00a0\u00a0\u00a0\u00a0\u00a0\u00a0\u00a0\u00a0\u00a0\u00a0\u00a0\u00a0\u00a0\u00a0\u00a0\u00a0\u00a0\u00a0\u00a0\u00a0\u00a0\u00a0\u00a0\u00a0\u00a0\u00a0\u00a0\u00a0\u00a0\u00a0\u00a0\u00a0\u00a0\u00a0\u00a0 COMIT\u00c9 TUTORAL\u00a0\u00a0\u00a0\u00a0\u00a0\u00a0\u00a0\u00a0\u00a0\u00a0\u00a0\u00a0\u00a0\u00a0\u00a0\u00a0\u00a0\u00a0\u00a0\u00a0 <\/strong><\/td>\r\n<td width=\"94\"><strong>FECHA DE DEFENSA<\/strong><\/td>\r\n<td width=\"76\"><strong>L\u00cdNEA<\/strong><\/td>\r\n<\/tr>\r\n<tr>\r\n<td width=\"38\">1<\/td>\r\n<td width=\"141\">Lizbeth Alvarado Machado<\/td>\r\n<td width=\"293\">Estrategias de vida en jefas de familia jornaleras en Sinaloa: el caso de las asentadas en el Ej. Benito Ju\u00e1rez, Gve. Sin., 2015.<\/td>\r\n<td width=\"312\">Directora de tesis: Dra. Beatriz Delia Cota Elizalde.\r\n\r\nLectores: Dra. Rosario Olivia Izaguirre Fierro\r\n\r\nDr. V\u00edctor Hugo Aguilar Gaxiola.<\/td>\r\n<td width=\"94\">08 de julio 2016<\/td>\r\n<td rowspan=\"9\" width=\"76\"><strong>Estudios de G\u00e9nero<\/strong><\/td>\r\n<\/tr>\r\n<tr>\r\n<td width=\"38\">2<\/td>\r\n<td width=\"141\">Gloria Isabel Camacho Bejarano<\/td>\r\n<td width=\"293\">Transferencias monetarias condicionadas: Estudio de g\u00e9nero con familias beneficiarias del programa PROSPERA asentadas en pol\u00edgono de pobreza no.1 de Culiac\u00e1n, Sinaloa<\/td>\r\n<td width=\"312\">Directora de tesis: Dra. Beatriz Yazuko Arita Watanabe\r\n\r\nLectores: Dra. Sandra Irene Reyes Garc\u00eda\r\n\r\nDr. Rigoberto Jim\u00e9nez Lauren<\/td>\r\n<td width=\"94\">15 de julio 2016<\/td>\r\n<\/tr>\r\n<tr>\r\n<td width=\"38\">3<\/td>\r\n<td width=\"141\">Belinda Espinoza Cazarez<\/td>\r\n<td width=\"293\">La doble presencia femenina en la ciudad insular terciaria: un estudio de trabajo social, mujer, familia y pol\u00edtica social.<\/td>\r\n<td width=\"312\">Directora de tesis: Dra. Rosario Olivia Izaguirre Fierro.\r\n\r\nCo-directora: MC. Natalia Andrea Salinas Arango.\r\n\r\nLectoras: Dra. Teresita del Ni\u00f1o Jes\u00fas Carrillo Montoya\r\n\r\nDra. Sandra Irene Reyes Garc\u00eda.<\/td>\r\n<td width=\"94\">10 de julio 2015<\/td>\r\n<\/tr>\r\n<tr>\r\n<td width=\"38\">4<\/td>\r\n<td width=\"141\">Ara Monserrat Gonz\u00e1lez Rivas<\/td>\r\n<td width=\"293\">Construcci\u00f3n de la identidad de g\u00e9nero, familia y pol\u00edtica social en la infancia: caso albergue mi \u00e1ngel de la guarda, DIF<\/td>\r\n<td width=\"312\">Directora de tesis: Dra. Guadalupe Pardo Ben\u00edtez Cort\u00e9s\r\n\r\nLectoras: Dra. Marisela Rivera Montoya\r\n\r\nDra. Esperanza Ben\u00edtez Cort\u00e9s\r\n\r\n\u00a0<\/td>\r\n<td width=\"94\">02 de septiembre 2016<\/td>\r\n<\/tr>\r\n<tr>\r\n<td width=\"38\">5<\/td>\r\n<td width=\"141\">Oliva Maldonado Torres<\/td>\r\n<td width=\"293\">Las transformaciones en la identidad \u00e9tnica y la organizaci\u00f3n familiar en las mujeres Mayos-Yoremes profesionistas de la comunidad de Jahuara II<\/td>\r\n<td width=\"312\">Director de tesis: Dr. Juan Manuel Mendoza Guerrero.\r\n\r\nLectores: Dra. Teresita del Ni\u00f1o Jes\u00fas Carrillo Montoya\r\n\r\nDr. Ram\u00f3n I. Alvarado<\/td>\r\n<td width=\"94\">10 de julio 2015<\/td>\r\n<\/tr>\r\n<tr>\r\n<td width=\"38\">6<\/td>\r\n<td width=\"141\">\u00c1ngela Sara\u00ed Medina Castro<\/td>\r\n<td width=\"293\">El enfoque de g\u00e9nero en los proyectos culturales en Sinaloa: caso programa PACMYC, 2013<\/td>\r\n<td width=\"312\">Director de tesis: Dr. Ra\u00fal Sergio Gonz\u00e1lez Navar.\r\n\r\nLectores: Dra. Ayd\u00e9 Peraza Escobosa\r\n\r\nDr. V\u00edctor Hugo Aguilar Gaxiola<\/td>\r\n<td width=\"94\">18 de enero 2016<\/td>\r\n<\/tr>\r\n<tr>\r\n<td width=\"38\">7<\/td>\r\n<td width=\"141\">Fricia Nohely Quintero L\u00f3pez<\/td>\r\n<td width=\"293\">La vulneraci\u00f3n de los derechos laborales y desarrollo humano de las trabajadoras madres solteras: empresa textilera Tex Ray M\u00e9xico<\/td>\r\n<td width=\"312\">Directora de tesis: Dr. V\u00edctor Hugo Aguilar Gaxiola.\r\n\r\nLectores: Dr. Rigoberto Jim\u00e9nez Lauren\r\n\r\nDra. Rosario Olivia Izaguirre Fierro<\/td>\r\n<td width=\"94\">07 de septiembre 2015<\/td>\r\n<\/tr>\r\n<tr>\r\n<td width=\"38\">8<\/td>\r\n<td width=\"141\">Gloria Ema Reyes Verduzco<\/td>\r\n<td width=\"293\">Ideaci\u00f3n suicida. La normalidad social de la violencia familiar como factor causal. Estudio de casos de mujeres y hombres que acudieron al CEPAVI.<\/td>\r\n<td width=\"312\">Director de tesis: Dr. V\u00edctor Hugo Aguilar Gaxiola.\r\n\r\nLectoras: Dra. Martha Elena Vel\u00e1zquez Escobar\r\n\r\nDra. Beatriz Eugenia Rodr\u00edguez P\u00e9rez.<\/td>\r\n<td width=\"94\">10 de julio 2015<\/td>\r\n<\/tr>\r\n<tr>\r\n<td width=\"38\">9<\/td>\r\n<td width=\"141\">Guadalupe Lizeth Serrano Ponce<\/td>\r\n<td width=\"293\">La configuraci\u00f3n social de la madre adolescente en la dimensi\u00f3n sociocultural de g\u00e9nero y el entorno familiar<\/td>\r\n<td width=\"312\">Directora de tesis: Dra. Rosario Olivia Izaguirre Fierro.\r\n\r\nLectoras: Dra. Rosa Mar\u00eda Rojas Rivera\r\n\r\nDra. Sandra Irene Reyes Garc\u00eda.<\/td>\r\n<td width=\"94\">10 de julio 2015\r\n\r\n\u00a0<\/td>\r\n<\/tr>\r\n<tr>\r\n<td width=\"38\"><strong>N\u00b0<\/strong><\/td>\r\n<td width=\"141\"><strong>ALUMNO<\/strong><\/td>\r\n<td width=\"293\"><strong>T\u00edtulo<\/strong><\/td>\r\n<td width=\"312\"><strong>\u00a0\u00a0\u00a0\u00a0\u00a0\u00a0\u00a0\u00a0\u00a0\u00a0\u00a0\u00a0\u00a0\u00a0\u00a0\u00a0\u00a0\u00a0\u00a0\u00a0\u00a0\u00a0\u00a0\u00a0\u00a0\u00a0\u00a0\u00a0\u00a0\u00a0\u00a0\u00a0\u00a0\u00a0\u00a0 COMIT\u00c9 TUTORAL\u00a0\u00a0\u00a0\u00a0\u00a0\u00a0\u00a0\u00a0\u00a0\u00a0\u00a0\u00a0\u00a0\u00a0\u00a0\u00a0\u00a0\u00a0\u00a0\u00a0 <\/strong><\/td>\r\n<td width=\"94\"><strong>FECHA DE DEFENSA<\/strong><\/td>\r\n<td width=\"76\"><strong>L\u00cdNEA<\/strong><\/td>\r\n<\/tr>\r\n<tr>\r\n<td width=\"38\">10<\/td>\r\n<td width=\"141\">Mar\u00eda Delia Pi\u00f1a Villegas<\/td>\r\n<td width=\"293\">Obesidad y sobrepeso, problema social que afecta a preadolescentes. Caso: Escuela Primaria Justo Sierra, ciclo escolar: 2014 - 2015.<\/td>\r\n<td width=\"312\">Director de tesis: Dr. Ra\u00fal Sergio Gonz\u00e1lez Navar.\r\n\r\nLectoras: Dra. Rosa Mar\u00eda Rojas Rivera\r\n\r\nDra. Mar\u00eda Olga Hern\u00e1ndez Garc\u00eda\r\n\r\nDra. Sandra Irene Reyes Garc\u00eda<\/td>\r\n<td width=\"94\">31 de agosto 2015<\/td>\r\n<td rowspan=\"7\" width=\"76\"><strong>Sistemas de salud<\/strong>\r\n\r\n\u00a0\r\n\r\n\u00a0\r\n\r\n\u00a0\r\n\r\n\u00a0\r\n\r\n\u00a0\r\n\r\n\u00a0\r\n\r\n\u00a0\r\n\r\n\u00a0\r\n\r\n<strong>\u00a0<\/strong><\/td>\r\n<\/tr>\r\n<tr>\r\n<td width=\"38\">11<\/td>\r\n<td width=\"141\">Gladis Zulema Acosta Moreno<\/td>\r\n<td width=\"293\">La cultura alimentaria en las mujeres madres de familia de la colonia el Chorizo, un espacio marginal de Culiac\u00e1n, Sinaloa<\/td>\r\n<td width=\"312\">Director de tesis: Dr. Ram\u00f3n Alvarado\r\n\r\nLectores: Dra. Juana Cruz Fern\u00e1ndez\r\n\r\nDr. V\u00edctor Hugo Aguilar Gaxiola<\/td>\r\n<td width=\"94\">26 de agosto 2015\r\n\r\n\u00a0<\/td>\r\n<\/tr>\r\n<tr>\r\n<td width=\"38\">12<\/td>\r\n<td width=\"141\">Roxana Graciela Rojas.<\/td>\r\n<td width=\"293\">Representaciones sociales del padecimiento depresivo de las mujeres madres entre los 29 y 49 a\u00f1os, atendidas en el Centro Integral de Salud Mental. Culiac\u00e1n, Sinaloa.<\/td>\r\n<td width=\"312\">Directora de tesis: Dra. Rosa Mar\u00eda Rojas Rivera.\r\n\r\nLectoras: Dra. Beatriz Eugenia Rodr\u00edguez P\u00e9rez\r\n\r\nDra. Marisela Rivera Montoya.<\/td>\r\n<td width=\"94\">07 de septiembre 2015<\/td>\r\n<\/tr>\r\n<tr>\r\n<td width=\"38\">13<\/td>\r\n<td width=\"141\">Cindy Margarita L\u00f3pez Murillo<\/td>\r\n<td width=\"293\">Contexto social e ideaci\u00f3n suicida en adolescentes\r\n\r\nescolarizados del medio rural: una perspectiva ecol\u00f3gica sist\u00e9mica para el trabajo social<\/td>\r\n<td width=\"312\">Director de tesis: Dr. Mar\u00eda Carranza Aguilar\r\n\r\nLectores: Dra. Rosa Mar\u00eda Rojas Rivera\r\n\r\nDra. Beatr\u00edz Yazuko Arita Watanabe<\/td>\r\n<td width=\"94\">25 de agosto 2015\r\n\r\n\u00a0<\/td>\r\n<\/tr>\r\n<tr>\r\n<td width=\"38\">14<\/td>\r\n<td width=\"141\">Roc\u00edo Citlalli Mart\u00ednez Santos<\/td>\r\n<td width=\"293\">Creencias ambientales y participaci\u00f3n ciudadana en\r\n\r\nmujeres residentes de la zona rural y urbana del estado de Sinaloa<\/td>\r\n<td width=\"312\">Director de tesis: Dr. Mar\u00eda Carranza Aguilar\r\n\r\nLectores: Dr. V\u00edctor Hugo Aguilar Gaxiola\r\n\r\nDra. Rosa Mar\u00eda Rojas Rivera<\/td>\r\n<td width=\"94\">18 de diciembre 2015<\/td>\r\n<\/tr>\r\n<tr>\r\n<td width=\"38\">15\r\n\r\n\u00a0<\/td>\r\n<td width=\"141\">Matilde Miguel Dom\u00ednguez<\/td>\r\n<td width=\"293\">Desigualdad social, derechos econ\u00f3micos, sociales, culturales y calidad de vida en contexto de personas adultas mayores ind\u00edgenas jornaleras: Villa Benito Ju\u00e1rez, Navolato, Sinaloa.<\/td>\r\n<td width=\"312\">Directora de tesis: Dra. Beatriz Delia Cota Elizalde.\r\n\r\nCo directora: Dra. Celia Maga\u00f1a Garc\u00eda\r\n\r\nLectores: Dr. Mario Carranza Aguilar\r\n\r\nDra. Ramona Romero Segovia<\/td>\r\n<td width=\"94\">11 de marzo 2016<\/td>\r\n<\/tr>\r\n<tr>\r\n<td width=\"38\">16<\/td>\r\n<td width=\"141\">Luis Jes\u00fas Hern\u00e1ndez Aguirre<\/td>\r\n<td width=\"293\">Fortalezas de las y los estudiantes de secundaria ante el riesgo al consumo de drogas<\/td>\r\n<td width=\"312\">Directora de tesis: Dra. Xolyanetzin Montero Pardo.\r\n\r\nLectores: Dra. Beatriz Yazuko Arita\r\n\r\nDr. Rigoberto Jim\u00e9nez Lauren<\/td>\r\n<td width=\"94\">10 de octubre 2017<\/td>\r\n<\/tr>\r\n<\/tbody>\r\n<\/table>\r\n<strong>\u00a0<\/strong>\t\t\t\t\t\t <\/div>\r\n\t\t\t\t\t\t\t\t\t\t\t\t <div role=\"tabpanel\" class=\"tab-pane \" id=\"tabs_desc_2520_3\">\r\n\t\t\t\t\t\t\t\t<table width=\"0\">\r\n<tbody style=\"background-color: white;border-color: white\">\r\n<tr style=\"background-color: #f2f2f2\">\r\n<td width=\"38\"><strong>N\u00b0<\/strong><\/td>\r\n<td width=\"141\"><strong>ALUMNO<\/strong><\/td>\r\n<td width=\"312\"><strong>T\u00edtulo<\/strong><\/td>\r\n<td width=\"312\"><strong>\u00a0\u00a0\u00a0\u00a0\u00a0\u00a0\u00a0\u00a0\u00a0\u00a0\u00a0\u00a0\u00a0\u00a0\u00a0\u00a0\u00a0\u00a0\u00a0\u00a0\u00a0\u00a0\u00a0\u00a0\u00a0\u00a0\u00a0\u00a0\u00a0\u00a0\u00a0\u00a0\u00a0\u00a0\u00a0 COMIT\u00c9 TUTORAL\u00a0\u00a0\u00a0\u00a0\u00a0\u00a0\u00a0\u00a0\u00a0\u00a0\u00a0\u00a0\u00a0\u00a0\u00a0\u00a0\u00a0\u00a0\u00a0\u00a0 <\/strong><\/td>\r\n<td width=\"85\"><strong>\u00a0<\/strong><\/td>\r\n<td width=\"85\"><strong>L\u00cdNEA<\/strong><\/td>\r\n<\/tr>\r\n<tr>\r\n<td width=\"38\">1<\/td>\r\n<td width=\"141\">Yenny Andrea Belalcazar V\u00e1squez<\/td>\r\n<td width=\"312\">La construcci\u00f3n de conciencia de g\u00e9nero en el congreso de los pueblos: proceso emancipatorio de pr\u00e1cticas patriarcales en la militancia de izquierda<\/td>\r\n<td width=\"312\">Director de tesis: Dr. V\u00edctor Hugo Aguilar Gaxiola\r\n\r\nLectores: Dr. Cesar Jes\u00fas Burgos D\u00e1vila\r\n\r\nMC. Guadalupe Lizeth Serrano Ponce<\/td>\r\n<td width=\"85\">14 de mayo de 2019<\/td>\r\n<td rowspan=\"7\" width=\"85\"><strong>Estudios de g\u00e9nero<\/strong><\/td>\r\n<\/tr>\r\n<tr>\r\n<td width=\"38\">2<\/td>\r\n<td width=\"141\">Mar\u00eda de los \u00c1ngeles Ram\u00edrez Uribe<\/td>\r\n<td width=\"312\">Representaciones sociales de la lactancia materna y construcciones de g\u00e9nero en madres con trabajo remunerado en Culiac\u00e1n, Sinaloa.<\/td>\r\n<td width=\"312\">Directora de tesis: Dra. Rosario Edith Ortiz F\u00e9lix\r\n\r\nCodirectora: Dra. Gilda Salazar Ant\u00fanez\r\n\r\nLectoras: Dra. Leonor Tereso Ram\u00edrez\r\n\r\nMC. Lizbeth Alvarado Machado<\/td>\r\n<td width=\"85\">29 de mayo de 2019<\/td>\r\n<\/tr>\r\n<tr>\r\n<td width=\"38\">3<\/td>\r\n<td width=\"141\">Karla Jazm\u00edn Galindo V\u00e1zquez<\/td>\r\n<td width=\"312\">La maternidad pol\u00edtica en el Grupo de las Rastreadoras de El Fuerte.<\/td>\r\n<td width=\"312\">Directora de tesis: Dra. Beatriz Rodr\u00edguez P\u00e9rez\r\n\r\nLectoras: Dra. Ayde Perza Ezcobosa\r\n\r\nDr. V\u00edctor Hugo Aguilar Gaxiola<\/td>\r\n<td width=\"85\">18 de julio de 2021<\/td>\r\n<\/tr>\r\n<tr>\r\n<td width=\"38\">4<\/td>\r\n<td width=\"141\">Nadia\u00a0 Lizeth Monta\u00f1o Lugo<\/td>\r\n<td width=\"312\">Exclusi\u00f3n a la salud desde una perspectiva de g\u00e9nero en el m\u00f3dulo de mujeres privadas de la libertad en el Centro Penitenciario de Aguaruto, Culiac\u00e1n.<\/td>\r\n<td width=\"312\">Directora de tesis: Dra. Sandra Irene Reyes Garc\u00eda\r\n\r\nLectores: Dra. Guadalupe Pardo Ben\u00edtez\r\n\r\nDr. Celso Ortiz Mar\u00edn<\/td>\r\n<td width=\"85\">26 de junio de 2019<\/td>\r\n<\/tr>\r\n<tr>\r\n<td width=\"38\">5<\/td>\r\n<td width=\"141\">David Eduardo Castro Rivera\r\n\r\n\u00a0<\/td>\r\n<td width=\"312\">La aplicaci\u00f3n de la pol\u00edtica social para prevenir, atender y erradicar la violencia simb\u00f3lica contra las mujeres en Sinaloa y San Luis Potos\u00ed.<\/td>\r\n<td width=\"312\">Directora de tesis: Dra. Teresita del Ni\u00f1o Jes\u00fas Carrillo Montoya\r\n\r\nCodirector: Dr. Abel Antonio Grijalva Verdugo\r\n\r\nLectores: Dr. Hiram Reyes Sosa\r\n\r\nMC. Cindy Margarita L\u00f3pez Murillo<\/td>\r\n<td width=\"85\">04 de junio de 2019<\/td>\r\n<\/tr>\r\n<tr>\r\n<td width=\"38\">6<\/td>\r\n<td width=\"141\">Miguel Angel\u00a0 Montes Cuevas<\/td>\r\n<td width=\"312\">Discriminaci\u00f3n laboral en jornaleros ind\u00edgenas\r\n\r\ndisidentes al sistema sexo-g\u00e9nero establecidos en campos agr\u00edcolas de Navolato, Sinaloa\r\n\r\n\u00a0<\/td>\r\n<td width=\"312\">Directora de tesis: Dra. Beatriz Delia Cota Elizalde\r\n\r\nLectores: Dr. Celso Ortiz Mar\u00edn\r\n\r\nDra. Mar\u00eda Olga Hern\u00e1ndez Garc\u00eda<\/td>\r\n<td width=\"85\">13 de junio de 2019<\/td>\r\n<\/tr>\r\n<tr>\r\n<td width=\"38\">7<\/td>\r\n<td width=\"141\">Iver Celeste Guzm\u00e1n Tofoya<\/td>\r\n<td width=\"312\">Construcci\u00f3n del reconocimiento solidario en adultas jubiladas, usuarias de la casa de d\u00eda del ISSSTE en Culiac\u00e1n<\/td>\r\n<td width=\"312\">Director de tesis: Dr. Juan Enrique Mendoza Zazueta\r\n\r\nLectores: Dra. Beatriz Delia Cota Elizalde\r\n\r\nDr. Francisco Padilla Beltr\u00e1n\r\n\r\n\u00a0<\/td>\r\n<td width=\"85\">03 de julio de 2019<\/td>\r\n<\/tr>\r\n<tr>\r\n<td width=\"38\">8<\/td>\r\n<td width=\"141\">Luis Guadalupe Guerrero Vega<\/td>\r\n<td width=\"312\">\u00a0La construcci\u00f3n de un agente pol\u00edtico l\u00e9sbico-gay en relaci\u00f3n con la homofobia. La experiencia de integrantes del Comit\u00e9 de la Diversidad de Sinaloa<\/td>\r\n<td width=\"312\">Directora de tesis: Dra. Carolina Valdez Montero\r\n\r\nCo-director: Dr. Guillermo Nu\u00f1ez Noriega\r\n\r\nLectoras: Dra.\u00a0 Ramona Romero Segovia\r\n\r\nMC. Matilde Miguel Dom\u00ednguez<\/td>\r\n<td width=\"85\">17 de junio de 2021<\/td>\r\n<td width=\"85\"><strong>\u00a0<\/strong><\/td>\r\n<\/tr>\r\n<tr>\r\n<td width=\"38\"><strong>N\u00b0<\/strong><\/td>\r\n<td width=\"141\"><strong>ALUMNO<\/strong><\/td>\r\n<td width=\"312\"><strong>T\u00edtulo<\/strong><\/td>\r\n<td width=\"312\"><strong>\u00a0\u00a0\u00a0\u00a0\u00a0\u00a0\u00a0\u00a0\u00a0\u00a0\u00a0\u00a0\u00a0\u00a0\u00a0\u00a0\u00a0\u00a0\u00a0\u00a0\u00a0\u00a0\u00a0\u00a0\u00a0\u00a0\u00a0\u00a0\u00a0\u00a0\u00a0\u00a0\u00a0\u00a0\u00a0 COMIT\u00c9 TUTORAL\u00a0\u00a0\u00a0\u00a0\u00a0\u00a0\u00a0\u00a0\u00a0\u00a0\u00a0\u00a0\u00a0\u00a0\u00a0\u00a0\u00a0\u00a0\u00a0\u00a0 <\/strong><\/td>\r\n<td width=\"85\"><strong>\u00a0<\/strong><\/td>\r\n<td width=\"85\"><strong>L\u00cdNEA<\/strong><\/td>\r\n<\/tr>\r\n<tr>\r\n<td width=\"38\">9<\/td>\r\n<td width=\"141\">Jes\u00fas Enrique Santos Espinoza<\/td>\r\n<td width=\"312\">Estilos de vida y salud de adultos mayores con diabetes tipo 2 que acuden a DIABETIMSS en un Hospital de Culiac\u00e1n<\/td>\r\n<td width=\"312\">Directora de tesis: Dra. Beatriz Yasuko Arita Watanabe\r\n\r\nLectoras: Dra. Ramona Romero Segovia\r\n\r\nMC. Matilde Miguel Dom\u00ednguez<\/td>\r\n<td width=\"85\">30 de mayo de 2019<\/td>\r\n<td rowspan=\"4\" width=\"85\"><strong>Sistemas de salud<\/strong><\/td>\r\n<\/tr>\r\n<tr>\r\n<td width=\"38\">10<\/td>\r\n<td width=\"141\">Rub\u00e9n S\u00e1nchez Ramos<\/td>\r\n<td width=\"312\">Factores de riesgo que inciden en el juego patol\u00f3gico: experiencia de jugadores patol\u00f3gicos en recuperaci\u00f3n de la ciudad de Culiac\u00e1n<\/td>\r\n<td width=\"312\">Directora de tesis: Dra. Carolina Vald\u00e9s Montero\r\n\r\nLectoras: Dra. Beatriz Rodr\u00edguez P\u00e9rez\r\n\r\nMC. Gloria Ema Reyes Verduzco\r\n\r\n\u00a0<\/td>\r\n<td width=\"85\">24 de mayo de 2019<\/td>\r\n<\/tr>\r\n<tr>\r\n<td width=\"38\">11<\/td>\r\n<td width=\"141\">Evelyn Clarissa Z\u00fa\u00f1iga Rivera\r\n\r\n\u00a0<\/td>\r\n<td width=\"312\">Aproximaci\u00f3n psicosocial a la din\u00e1mica en familias de ni\u00f1os y ni\u00f1as con transtorno por d\u00e9ficit de atenci\u00f3n con hiperactividad<\/td>\r\n<td width=\"312\">Director de tesis: Dr. Cesar Jes\u00fas Burgos D\u00e1vila\r\n\r\nCo-directora: Dra. Eva Angelina Araujo Jim\u00e9nez\r\n\r\nLectoras: Dra. Luz Mercedes Verdugo Araujo\r\n\r\nDra. Xolyanetzin Montero Pardo.\r\n\r\n\u00a0<\/td>\r\n<td width=\"85\">27 de junio de 2019<\/td>\r\n<\/tr>\r\n<tr>\r\n<td width=\"38\">12<\/td>\r\n<td width=\"141\">Diana Karely Quintero Olivas<\/td>\r\n<td width=\"312\">Calidad de vida de familias con ni\u00f1os y ni\u00f1as con trastorno por d\u00e9ficit de atenci\u00f3n con hiperactividad\u00a0 atendidos en el laboratorio de psicomotricidad de la FEFYDE-UAS<\/td>\r\n<td width=\"312\">Director de tesis: Dr. Jos\u00e9 Aldo Hern\u00e1ndez Mur\u00faa\r\n\r\nCo-directora: Dra. Ena Monserrat Romero P\u00e9rez\r\n\r\nLectoras:\r\n\r\nDra. Teresita del Ni\u00f1o Jes\u00fas Carrillo Montoya\r\n\r\nMC. Oliva Maldonado Torres<\/td>\r\n<td width=\"85\">03 de julio de 2019<\/td>\r\n<\/tr>\r\n<\/tbody>\r\n<\/table>\r\n<strong>\u00a0<\/strong>\r\n\r\n<strong>\u00a0<\/strong>\t\t\t\t\t\t <\/div>\r\n\t\t\t\t\t\t\t\t\t\t\t\t <div role=\"tabpanel\" class=\"tab-pane \" id=\"tabs_desc_2520_4\">\r\n\t\t\t\t\t\t\t\t<table width=\"0\">\r\n<tbody style=\"background-color: white;border-color: white\">\r\n<tr style=\"background-color: #f2f2f2\">\r\n<td width=\"38\"><strong>N\u00b0<\/strong><\/td>\r\n<td width=\"141\"><strong>ALUMNO<\/strong><\/td>\r\n<td width=\"312\"><strong>T\u00edtulo<\/strong><\/td>\r\n<td width=\"312\"><strong>\u00a0\u00a0\u00a0\u00a0\u00a0\u00a0\u00a0\u00a0\u00a0\u00a0\u00a0\u00a0\u00a0\u00a0\u00a0\u00a0\u00a0\u00a0\u00a0\u00a0\u00a0\u00a0\u00a0\u00a0\u00a0\u00a0\u00a0\u00a0\u00a0\u00a0\u00a0\u00a0\u00a0\u00a0\u00a0 COMIT\u00c9 TUTORAL\u00a0\u00a0\u00a0\u00a0\u00a0\u00a0\u00a0\u00a0\u00a0\u00a0\u00a0\u00a0\u00a0\u00a0\u00a0\u00a0\u00a0\u00a0\u00a0\u00a0 <\/strong><\/td>\r\n<td width=\"85\"><strong>\u00a0<\/strong><\/td>\r\n<td width=\"85\"><strong>L\u00cdNEA<\/strong><\/td>\r\n<\/tr>\r\n<tr>\r\n<td width=\"38\">1<\/td>\r\n<td width=\"141\">Giovana Lizbeth Manjarrez Casta\u00f1os<\/td>\r\n<td width=\"312\">Implementaci\u00f3n del Programa Nacional de Convivencia Escolar como estrategia para combatir al acoso escolar en la escuela primaria solidaridad de Culiac\u00e1n, Sin.<\/td>\r\n<td width=\"312\">Directora de tesis: Dra. Leonor Tereso Ram\u00edrez\r\n\r\nCo-Director: Dr. Luis Manuel Rodr\u00edguez Otero \u00a0\u00a0\u00a0\u00a0\u00a0\u00a0\u00a0\u00a0\u00a0\u00a0Lectoras: Dra. Luz Mercedes Verdugo Araujo\r\n\r\nDra. Gloria Isabel Camacho Bejarano<\/td>\r\n<td width=\"85\">02 de Septiembre 2021<\/td>\r\n<td rowspan=\"4\" width=\"85\"><strong>Pol\u00edtica social, Trabajo Social y bienestar<\/strong><\/td>\r\n<\/tr>\r\n<tr>\r\n<td width=\"38\">2<\/td>\r\n<td width=\"141\">Beatriz Guadalupe Zepeda G\u00f3mez<\/td>\r\n<td width=\"312\">Autoeficacia, estilo de vida saludable y calidad de vida. Programa bienestar Integral y ejercicio f\u00edsico en adultos mayores de la ciudad de Culiac\u00e1n Sinaloa.<\/td>\r\n<td width=\"312\">Director de tesis: Dr. Jos\u00e9 Aldo Hern\u00e1ndez Mur\u00faa\r\n\r\nCo-Director: Dr. Rafael Castro P\u00e9rez\r\n\r\nLectoras: Dra. Ramona Romero Segovia\r\n\r\nM.C. Matilde Miguel Dom\u00ednguez<\/td>\r\n<td width=\"85\">21 de septiembre 2021<\/td>\r\n<\/tr>\r\n<tr>\r\n<td width=\"38\">3<\/td>\r\n<td width=\"141\">Pamela Guadalupe Velarde Alvarado<\/td>\r\n<td width=\"312\">Intervenci\u00f3n Profesional del Trabajo Social en el proceso de duelo de cuidadores de pacientes en fase terminal en Hospital General de la ciudad de Culiac\u00e1n y Mazatl\u00e1n, Sinaloa<\/td>\r\n<td width=\"312\">Directora de Tesis: Luz Mercedes Verdugo Araujo Lectoras: Dra. Belinda Espinosa Cazarez\r\n\r\nM.C. Cindy Margarita L\u00f3pez Murillo<\/td>\r\n<td width=\"85\">30 de noviembre 2021<\/td>\r\n<\/tr>\r\n<tr>\r\n<td width=\"38\">4<\/td>\r\n<td width=\"141\">Rosa Acela Mayanix alvarado Guevara<\/td>\r\n<td width=\"312\">La cientificidad de la disciplina del Trabajo Social. Un estudio de la producci\u00f3n cient\u00edfica en revistas mexicanas.<\/td>\r\n<td width=\"312\">Directora de Tesis: Dra. Mar\u00eda Luisa Urrea Zazueta\r\n\r\nCo-Directora: Dra. Teresita del Ni\u00f1o Jes\u00fas Carrillo Montoya Lectores: Dra. Marisela Rivera Montoya\r\n\r\nDr. V\u00edctor Hugo Aguilar Gaxiola<\/td>\r\n<td width=\"85\">17 de junio 2021<\/td>\r\n<\/tr>\r\n<tr>\r\n<td width=\"38\"><strong>N\u00b0<\/strong><\/td>\r\n<td width=\"141\"><strong>ALUMNO<\/strong><\/td>\r\n<td width=\"312\"><strong>T\u00edtulo<\/strong><\/td>\r\n<td width=\"312\"><strong>\u00a0\u00a0\u00a0\u00a0\u00a0\u00a0\u00a0\u00a0\u00a0\u00a0\u00a0\u00a0\u00a0\u00a0\u00a0\u00a0\u00a0\u00a0\u00a0\u00a0\u00a0\u00a0\u00a0\u00a0\u00a0\u00a0\u00a0\u00a0\u00a0\u00a0\u00a0\u00a0\u00a0\u00a0\u00a0 COMIT\u00c9 TUTORAL\u00a0\u00a0\u00a0\u00a0\u00a0\u00a0\u00a0\u00a0\u00a0\u00a0\u00a0\u00a0\u00a0\u00a0\u00a0\u00a0\u00a0\u00a0\u00a0\u00a0 <\/strong><\/td>\r\n<td width=\"85\"><strong>\u00a0<\/strong><\/td>\r\n<td width=\"85\"><strong>L\u00cdNEA<\/strong><\/td>\r\n<\/tr>\r\n<tr>\r\n<td width=\"38\">5<\/td>\r\n<td width=\"141\">Celene Esmeralda Rivas Zavala<\/td>\r\n<td width=\"312\">Trayectorias acad\u00e9micas de investigadoras pertenecientes al Sistema Nacional de Investigadores: relatos biogr\u00e1ficos de su experiencia y quehacer investigativo<\/td>\r\n<td width=\"312\">Directora de tesis: Dr. Cesar Jes\u00fas Burgos D\u00e1vila\r\n\r\nCo-Directora: Dra. Beatriz Eugenia Rodr\u00edguez P\u00e9rez\r\n\r\nLic. Marisela Rivera Montoya\r\n\r\nM.C. Lizbeth Alvarado Machado<\/td>\r\n<td width=\"85\">02 de junio 2022<\/td>\r\n<td rowspan=\"3\" width=\"85\"><strong>Sujetos sociales y vida cotidiana<\/strong><\/td>\r\n<\/tr>\r\n<tr>\r\n<td width=\"38\">6<\/td>\r\n<td width=\"141\">Mariela Morales Garc\u00eda<\/td>\r\n<td width=\"312\">Vivencias de Familias con hijas e hijos internos en centros de tratamiento para drogodependientes<\/td>\r\n<td width=\"312\">Directora de Tesis: Dra. Carolina Valdez Montero\r\n\r\nCo-Directora: Dra. Lucia Caudillo Ortega\r\n\r\nLectoras: Dra. Martha Alicia Torres Reyes\r\n\r\nDra. Iliana Padilla Reyes<\/td>\r\n<td width=\"85\">10 de febrero 2022<\/td>\r\n<\/tr>\r\n<tr>\r\n<td width=\"38\">7<\/td>\r\n<td width=\"141\">Jesse Alain Reyes Mendoza<\/td>\r\n<td width=\"312\">Din\u00e1micas de las familias de adolescentes v\u00edctimas de acoso escolar: Experiencias de madres e hijos<\/td>\r\n<td width=\"312\">Directora de tesis: Dra. Xolyanetzin Montero Pardo\u00a0\u00a0 Co-Directora: Karla Mar\u00eda Ur\u00edas Aguirre\r\n\r\nLectoras: Dra. Leonor Tereso Ram\u00edrez\r\n\r\nDra. Martha Elena Vel\u00e1zquez Escobar<\/td>\r\n<td width=\"85\">10 de febrero 2022<\/td>\r\n<\/tr>\r\n<\/tbody>\r\n<\/table>\r\n<strong>\u00a0<\/strong>\t\t\t\t\t\t <\/div>\r\n\t\t\t\t\t\t\t\t\t\t\t\t <div role=\"tabpanel\" class=\"tab-pane \" id=\"tabs_desc_2520_5\">\r\n\t\t\t\t\t\t\t\t<table width=\"0\">\r\n<tbody style=\"background-color: white;border-color: white\">\r\n<tr style=\"background-color: #f2f2f2\">\r\n<td width=\"38\"><strong>N\u00b0<\/strong><\/td>\r\n<td width=\"141\"><strong>ALUMNO<\/strong><\/td>\r\n<td width=\"312\"><strong>T\u00edtulo<\/strong><\/td>\r\n<td width=\"312\"><strong>\u00a0\u00a0\u00a0\u00a0\u00a0\u00a0\u00a0\u00a0\u00a0\u00a0\u00a0\u00a0\u00a0\u00a0\u00a0\u00a0\u00a0\u00a0\u00a0\u00a0\u00a0\u00a0\u00a0\u00a0\u00a0\u00a0\u00a0\u00a0\u00a0\u00a0\u00a0\u00a0\u00a0\u00a0\u00a0 COMIT\u00c9 TUTORAL\u00a0\u00a0\u00a0\u00a0\u00a0\u00a0\u00a0\u00a0\u00a0\u00a0\u00a0\u00a0\u00a0\u00a0\u00a0\u00a0\u00a0\u00a0\u00a0\u00a0 <\/strong><\/td>\r\n<td width=\"85\"><strong>\u00a0<\/strong><\/td>\r\n<td width=\"85\"><strong>L\u00cdNEA<\/strong><\/td>\r\n<\/tr>\r\n<tr>\r\n<td width=\"38\">1<\/td>\r\n<td width=\"141\">Ana Denisse Torres Sotelo<\/td>\r\n<td width=\"312\">Agenda feminista y pol\u00edtica p\u00fablica en Sinaloa. Las colectivas como agentes de cambio.<\/td>\r\n<td width=\"312\">Director de tesis: Dra. Beatriz Eugenia Rodr\u00edguez P\u00e9rez\r\n\r\nCo-Directora: Dra. Melissa Fern\u00e1ndez Chagoya\r\n\r\nLectoras:\u00a0 Dra. Mar\u00eda Luisa Urrea Zazueta\r\n\r\nDra. Belinda Espinosa Cazares<\/td>\r\n<td width=\"85\">26 de abril de 2023<\/td>\r\n<td rowspan=\"3\" width=\"85\"><strong>Pol\u00edtica social, Trabajo Social y bienestar<\/strong><\/td>\r\n<\/tr>\r\n<tr>\r\n<td width=\"38\">2<\/td>\r\n<td width=\"141\">Cabrera Bautista Jenny Carmen<\/td>\r\n<td width=\"312\">El capital social de migrantes haitianos a partir de su incorporaci\u00f3n a redes colectivas en Tijuana Baja California<\/td>\r\n<td width=\"312\">Directora de Tesis: Luz Mercedes Verdugo Araujo Lectoras: Dra. Marisela Rivera Montoya\r\n\r\nM.C. Matilde Miguel Dom\u00ednguez<\/td>\r\n<td width=\"85\">01 de junio de 2023<\/td>\r\n<\/tr>\r\n<tr>\r\n<td width=\"38\">3<\/td>\r\n<td width=\"141\">Karina Vanesa Nieblas Arreola<\/td>\r\n<td width=\"312\">Intervenci\u00f3n de Trabajo Social en la restituci\u00f3n del derecho a vivir en familia de la ni\u00f1ez y adolescencia en situaci\u00f3n de institucionalizaci\u00f3n en sistema DIF Sinaloa<\/td>\r\n<td width=\"312\">Directora de Tesis: Dra. Marisela Rivera Montoya\r\n\r\nCo-Directora: Dra. Carmen Gabriela Ru\u00edz Serrano\r\n\r\nLectoras: Dra. Luz Mercedes Verdugo Araujo\r\n\r\nM.C. Guadalupe Lizeth Serrano Ponce\r\n\r\n\u00a0<\/td>\r\n<td width=\"85\">14 de junio de 2023<\/td>\r\n<\/tr>\r\n<tr>\r\n<td width=\"38\"><strong>N\u00b0<\/strong><\/td>\r\n<td width=\"141\"><strong>ALUMNO<\/strong><\/td>\r\n<td width=\"312\"><strong>T\u00edtulo<\/strong><\/td>\r\n<td width=\"312\"><strong>\u00a0\u00a0\u00a0\u00a0\u00a0\u00a0\u00a0\u00a0\u00a0\u00a0\u00a0\u00a0\u00a0\u00a0\u00a0\u00a0\u00a0\u00a0\u00a0\u00a0\u00a0\u00a0\u00a0\u00a0\u00a0\u00a0\u00a0\u00a0\u00a0\u00a0\u00a0\u00a0\u00a0\u00a0 COMIT\u00c9 TUTORAL\u00a0\u00a0\u00a0\u00a0\u00a0\u00a0\u00a0\u00a0\u00a0\u00a0\u00a0\u00a0\u00a0\u00a0\u00a0\u00a0\u00a0\u00a0 <\/strong><\/td>\r\n<td width=\"85\"><strong>\u00a0<\/strong><\/td>\r\n<td width=\"85\"><strong>L\u00cdNEA<\/strong><\/td>\r\n<\/tr>\r\n<tr>\r\n<td width=\"38\">5<\/td>\r\n<td width=\"141\">Quezada D\u00edaz Kathleen Airam<\/td>\r\n<td width=\"312\">Ser la esposa de Cristo, los Derechos Sociales en la identidad de g\u00e9nero de las Madres Carmelitas Descalzas en M\u00e9xico.<\/td>\r\n<td width=\"312\">Directora de tesis: Dra. Mar\u00eda Luisa Urrea Zazueta\r\n\r\nLectoras: Dra. Gloria Isabel Camacho Bejarano\r\n\r\nMC \u00c1ngela Sarah\u00ed Medina Castro<\/td>\r\n<td width=\"85\">27 de abril de 2023<\/td>\r\n<td rowspan=\"2\" width=\"85\"><strong>Sujetos sociales y vida cotidiana<\/strong><\/td>\r\n<\/tr>\r\n<tr>\r\n<td width=\"38\">6<\/td>\r\n<td width=\"141\">Olvera Ram\u00edrez Mart\u00edn<\/td>\r\n<td width=\"312\">Resistencias sociales frente a los discursos gordof\u00f3bicos en la comunidad virtual STOP Gordofobia.<\/td>\r\n<td width=\"312\">Director de tesis: Leonor Tereso Ram\u00edrez\r\n\r\nCo-Director:\r\n\r\nLectoras: Dra. Nancy Vannesa Lugo Medina\r\n\r\nMC Mar\u00eda de los \u00c1ngeles Ram\u00edrez Uribe<\/td>\r\n<td width=\"85\">26 de mayo de 2023<\/td>\r\n<\/tr>\r\n<\/tbody>\r\n<\/table>\r\n<strong>\u00a0<\/strong>\t\t\t\t\t\t <\/div>\r\n\t\t\t\t\t\t\t\r\n\t\t\t\t\t <\/div>\r\n\t\t\t\t\t \r\n\t\t\t\t <\/div>\r\n <script>\r\n\t\tjQuery(function () {\r\n\t\t\tjQuery('#myTab_2520 a:first').tab('show')\r\n\t\t});\r\n\t\t\r\n\t\t\t\tjQuery(function(){\r\n\t\t\tvar b=\"fadeIn\";\r\n\t\t\tvar c;\r\n\t\t\tvar a;\r\n\t\t\td(jQuery(\"#myTab_2520 a\"),jQuery(\"#tab-content_2520\"));function d(e,f,g){\r\n\t\t\t\te.click(function(i){\r\n\t\t\t\t\ti.preventDefault();\r\n\t\t\t\t\tjQuery(this).tab(\"show\");\r\n\t\t\t\t\tvar h=jQuery(this).data(\"easein\");\r\n\t\t\t\t\tif(c){c.removeClass(a);}\r\n\t\t\t\t\tif(h){f.find(\"div.active\").addClass(\"animated \"+h);a=h;}\r\n\t\t\t\t\telse{if(g){f.find(\"div.active\").addClass(\"animated \"+g);a=g;}else{f.find(\"div.active\").addClass(\"animated \"+b);a=b;}}c=f.find(\"div.active\");\r\n\t\t\t\t});\r\n\t\t\t}\r\n\t\t});\r\n\t\t\r\n\r\n\t\tfunction do_resize(){\r\n\r\n\t\t\tvar width=jQuery( '.tab-content .tab-pane iframe' ).width();\r\n\t\t\tvar height=jQuery( '.tab-content .tab-pane iframe' ).height();\r\n\r\n\t\t\tvar toggleSize = true;\r\n\t\t\tjQuery('iframe').animate({\r\n\t\t\t    width: toggleSize ? width : 640,\r\n\t\t\t    height: toggleSize ? height : 360\r\n\t\t\t  }, 250);\r\n\r\n\t\t\t  toggleSize = !toggleSize;\r\n\t\t}\r\n\r\n\r\n\t<\/script>\r\n\t\t\t\t\r\n\t\t\t\r\n<p style=\"text-align: center\"><strong>LISTADO DE DEFENSA DE TESIS 2009-2021<\/strong><\/p>\r\n\r\n\r\n<hr \/>\r\n\r\n<div style=\"width: 100%\">\r\n<div style=\"float: left;width: 40%\">\r\n<p style=\"text-align: center\"><strong>GENERACI\u00d3N 2009-2011<\/strong><\/p>\r\n\r\n<ul>\r\n \t<li><a href=\"https:\/\/fts.uas.edu.mx\/wp-content\/uploads\/2020\/07\/LUIS-ALBERTO-VELARDE-OSUNA.pdf\" target=\"_blank\" rel=\"noopener\">\u201cLos avatares para el empoderamiento de mujeres l\u00edderes de colonia en el Municipio de Culiac\u00e1n.\u201d<\/a> -LUIS ALBERTO VELARDE OSUNA (2012)<\/li>\r\n<\/ul>\r\n<ul>\r\n \t<li><a href=\"https:\/\/fts.uas.edu.mx\/wp-content\/uploads\/2020\/07\/LEONOR-TERESO-RAMIREZ.pdf\" target=\"_blank\" rel=\"noopener\">\u201cProceso de empoderamiento de las madres solteras en el contexto familiar y universitario: Caso Facultad de Trabajo Social Culiac\u00e1n.\u201d<\/a> -LEONOR TERESO RAMIREZ (2012)<\/li>\r\n<\/ul>\r\n<ul>\r\n \t<li><i>\u201cRutas criticas de mujeres en situaci\u00f3n de violencia de g\u00e9nero en Culiac\u00e1n, Sinaloa 2010-2012.\u201d <\/i> -SANIA ELIZET MORENO MORENO (2012)<\/li>\r\n<\/ul>\r\n<ul>\r\n \t<li><a href=\"https:\/\/fts.uas.edu.mx\/wp-content\/uploads\/2020\/07\/MARIA-ELENA-ZAMORA-SIQUEIROS.pdf\" target=\"_blank\" rel=\"noopener\">\u201cLa mujer drogodependiente y los factores de an\u00e1lisis desde la intervenci\u00f3n de Trabajo Social.\u201d<\/a> -MARIA ELENA ZAMORA SIQUEIROS (A\u00d1O)<\/li>\r\n<\/ul>\r\n<ul>\r\n \t<li><a href=\"https:\/\/fts.uas.edu.mx\/wp-content\/uploads\/2020\/07\/LUZ-MERCEDES-VERDUGO-ARAUJO.pdf\" target=\"_blank\" rel=\"noopener\">\u201cLa evaluaci\u00f3n de la pol\u00edtica social del programa desayunos escolares en la primaria \u201cRicardo Flores Mag\u00f3n\u201d desde la perspectiva de Trabajo Social.\u201d<\/a> -LUZ MERCEDES VERDUGO ARAUJO (2012)<\/li>\r\n<\/ul>\r\n<ul>\r\n \t<li><a href=\"https:\/\/fts.uas.edu.mx\/wp-content\/uploads\/2020\/07\/PATRICIA-GENOVEVA-.pdf\" target=\"_blank\" rel=\"noopener\">\u201cLa calidad de vida en los jubilados de la UAS: un an\u00e1lisis a los programas de las pol\u00edticas sociales.\u201d<\/a> -PATRICIA GENOVEVA LOP\u00c9Z SAUCEDA (2012)<\/li>\r\n<\/ul>\r\n<ul>\r\n \t<li><a href=\"https:\/\/fts.uas.edu.mx\/wp-content\/uploads\/2020\/07\/VERONICA-POLANCO-L\u00d3PEZ.pdf\" target=\"_blank\" rel=\"noopener\">\u201cLa resiliencia como estrategia a potenciar desde el Trabajo Social para la atenci\u00f3n a la reincidencia en las adicciones en ONGs de Sinaloa.\u201d<\/a> -VER\u00d3NICA POLANCO L\u00d3PEZ (2012)<\/li>\r\n<\/ul>\r\n<ul>\r\n \t<li><i>\u201cH\u00e1bitos alimenticios y satisfacci\u00f3n con la vida de los adolescentes con sobre peso y obesidad.\u201d <\/i> -NANCY VANNESA LUGO MEDINA (2012)<\/li>\r\n<\/ul>\r\n<ul>\r\n \t<li><i>\u201cTrabajo Social y sus pr\u00e1cticas profesionales en una instituci\u00f3n que atiende drogodependencia: unidad de hospitalizaci\u00f3n Culiac\u00e1n. Centros de Integraci\u00f3n Juvenil 2009-2012.\u201d <\/i> -CARMEN MARIA MONTES GARCIA (2013)<\/li>\r\n<\/ul>\r\n<p style=\"text-align: center\"><strong>GENERACI\u00d3N 2013-2015<\/strong><\/p>\r\n\r\n<ul>\r\n \t<li><a href=\"https:\/\/fts.uas.edu.mx\/wp-content\/uploads\/2020\/07\/OLIVA-MALDONADO-TORRES.pdf\" target=\"_blank\" rel=\"noopener\">\u201cLas transformaciones en la identidad \u00e9tnica y la organizaci\u00f3n familiar en las mujeres Mayos-Yoremes profesionistas de la comunidad de Jahuara II\u201d<\/a> -OLIVA MALDONADO TORRES (2015)<\/li>\r\n \t<li><a href=\"https:\/\/fts.uas.edu.mx\/wp-content\/uploads\/2020\/07\/BELINDA-ESPINOSA-CAZAREZ.pdf\" target=\"_blank\" rel=\"noopener\">\u201cLa doble presencia femenina en la ciudad insular terciaria: un estudio de trabajo social, mujer, familia y pol\u00edtica social.\u201d<\/a> -BELINDA ESPINOSA CAZAREZ (2015)<\/li>\r\n<\/ul>\r\n<ul>\r\n \t<li><a href=\"https:\/\/fts.uas.edu.mx\/wp-content\/uploads\/2020\/07\/GUADALUPE-LIZETH-SERRANO-PONCE.pdf\" target=\"_blank\" rel=\"noopener\">\u201cLa configuraci\u00f3n social de la madre adolescente en la dimensi\u00f3n sociocultural de g\u00e9nero y el entorno familiar\u201d<\/a> -GUADALUPE LIZETH SERRANO PONCE (2015)<\/li>\r\n<\/ul>\r\n<ul>\r\n \t<li><a href=\"https:\/\/fts.uas.edu.mx\/wp-content\/uploads\/2020\/07\/GLORIA-EMA-REYES-VERDUZCO.pdf\" target=\"_blank\" rel=\"noopener\">\u201cIdeaci\u00f3n suicida. la normalidad social de la violencia familiar como factor causal. estudio de casos de mujeres y hombres que acudieron al CEPAVI.\u201d<\/a> -GLORIA EMA REYES VERDUZCO (2015)<\/li>\r\n<\/ul>\r\n<ul>\r\n \t<li><a href=\"https:\/\/fts.uas.edu.mx\/wp-content\/uploads\/2020\/07\/FRICIA-NOHELY-QUINTERO-LOPEZ.pdf\" target=\"_blank\" rel=\"noopener\">\u201cLa vulneraci\u00f3n de los derechos laborales y desarrollo humano de las trabajadoras madres solteras: empresa textilera Tex Ray M\u00e9xico\u201d<\/a> -FRICIA NOHELY QUINTERO L\u00d3PEZ (2015)<\/li>\r\n<\/ul>\r\n<ul>\r\n \t<li><a href=\"https:\/\/fts.uas.edu.mx\/wp-content\/uploads\/2020\/07\/ANGELA-SARAI-MEDINA-CASTRO.-TS-2015.pdf\" target=\"_blank\" rel=\"noopener\">\u201cEl enfoque de g\u00e9nero en los proyectos culturales en Sinaloa: caso programa PACMYC, 2013\u201d<\/a> -ANGELA SARA\u00cd MEDINA CASTRO (2016)<\/li>\r\n<\/ul>\r\n<ul>\r\n \t<li><a href=\"https:\/\/fts.uas.edu.mx\/wp-content\/uploads\/2020\/07\/GLORIA-ISABEL-CAMACHO-BEJARANO.pdf\" target=\"_blank\" rel=\"noopener\">\u201cTransferencias monetarias condicionadas: estudio de g\u00e9nero con familias beneficiarias del programa prospera asentadas en el pol\u00edgono de pobreza no.1 de Culiac\u00e1n, Sinaloa\u201d<\/a> -GLORIA ISABEL CAMACHO BEJARANO (2016)<\/li>\r\n<\/ul>\r\n<ul>\r\n \t<li><a href=\"https:\/\/fts.uas.edu.mx\/wp-content\/uploads\/2020\/07\/LIZBETH-ALVARADO-MACHADO.pdf\" target=\"_blank\" rel=\"noopener\">\u201cEstrategias de vida en jefas de familia jornaleras: el caso de las asentadas, en el Ej. Lic. Benito Ju\u00e1rez, Gve. Sin., 2015.\u201d<\/a> -LIZBETH ALVARADO MACHADO (2016)<\/li>\r\n<\/ul>\r\n<ul>\r\n \t<li><a href=\"https:\/\/fts.uas.edu.mx\/wp-content\/uploads\/2020\/07\/ARA-MONSERRAT-GONZAEZ-RIVAS.pdf\" target=\"_blank\" rel=\"noopener\">\u201cConstrucci\u00f3n de la identidad de g\u00e9nero, familia y pol\u00edtica social en la infancia: caso albergue mi \u00e1ngel de la guarda, DIF\u201d<\/a> -ARA MONSERRAT GONZ\u00c1LEZ RIVAS (2016)<\/li>\r\n<\/ul>\r\n<ul>\r\n \t<li><a href=\"https:\/\/fts.uas.edu.mx\/wp-content\/uploads\/2020\/07\/MAR\u00cdA-DELIA-PI\u00d1A-VILLEGAS.pdf\" target=\"_blank\" rel=\"noopener\">\u201cObesidad y sobrepeso, problema social que afecta a preadolescentes, caso: Escuela Primaria Justo Sierra, ciclo escolar: 2014 - 2015.\u201d<\/a> -MAR\u00cdA DELIA PI\u00d1A VILLEGAS (2015)<\/li>\r\n<\/ul>\r\n<ul>\r\n \t<li><a href=\"https:\/\/fts.uas.edu.mx\/wp-content\/uploads\/2020\/07\/GLADIS-ZULEMA-ACOSTA-MORENO.pdf\" target=\"_blank\" rel=\"noopener\">\u201cLa cultura alimentaria en las mujeres madres de familia de la colonia el Chorizo, un espacio marginal de Culiac\u00e1n, Sinaloa\u201d<\/a> -GLADIS ZULEMA ACOSTA MORENO (2015)<\/li>\r\n<\/ul>\r\n<ul>\r\n \t<li><a href=\"https:\/\/fts.uas.edu.mx\/wp-content\/uploads\/2020\/07\/ROXANA-GRACIELA-ROJAS.pdf\" target=\"_blank\" rel=\"noopener\">\u201cRepresentaciones sociales del padecimiento depresivo de las mujeres madres entre los 29 y 49 a\u00f1os, atendidas en el Centro Integral de Salud Mental. Culiac\u00e1n, Sinaloa.\u201d<\/a> -ROXANA GRACIELA ROJAS (2015)<\/li>\r\n<\/ul>\r\n<ul>\r\n \t<li><a href=\"https:\/\/fts.uas.edu.mx\/wp-content\/uploads\/2020\/07\/CINDY-MARGARITA-L\u00d3PEZ-MURILLO-1.pdf\" target=\"_blank\" rel=\"noopener\">\u201cContexto social e ideaci\u00f3n suicida en adolescentes\r\nescolarizados del medio rural: una perspectiva ecol\u00f3gica sist\u00e9mica para el trabajo social\u201d<\/a> -CINDY MARGARITA L\u00d3PEZ MURILLO (2015)<\/li>\r\n<\/ul>\r\n<ul>\r\n \t<li><a href=\"https:\/\/fts.uas.edu.mx\/wp-content\/uploads\/2020\/07\/ROCIO-CITLALLI-MART\u00cdNEZ-SANTOS.pdf\" target=\"_blank\" rel=\"noopener\">\u201cCreencias ambientales y participaci\u00f3n ciudadana en mujeres residentes de la zona rural y urbana del estado de Sinaloa\u201d<\/a> -ROC\u00cdO CITLALLI MARTINEZ SANTOS (2015)<\/li>\r\n<\/ul>\r\n<ul>\r\n \t<li><a href=\"https:\/\/fts.uas.edu.mx\/wp-content\/uploads\/2020\/07\/MATILDE-MIGUEL-DOMINGUEZ.pdf\" target=\"_blank\" rel=\"noopener\">\u201cDesigualdad social, derechos econ\u00f3micos, sociales, culturales y calidad de vida, en contexto de personas adultas mayores ind\u00edgenas jornaleras: Villa Benito Ju\u00e1rez, Navolato, Sinaloa.\u201d<\/a> -MATILDE MIGUEL DOMINGUEZ (2016)<\/li>\r\n<\/ul>\r\n<ul>\r\n \t<li><a href=\"https:\/\/fts.uas.edu.mx\/wp-content\/uploads\/2020\/07\/LUIS-JES\u00daS-HERN\u00c1NDEZ-AGUIRRE.pdf\" target=\"_blank\" rel=\"noopener\">\u201cFortalezas de las y los estudiantes de secundaria ante el riesgo al consumo de drogas\u201d<\/a> -LUIS JESUS HERNANDEZ AGUIRRE (2016)<\/li>\r\n<\/ul>\r\n<p style=\"text-align: center\"><strong>GENERACI\u00d3N 2017-2019<\/strong><\/p>\r\n\r\n<ul>\r\n \t<li><a href=\"https:\/\/fts.uas.edu.mx\/wp-content\/uploads\/2020\/07\/YENNY-ANDRE-BELALCAZAR-VASQUEZ.pdf\" target=\"_blank\" rel=\"noopener\">\u201cLa construcci\u00f3n de conciencia de g\u00e9nero en el congreso de los pueblos: proceso emancipatorio de pr\u00e1cticas patriarcales en la militancia de izquierda\u201d<\/a> -YENNY ANDREA BELALCAZAR V\u00c1SQUEZ (2019)<\/li>\r\n \t<li><a href=\"https:\/\/fts.uas.edu.mx\/wp-content\/uploads\/2020\/07\/MAR\u00cdA-DE-LOS-A.-RAM\u00cdREZ-U.-2019.pdf\" target=\"_blank\" rel=\"noopener\">\u201cRepresentaciones sociales de la lactancia materna y construcciones de g\u00e9nero en madres con trabajo remunerado en Culiac\u00e1n, Sinaloa.\u201d<\/a> -MAR\u00cdA DE LOS \u00c1NGELES RAM\u00cdREZ URIBE (2019)<\/li>\r\n<\/ul>\r\n<ul>\r\n \t<li><a href=\"https:\/\/fts.uas.edu.mx\/wp-content\/uploads\/2020\/07\/TESIS-NADIA-LIZETH-MONTA\u00d1O-LUGO.2019.pdf\" target=\"_blank\" rel=\"noopener\">\u201cExclusi\u00f3n a la salud desde una perspectiva de g\u00e9nero en el m\u00f3dulo de mujeres privadas de la libertad en el Centro Penitenciario de Aguaruto, Culiac\u00e1n.\u201d<\/a> -NADIA LIZETH MONTA\u00d1O LUGO (2019)<\/li>\r\n<\/ul>\r\n<ul>\r\n \t<li><a href=\"https:\/\/fts.uas.edu.mx\/wp-content\/uploads\/2020\/07\/DAVID-CASTRO-RIVERA.pdf\" target=\"_blank\" rel=\"noopener\">\u201cLa aplicaci\u00f3n de la pol\u00edtica social para prevenir, atender y erradicar la violencia simb\u00f3lica contra las mujeres en Sinaloa y san Luis Potos\u00ed.\u201d<\/a> -DAVID EDUARDO CASTRO RIVERA (2019)<\/li>\r\n<\/ul>\r\n<ul>\r\n \t<li><a href=\"https:\/\/fts.uas.edu.mx\/wp-content\/uploads\/2020\/07\/TESIS-MTS.-MIGUEL-ANGEL-MONTES-C.-2019.pdf\" target=\"_blank\" rel=\"noopener\">\u201cDiscriminaci\u00f3n laboral en jornaleros ind\u00edgenas disidentes al sistema sexo-g\u00e9nero, establecidos en campos agr\u00edcolas del municipio de Navolato, Sinaloa\u201d<\/a> -MIGUEL ANGEL MONTES CUEVAS (2019)<\/li>\r\n<\/ul>\r\n<ul>\r\n \t<li><a href=\"https:\/\/fts.uas.edu.mx\/wp-content\/uploads\/2020\/07\/IVER-CELESTE-GUZMAN-TAFOYA.-2019.pdf\" target=\"_blank\" rel=\"noopener\">\u201cConstrucci\u00f3n del reconocimiento solidario en adultas jubiladas, usuarias de la casa de d\u00eda del ISSSTE en Culiac\u00e1n, Sinaloa\u201d<\/a> -IVER CELESTE GUZM\u00c1N TOFOYA (2019)<\/li>\r\n<\/ul>\r\n<ul>\r\n \t<li><a href=\"https:\/\/fts.uas.edu.mx\/wp-content\/uploads\/2020\/07\/JESUS-ENRIQUE-SANTOS-ESPINOZA.pdf\" target=\"_blank\" rel=\"noopener\">\u201cEstilos de vida y salud de adultos mayores con diabetes tipo 2 que acuden a DIABETIMSS en un Hospital de Culiac\u00e1n\u201d<\/a> -JES\u00daS ENRIQUE SANTOS ESPINOZA (2019)<\/li>\r\n<\/ul>\r\n<ul>\r\n \t<li><a href=\"https:\/\/fts.uas.edu.mx\/wp-content\/uploads\/2020\/07\/Tesis-Rub\u00e9n-Sanchez-Ramos.pdf\" target=\"_blank\" rel=\"noopener\">\u201cFactores de riesgo que inciden en el juego patol\u00f3gico: experiencia de jugadores patol\u00f3gicos en recuperaci\u00f3n de la ciudad de Culiac\u00e1n\u201d<\/a> -RUB\u00c9N S\u00c1NCHEZ RAMOS (2019)<\/li>\r\n<\/ul>\r\n<ul>\r\n \t<li><a href=\"https:\/\/fts.uas.edu.mx\/wp-content\/uploads\/2020\/07\/EVELYN-CLARISSA-ZU\u00d1IGA-RIVERA.pdf\" target=\"_blank\" rel=\"noopener\">\u201cAproximaci\u00f3n psicosocial a la din\u00e1mica en familias de ni\u00f1os y ni\u00f1as con trastorno por d\u00e9ficit de atenci\u00f3n con hiperactividad\u201d<\/a> -EVELYN CLARISSA ZU\u00d1IGA RIVERA (2019)<\/li>\r\n<\/ul>\r\n<ul>\r\n \t<li><a href=\"https:\/\/fts.uas.edu.mx\/wp-content\/uploads\/2020\/07\/DIANA-K.-QUINTERO-O.-2019.pdf\" target=\"_blank\" rel=\"noopener\">\u201cCalidad de vida de familias con ni\u00f1os y ni\u00f1as con trastorno por d\u00e9ficit de atenci\u00f3n con hiperactividad atendidos en el laboratorio de psicomotricidad de la FEFYDE-UAS\u201d<\/a> -DIANA KARELY QUINTERO OLIVAS (2019)<\/li>\r\n<\/ul>\r\n<p style=\"text-align: center\"><strong>GENERACI\u00d3N 2019-2021<\/strong><\/p>\r\n\r\n<ul>\r\n \t<li style=\"list-style-type: none\">\r\n<ul>\r\n \t<li><i>\u201cLa cientificidad de la disciplina del Trabajo Social. un estudio de la producci\u00f3n y divulgaci\u00f3n cient\u00edfica en M\u00e9xico.\u201d<\/i> -ROSA ACELA MAYANIX ALVARADO GUEVARA (En Proceso)<\/li>\r\n<\/ul>\r\n<\/li>\r\n<\/ul>\r\n<ul>\r\n \t<li style=\"list-style-type: none\">\r\n<ul>\r\n \t<li><i>\u201cResponsabilidad Social Empresarial en relaci\u00f3n con el bienestar social de jornaleros en campos agr\u00edcolas del Valle de Culiac\u00e1n, Sinaloa.\u201d<\/i> -JOS\u00c9 ANTONIO CORT\u00c9S RODR\u00cdGUEZ (En Proceso)<\/li>\r\n<\/ul>\r\n<\/li>\r\n<\/ul>\r\n<ul>\r\n \t<li style=\"list-style-type: none\">\r\n<ul>\r\n \t<li><i>\u201cImplementaci\u00f3n del Programa Nacional de Convivencia Escolar como estrategia para combatir el acoso e escolar en contexto de vulnerabilidad social en la escuela primaria Solidaridad de Culiac\u00e1n, Sin.\u201d<\/i> -GIOVANNA LIZBETH MANJARREZ CASTA\u00d1OS (En Proceso)<\/li>\r\n<\/ul>\r\n<\/li>\r\n<\/ul>\r\n<ul>\r\n \t<li style=\"list-style-type: none\">\r\n<ul>\r\n \t<li><i>\u201cPrograma de capacitaci\u00f3n laboral de los Centros de Atenci\u00f3n M\u00faltiple. Logros en la inclusi\u00f3n laboral de los alumnos con necesidades educativas especiales.\u201d<\/i> -SILVIA NOLASCO CHICUATE (En Proceso)<\/li>\r\n<\/ul>\r\n<\/li>\r\n<\/ul>\r\n<ul>\r\n \t<li style=\"list-style-type: none\">\r\n<ul>\r\n \t<li><i>\u201cPr\u00e1ctica profesional del Trabajo Social en el proceso de duelo de cuidadores de pacientes en fase t terminal en Hospital General de la Ciudad de Culiac\u00e1n y Mazatl\u00e1n, Sinaloa.\u201d<\/i> -PAMELA GUADALUPE VELARDE ALVARADO (En Proceso)<\/li>\r\n<\/ul>\r\n<\/li>\r\n<\/ul>\r\n<ul>\r\n \t<li style=\"list-style-type: none\">\r\n<ul>\r\n \t<li><i>\u201cVivencia de ocio y calidad de vida en adultos mayores con diabetes tipo 2.\u201d<\/i> -MARTHA GUADALUPE CARRIZALES CALDER\u00d3N (En Proceso)<\/li>\r\n<\/ul>\r\n<\/li>\r\n<\/ul>\r\n<ul>\r\n \t<li style=\"list-style-type: none\">\r\n<ul>\r\n \t<li><i>\u201cAutoeficacia, Estilo de Vida Saludable y Calidad de Vida en el Adulto Mayor.\u201d<\/i> -BEATRIZ GUADALUPE ZEPEDA G\u00d3MEZ (En Proceso)<\/li>\r\n<\/ul>\r\n<\/li>\r\n<\/ul>\r\n<ul>\r\n \t<li style=\"list-style-type: none\">\r\n<ul>\r\n \t<li><i>\u201cEstudio de las trayectorias acad\u00e9micas de investigadoras en el SNI en Sinaloa: Factores que facilitan y\/o dificultan el desarrollo profesional\u201d<\/i> -CELENE ESMERALDA RIVAS ZAVALA (En Proceso)<\/li>\r\n<\/ul>\r\n<\/li>\r\n<\/ul>\r\n<ul>\r\n \t<li style=\"list-style-type: none\">\r\n<ul>\r\n \t<li><i>\u201cExploraci\u00f3n de las condiciones singulares de Inclusi\u00f3n social en familias que enfrentan situaci\u00f3n de Desplazamiento Forzado Interno en Culiac\u00e1n.\u201d<\/i> -CARLOS ENRIQUE MIRANDA APODACA (En Proceso)<\/li>\r\n<\/ul>\r\n<\/li>\r\n<\/ul>\r\n<ul>\r\n \t<li style=\"list-style-type: none\">\r\n<ul>\r\n \t<li><i>\u201cExperiencias de familias con adolescentes agresores y v\u00edctimas de acoso escolar de escuelas secundarias de Culiac\u00e1n, Sinaloa.\u201d<\/i> -JESSE ALAIN REYES MENDOZA (En Proceso)<\/li>\r\n<\/ul>\r\n<\/li>\r\n<\/ul>\r\n<ul>\r\n \t<li style=\"list-style-type: none\">\r\n<ul>\r\n \t<li><i>\u201cLa Resistencia Pasiva de Familias con Hijos Internos en Centros para Drogodependientes. Culiac\u00e1n Sinaloa.\u201d<\/i> -MARIELA MORALES GARCIA (En Proceso)<\/li>\r\n<\/ul>\r\n<\/li>\r\n<\/ul>\r\n<ul>\r\n \t<li style=\"list-style-type: none\">\r\n<ul>\r\n \t<li><i>\u201cRepresentaci\u00f3n Social del consumo de marihuana en j\u00f3venes de Secundaria: la familia como factor de riesgo\u201d<\/i> -RAFAEL VALENZUELA L\u00d3PEZ (En Proceso)<\/li>\r\n<\/ul>\r\n<\/li>\r\n<\/ul>\r\n<\/div>\r\n<div style=\"float: left;width: 59%\">\r\n\r\n<img loading=\"lazy\" decoding=\"async\" class=\"alignnone \" src=\"https:\/\/fts.uas.edu.mx\/wp-content\/uploads\/2020\/07\/Listado-Rep-Maestria-2009-2011.jpg\" width=\"544\" height=\"516\" \/>\r\n\r\n<img loading=\"lazy\" decoding=\"async\" class=\"alignnone size-large\" src=\"https:\/\/fts.uas.edu.mx\/wp-content\/uploads\/2020\/07\/Listado-Rep-Maestria-2013-2015.jpg\" width=\"836\" height=\"1118\" \/>\r\n\r\n<img loading=\"lazy\" decoding=\"async\" class=\"alignnone size-large\" src=\"https:\/\/fts.uas.edu.mx\/wp-content\/uploads\/2020\/07\/Listado-Rep-Maestria-2017-2019.jpg\" width=\"830\" height=\"1098\" \/>\r\n\r\n<img loading=\"lazy\" decoding=\"async\" class=\"alignnone size-large\" src=\"https:\/\/fts.uas.edu.mx\/wp-content\/uploads\/2020\/07\/Listado-Rep-Maestria-2019-2021.jpg\" width=\"796\" height=\"996\" \/>\r\n\r\n<\/div>\r\n<\/div>\t\t\t\t\t\t <\/div>\r\n\t\t\t\t\t\t\t\t\t\t\t\t <div role=\"tabpanel\" class=\"tab-pane \" id=\"tabs_desc_1042_15\">\r\n\t\t\t\t\t\t\t\t<ul>\r\n \t<li><a href=\"https:\/\/fts.uas.edu.mx\/wp-content\/uploads\/2023\/06\/REGLAMENTO-POSGRADO-uas-2022.pdf\" target=\"\u201dblank\u201d rel=\">Reglamento Institucional de Posgrado<\/a><\/li>\r\n \t<li><a href=\"https:\/\/fts.uas.edu.mx\/wp-content\/uploads\/2022\/03\/REGLAMENTO-POSGRADO-TS-2021.pdf\" target=\"blank\">Reglamento de Posgrado de la Facultad de Trabajo Social<\/a><\/li>\r\n \t<li><a href=\"https:\/\/fts.uas.edu.mx\/wp-content\/uploads\/2020\/07\/Lineamientos-Antiplagio_TS.pdf\" target=\"blank\">Lineamientos Antiplagio de la Facultad de Trabajo Social<\/a><\/li>\r\n<\/ul>\t\t\t\t\t\t <\/div>\r\n\t\t\t\t\t\t\t\t\t\t\t\t <div role=\"tabpanel\" class=\"tab-pane \" id=\"tabs_desc_1042_16\">\r\n\t\t\t\t\t\t\t\t<div style=\"float: left;width: 49%\">\r\n\r\n<hr \/>\r\n\r\n\u00a0\r\n<p style=\"text-align: center\"><strong>MAESTRIA EN TRABAJO SOCIAL<\/strong><\/p>\r\n<p align=\"justify\"><strong>Direccion:<\/strong> Av. Los Sauces, Los Fresnos S\/N, 80019 Culiac\u00e1n Rosales, Sinaloa, M\u00e9xico<\/p>\r\n<p align=\"justify\"><strong>Telefono:<\/strong> 667-7-13-19-86<\/p>\r\n<p align=\"justify\"><strong>Correo:<\/strong> posgradotsmaestria@gmail.com<\/p>\r\n\r\n<\/div>\r\n<div style=\"float: left;width: 2%\"><\/div>\r\n<div style=\"float: right;width: 49%\"><a href=\"https:\/\/fts.uas.edu.mx\/wp-content\/uploads\/2019\/03\/DSCN0290-1.jpg\"><img loading=\"lazy\" decoding=\"async\" class=\"aligncenter size-large wp-image-1210\" src=\"https:\/\/fts.uas.edu.mx\/wp-content\/uploads\/2019\/03\/DSCN0290-1-1024x768.jpg\" alt=\"\" width=\"512\" height=\"384\" srcset=\"https:\/\/fts.uas.edu.mx\/wp-content\/uploads\/2019\/03\/DSCN0290-1-1024x768.jpg 1024w, https:\/\/fts.uas.edu.mx\/wp-content\/uploads\/2019\/03\/DSCN0290-1-300x225.jpg 300w, https:\/\/fts.uas.edu.mx\/wp-content\/uploads\/2019\/03\/DSCN0290-1-768x576.jpg 768w, https:\/\/fts.uas.edu.mx\/wp-content\/uploads\/2019\/03\/DSCN0290-1-1440x1080.jpg 1440w\" sizes=\"(max-width: 512px) 100vw, 512px\" \/>\r\n<\/a><\/div>\r\n<div style=\"width: 100%\">\r\n\r\n<hr \/>\r\n\r\n<\/div>\t\t\t\t\t\t <\/div>\r\n\t\t\t\t\t\t\t\r\n\t\t\t\t\t <\/div>\r\n\t\t\t\t\t \r\n\t\t\t\t <\/div>\r\n <script>\r\n\t\tjQuery(function () {\r\n\t\t\tjQuery('#myTab_1042 a:first').tab('show')\r\n\t\t});\r\n\t\t\r\n\t\t\t\tjQuery(function(){\r\n\t\t\tvar b=\"fadeIn\";\r\n\t\t\tvar c;\r\n\t\t\tvar a;\r\n\t\t\td(jQuery(\"#myTab_1042 a\"),jQuery(\"#tab-content_1042\"));function d(e,f,g){\r\n\t\t\t\te.click(function(i){\r\n\t\t\t\t\ti.preventDefault();\r\n\t\t\t\t\tjQuery(this).tab(\"show\");\r\n\t\t\t\t\tvar h=jQuery(this).data(\"easein\");\r\n\t\t\t\t\tif(c){c.removeClass(a);}\r\n\t\t\t\t\tif(h){f.find(\"div.active\").addClass(\"animated \"+h);a=h;}\r\n\t\t\t\t\telse{if(g){f.find(\"div.active\").addClass(\"animated \"+g);a=g;}else{f.find(\"div.active\").addClass(\"animated \"+b);a=b;}}c=f.find(\"div.active\");\r\n\t\t\t\t});\r\n\t\t\t}\r\n\t\t});\r\n\t\t\r\n\r\n\t\tfunction do_resize(){\r\n\r\n\t\t\tvar width=jQuery( '.tab-content .tab-pane iframe' ).width();\r\n\t\t\tvar height=jQuery( '.tab-content .tab-pane iframe' ).height();\r\n\r\n\t\t\tvar toggleSize = true;\r\n\t\t\tjQuery('iframe').animate({\r\n\t\t\t    width: toggleSize ? width : 640,\r\n\t\t\t    height: toggleSize ? height : 360\r\n\t\t\t  }, 250);\r\n\r\n\t\t\t  toggleSize = !toggleSize;\r\n\t\t}\r\n\r\n\r\n\t<\/script>\r\n\t\t\t\t\r\n\t\t\t<\/div>\n\t\t\t\t\t\t<\/div>\n\t\t\t\t<\/div>\n\t\t\t\t\t<\/div>\n\t\t<\/div>\n\t\t\t\t\t<\/div>\n\t\t<\/section>\n\t\t\t\t<\/div>\n\t\t","protected":false},"excerpt":{"rendered":"","protected":false},"author":4,"featured_media":0,"parent":0,"menu_order":0,"comment_status":"closed","ping_status":"closed","template":"","meta":{"_vp_format_video_url":"","_vp_image_focal_point":[],"footnotes":""},"class_list":["post-729","page","type-page","status-publish","hentry"],"_links":{"self":[{"href":"https:\/\/fts.uas.edu.mx\/index.php?rest_route=\/wp\/v2\/pages\/729","targetHints":{"allow":["GET"]}}],"collection":[{"href":"https:\/\/fts.uas.edu.mx\/index.php?rest_route=\/wp\/v2\/pages"}],"about":[{"href":"https:\/\/fts.uas.edu.mx\/index.php?rest_route=\/wp\/v2\/types\/page"}],"author":[{"embeddable":true,"href":"https:\/\/fts.uas.edu.mx\/index.php?rest_route=\/wp\/v2\/users\/4"}],"replies":[{"embeddable":true,"href":"https:\/\/fts.uas.edu.mx\/index.php?rest_route=%2Fwp%2Fv2%2Fcomments&post=729"}],"version-history":[{"count":78,"href":"https:\/\/fts.uas.edu.mx\/index.php?rest_route=\/wp\/v2\/pages\/729\/revisions"}],"predecessor-version":[{"id":2489,"href":"https:\/\/fts.uas.edu.mx\/index.php?rest_route=\/wp\/v2\/pages\/729\/revisions\/2489"}],"wp:attachment":[{"href":"https:\/\/fts.uas.edu.mx\/index.php?rest_route=%2Fwp%2Fv2%2Fmedia&parent=729"}],"curies":[{"name":"wp","href":"https:\/\/api.w.org\/{rel}","templated":true}]}}